{"id":5545,"date":"2020-05-04T23:24:17","date_gmt":"2020-05-04T23:24:17","guid":{"rendered":"http:\/\/ege.uprrp.edu\/?page_id=5545"},"modified":"2026-04-27T15:54:16","modified_gmt":"2026-04-27T15:54:16","slug":"defensas-2do-semestre-2019-20","status":"publish","type":"page","link":"https:\/\/ege.uprrp.edu\/?page_id=5545","title":{"rendered":"Defensas a\u00f1o acad\u00e9mico 2025-2026"},"content":{"rendered":"<h3 style=\"text-align: center;\"><span style=\"color: #ff0000;\"><strong>Invitaci\u00f3n al p\u00fablico en general de defensas de propuestas y trabajos finales de tesis, proyectos y disertaciones de la Facultad de Educaci\u00f3n UPRRP<\/strong><\/span><\/h3>\n<p><span style=\"color: #ff0000;\"><strong>MAYO 2026<\/strong><\/span><\/p>\n<p style=\"text-align: center;\"><strong><span style=\"color: #008000;\">Defensa de disertaci\u00f3n<\/span><\/strong><\/p>\n<div align=\"center\" data-ogsc=\"rgb(0, 0, 0)\">\n<p>Francia Cabrera Pi\u00f1a<\/p>\n<p>\u00c1rea de Curr\u00edculo y Ense\u00f1anza &#8211; Tecnolog\u00eda del Aprendizaje<\/p>\n<p>Entorno virtual de aprendizaje diferenciado para estudiantes con doble excepcionalidad (2E) en Puerto Rico: Un estudio mixto<\/p>\n<p class=\"x_ydp2af13059yiv5629115408MsoNormal\" align=\"center\">Dra. Claudia X. Alvarez<\/p>\n<p class=\"x_ydp2af13059yiv5629115408MsoNormal\" align=\"center\">Fecha: 12 de mayo de 2026 a las 12:00 pm<\/p>\n<p><a href=\"https:\/\/teams.microsoft.com\/dl\/launcher\/launcher.html?url=%2F_%23%2Fmeet%2F280636815544534%3Fp%3DAdoYvhcbCCBgJFRAm2%26anon%3Dtrue&amp;type=meet&amp;deeplinkId=a8096648-a517-411a-8673-15eaaad0af25&amp;directDl=true&amp;msLaunch=true&amp;enableMobilePage=true&amp;suppressPrompt=true\">Microsoft Teams<\/a><\/p>\n<\/div>\n<div align=\"center\" data-ogsc=\"rgb(0, 0, 0)\">Meeting ID: 280 836 815 544 534<\/div>\n<div align=\"center\" data-ogsc=\"rgb(0, 0, 0)\">Passcode: 3Mm2MK3y<\/div>\n<p style=\"text-align: center;\">_____________________________________________________<\/p>\n<p style=\"text-align: center;\"><strong><span style=\"color: #008000;\">Defensa de disertaci\u00f3n<\/span><\/strong><\/p>\n<div align=\"center\" data-ogsc=\"rgb(0, 0, 0)\">\n<p>Karilyn Ramos Delgado<\/p>\n<p>\u00c1rea de Curr\u00edculo y Ense\u00f1anza &#8211; TESL<\/p>\n<p>The role of the room for eighth grade special education students diagnosed with a specific learning disability: Implications for english in Puerto Rico<\/p>\n<p class=\"x_ydp2af13059yiv5629115408MsoNormal\" align=\"center\">Dr. Kevin Carroll<\/p>\n<p class=\"x_ydp2af13059yiv5629115408MsoNormal\" align=\"center\">Fecha: 5 de mayo de 2026 a las 11:00 am<\/p>\n<p align=\"center\">Sala 570, Fac. de Educaci\u00f3n<\/p>\n<p><a href=\"https:\/\/us02web.zoom.us\/j\/83200087893?pwd=9g1WfJs7a8YekmbP2VKRpavqHQjP4c.1#success\">Join Zoom Meeting<\/a><\/p>\n<p>Meeting ID: 832 0008 7893<\/p>\n<p>Passcode: 990320<\/p>\n<\/div>\n<p style=\"text-align: center;\">_____________________________________________________<\/p>\n<p style=\"text-align: center;\"><strong><span style=\"color: #008000;\">Defensa de disertaci\u00f3n<\/span><\/strong><\/p>\n<div align=\"center\" data-ogsc=\"rgb(0, 0, 0)\">\n<p>H\u00e9ctor L. Cruz Rivera<\/p>\n<p>\u00c1rea de Orientaci\u00f3n y Consejer\u00eda<\/p>\n<p>La espiritualidad y el bienestar (wellness) en estudiantes universitarios LGBTQI+: Vivencias y perspectivas de los actores<\/p>\n<p class=\"x_ydp2af13059yiv5629115408MsoNormal\" align=\"center\">Dr. Reinaldo Berr\u00edos Rivera<\/p>\n<p class=\"x_ydp2af13059yiv5629115408MsoNormal\" align=\"center\">Fecha: 5 de mayo de 2026 a las 3:00 pm<\/p>\n<p>Sala 314, Fac. de Educaci\u00f3n<\/p>\n<\/div>\n<p style=\"text-align: center;\">_____________________________________________________<\/p>\n<p style=\"text-align: center;\"><strong><span style=\"color: #008000;\">Defensa de disertaci\u00f3n<\/span><\/strong><\/p>\n<div align=\"center\" data-ogsc=\"rgb(0, 0, 0)\">\n<p>Michael O. Pag\u00e1n Casta\u00f1er<\/p>\n<p>\u00c1rea de Liderazgo en Organizaciones Educativas<\/p>\n<p>An\u00e1lisis del discurso de lo moral de los secretarios de educaci\u00f3n de Puerto Rico ante el consumo de im\u00e1genes sexualizadas y sus representaciones en la m\u00fasica urbana en contextos educativos<\/p>\n<p class=\"x_ydp2af13059yiv5629115408MsoNormal\" align=\"center\">Dra. Mar\u00eda de los \u00c1ngeles Ortiz<\/p>\n<p class=\"x_ydp2af13059yiv5629115408MsoNormal\" align=\"center\">Fecha: 5 de mayo de 2026 a las 2:00 pm<\/p>\n<p>Sala 570, Fac. de Educaci\u00f3n<\/p>\n<\/div>\n<p style=\"text-align: center;\">_____________________________________________________<\/p>\n<p style=\"text-align: center;\"><strong><span style=\"color: #0000ff;\">Presentaci\u00f3n de propuesta de disertaci\u00f3n<\/span><\/strong><\/p>\n<div align=\"center\" data-ogsc=\"rgb(0, 0, 0)\">\n<p>F\u00e9lix O. Navas Raleigh<\/p>\n<p>\u00c1rea de Curr\u00edculo y Ense\u00f1anza Subespecialidad en Tecnolog\u00eda del Aprendizaje<\/p>\n<p>Estado de la Realidad Virtual Inmersiva en la educaci\u00f3n universitaria<\/p>\n<p class=\"x_ydp2af13059yiv5629115408MsoNormal\" align=\"center\">Dra. Carmen Pacheco Sep\u00falveda<\/p>\n<p class=\"x_ydp2af13059yiv5629115408MsoNormal\" align=\"center\">Fecha: 5 de mayo de 2026 a las 10:00am<\/p>\n<p><a href=\"https:\/\/teams.microsoft.com\/dl\/launcher\/launcher.html?url=%2F_%23%2Fmeet%2F287356513192419%3Fp%3DQ1KAk2sCCp0gG2ssrV%26anon%3Dtrue&amp;type=meet&amp;deeplinkId=a5865a79-45ac-485f-b3bc-35490e64a3ff&amp;directDl=true&amp;msLaunch=true&amp;enableMobilePage=true&amp;suppressPrompt=true\">Microsoft Teams<\/a><\/p>\n<p>Meeting ID: 287 356 513 192 419<\/p>\n<p>Passcode: x7uG9Jq3<\/p>\n<\/div>\n<p style=\"text-align: center;\">_____________________________________________________<\/p>\n<p style=\"text-align: center;\"><strong><span style=\"color: #008000;\">Defensa de disertaci\u00f3n<\/span><\/strong><\/p>\n<div align=\"center\" data-ogsc=\"rgb(0, 0, 0)\">\n<p>Minelson Medina R\u00edos<\/p>\n<p>\u00c1rea de Curr\u00edculo y Ense\u00f1anza &#8211; Tecnolog\u00eda del Aprendizaje<\/p>\n<p>Una educaci\u00f3n a distancia de calidad en la Universidad de Puerto Rico Recinto de R\u00edo Piedras<\/p>\n<p class=\"x_ydp2af13059yiv5629115408MsoNormal\" align=\"center\">Dra. Mar\u00eda Medina D\u00edaz<\/p>\n<p class=\"x_ydp2af13059yiv5629115408MsoNormal\" align=\"center\">Fecha: 1 de mayo de 2026 a las 2:00 pm<\/p>\n<p>Sala 368, Fac. de Educaci\u00f3n<\/p>\n<p><a href=\"https:\/\/teams.microsoft.com\/dl\/launcher\/launcher.html?url=%2F_%23%2Fmeet%2F227496578114075%3Fp%3DfW7ZY7CeUgFeUnk7tm%26anon%3Dtrue&amp;type=meet&amp;deeplinkId=ca76c1b4-602d-44aa-953b-dd3546df737f&amp;directDl=true&amp;msLaunch=true&amp;enableMobilePage=true&amp;suppressPrompt=true\">Microsoft Teams<\/a><\/p>\n<\/div>\n<p style=\"text-align: center;\">_____________________________________________________<\/p>\n<p style=\"text-align: center;\"><strong><span style=\"color: #008000;\">Defensa de disertaci\u00f3n<\/span><\/strong><\/p>\n<div align=\"center\" data-ogsc=\"rgb(0, 0, 0)\">\n<p>Mary Blanco V\u00e1zquez<\/p>\n<p>\u00c1rea de Curr\u00edculo y Ense\u00f1anza &#8211; TESL<\/p>\n<p>Puerto Rican experiences regarding learning english as second language in Puerto Rico: A phenomenological study<\/p>\n<p class=\"x_ydp2af13059yiv5629115408MsoNormal\" align=\"center\">Dr. Kevin Carroll<\/p>\n<p class=\"x_ydp2af13059yiv5629115408MsoNormal\" align=\"center\">Fecha: 1 de mayo de 2026 a las 11:00 am<\/p>\n<p><a href=\"https:\/\/us02web.zoom.us\/j\/84265965449?pwd=8bVzbTvcSSxThRLR7dqhEV7ehftXbz.1#success\">Join Zoom Meeting<\/a><\/p>\n<p>Meeting ID: 842 6596 5449<\/p>\n<p>Passcode: 750260<\/p>\n<\/div>\n<p style=\"text-align: center;\">_____________________________________________________<\/p>\n<p><span style=\"color: #ff0000;\"><strong>ABRIL 2026<\/strong><\/span><\/p>\n<p style=\"text-align: center;\"><strong><span style=\"color: #0000ff;\">Presentaci\u00f3n de propuesta de disertaci\u00f3n<\/span><\/strong><\/p>\n<div align=\"center\" data-ogsc=\"rgb(0, 0, 0)\">\n<p>Fabian Cordero Coreano<\/p>\n<p>\u00c1rea de Liderazgo en Organizaciones Educativas<\/p>\n<p>El liderazgo compasivo para la comprensi\u00f3n, atenci\u00f3n y acompa\u00f1amiento de la diveridad funcional en la educaci\u00f3n superior<\/p>\n<p class=\"x_ydp2af13059yiv5629115408MsoNormal\" align=\"center\">Dr. David V\u00e1zquez<\/p>\n<p class=\"x_ydp2af13059yiv5629115408MsoNormal\" align=\"center\">Fecha: 30 de abril de 2026 a las 2:00pm<\/p>\n<p><a href=\"https:\/\/us02web.zoom.us\/j\/88481522943?pwd=fPJLmTShHLaUb6akzMGOFNhZl8oGEc.1\">Join Zoom Meeting<\/a><\/p>\n<p>Meeting ID: 884 8152 2943<\/p>\n<p>Passcode: 079720<\/p>\n<\/div>\n<p style=\"text-align: center;\">_____________________________________________________<\/p>\n<p style=\"text-align: center;\"><strong><span style=\"color: #008000;\">Defensa de disertaci\u00f3n<\/span><\/strong><\/p>\n<div align=\"center\" data-ogsc=\"rgb(0, 0, 0)\">\n<p>Nicolle Rodr\u00edguez Mercado<\/p>\n<p>\u00c1rea de Curr\u00edculo y Ense\u00f1anza &#8211; TDEC<\/p>\n<p>Desarrollo de un curso acerca de la etapa de edad avanzada combinando la salud f\u00edsica y mental en terapia ocupacional<\/p>\n<p class=\"x_ydp2af13059yiv5629115408MsoNormal\" align=\"center\">Dr. V\u00edctor E. Bonilla Rodr\u00edguez<\/p>\n<p class=\"x_ydp2af13059yiv5629115408MsoNormal\" align=\"center\">Fecha: 28 de abril de 2026 a las 1:00 pm<\/p>\n<p><a href=\"https:\/\/teams.microsoft.com\/dl\/launcher\/launcher.html?url=%2F_%23%2Fl%2Fmeetup-join%2F19%3Ameeting_ZmRkZTc2OTctYzVhNC00MDJjLWFlM2MtZDM2Y2U3NjViMWNk%40thread.v2%2F0%3Fcontext%3D%257b%2522Tid%2522%253a%25220dfa5dc0-036f-4615-99e4-94af822f2b84%2522%252c%2522Oid%2522%253a%25225a580d58-330c-4e03-9195-53e615df1e6e%2522%257d%26anon%3Dtrue&amp;type=meetup-join&amp;deeplinkId=d46ec447-2517-473b-a099-491cb5fd94f8&amp;directDl=true&amp;msLaunch=true&amp;enableMobilePage=true&amp;suppressPrompt=true\">Microsoft Teams<\/a><\/p>\n<\/div>\n<p style=\"text-align: center;\">_____________________________________________________<\/p>\n<p style=\"text-align: center;\"><strong><span style=\"color: #0000ff;\">Presentaci\u00f3n de propuesta de disertaci\u00f3n<\/span><\/strong><\/p>\n<div align=\"center\" data-ogsc=\"rgb(0, 0, 0)\">\n<p>Merari Maldonado Rivera<\/p>\n<p>\u00c1rea de Liderazgo en Organizaciones Educativas<\/p>\n<p>Liderazgo espiritual en la docencia universitaria: Un an\u00e1lisis documental<\/p>\n<p class=\"x_ydp2af13059yiv5629115408MsoNormal\" align=\"center\">Dra. Alicia Monta\u00f1ez Garc\u00eda<\/p>\n<p class=\"x_ydp2af13059yiv5629115408MsoNormal\" align=\"center\">Fecha: 27 de abril de 2026 a las 1:00pm<\/p>\n<p><a href=\"https:\/\/teams.microsoft.com\/dl\/launcher\/launcher.html?url=%2F_%23%2Fmeet%2F23674975050519%3Fp%3DEp2OYMUXO4fODhlqKh%26anon%3Dtrue&amp;type=meet&amp;deeplinkId=b00deaaf-1a7a-4d0b-94ae-9174fc563360&amp;directDl=true&amp;msLaunch=true&amp;enableMobilePage=true&amp;suppressPrompt=true\">Microsoft Teams<\/a><\/p>\n<p>Meeting ID: 236 749 750 505 19<\/p>\n<p>Passcode: n9db22HW<\/p>\n<\/div>\n<p style=\"text-align: center;\">_____________________________________________________<\/p>\n<p style=\"text-align: center;\"><strong><span style=\"color: #008000;\">Defensa de disertaci\u00f3n<\/span><\/strong><\/p>\n<div align=\"center\" data-ogsc=\"rgb(0, 0, 0)\">\n<p>Ariana T. Gonz\u00e1lez<\/p>\n<p>\u00c1rea de Curr\u00edculo y Ense\u00f1anza en Ingl\u00e9s<\/p>\n<p>The impact of generative AI on curriculum and assessment in ESL writing course<\/p>\n<p class=\"x_ydp2af13059yiv5629115408MsoNormal\" align=\"center\">Dr. Kevin Carroll<\/p>\n<p class=\"x_ydp2af13059yiv5629115408MsoNormal\" align=\"center\">Fecha: 10 de abril de 2026 a las 8:30 am<\/p>\n<p><a href=\"https:\/\/us02web.zoom.us\/j\/84933800066?pwd=vGbgvsPUI8G41MO2PyT3fD5vyBrC0O.1#success\">Join Zoom Meeting<\/a><\/p>\n<p>Meeting ID: 849 3380 0066<\/p>\n<p>Passcode: 641881<\/p>\n<\/div>\n<p style=\"text-align: center;\">_____________________________________________________<\/p>\n<p style=\"text-align: center;\"><strong><span style=\"color: #0000ff;\">Presentaci\u00f3n de propuesta de disertaci\u00f3n<\/span><\/strong><\/p>\n<div align=\"center\" data-ogsc=\"rgb(0, 0, 0)\">\n<p>Nora Boschetti Mart\u00ednez<\/p>\n<p>\u00c1rea de Curr\u00edculo y Ense\u00f1anza-TDEC<\/p>\n<p>Experiencias formativas, empodaramiento juvenil y desarrollo pleno: Un estudio fenomenol\u00f3gico con adultos j\u00f3venes participantes del Boys &amp; Girls Club de Puerto Rico desde una perspectiva curricular<\/p>\n<p class=\"x_ydp2af13059yiv5629115408MsoNormal\" align=\"center\">Dra. Gladys Capella Noya<\/p>\n<p class=\"x_ydp2af13059yiv5629115408MsoNormal\" align=\"center\">Fecha: 6 de abril de 2026 a las 4:00pm<\/p>\n<p>Sala 570, Fac. de Educaci\u00f3n<\/p>\n<\/div>\n<p style=\"text-align: center;\">_____________________________________________________<\/p>\n<p><span style=\"color: #ff0000;\"><strong>MARZO 2026<\/strong><\/span><\/p>\n<p style=\"text-align: center;\"><strong><span style=\"color: #0000ff;\">Presentaci\u00f3n de propuesta de tesis<\/span><\/strong><\/p>\n<div align=\"center\" data-ogsc=\"rgb(0, 0, 0)\">\n<p>Dahil M. Candelario Centeno<\/p>\n<p>\u00c1rea de Investigaci\u00f3n y Evaluaci\u00f3n Educativa<\/p>\n<p>Relaci\u00f3n entre los estilos de aprendizaje y la actitud hacia la educaci\u00f3n en l\u00ednea de estudiantes de posgrado<\/p>\n<p class=\"x_ydp2af13059yiv5629115408MsoNormal\" align=\"center\">Dr. V\u00edctor E. Bonilla Rodr\u00edguez<\/p>\n<p class=\"x_ydp2af13059yiv5629115408MsoNormal\" align=\"center\">Fecha: 30 de marzo de 2026 a las 4:30pm<\/p>\n<p><a href=\"https:\/\/teams.microsoft.com\/dl\/launcher\/launcher.html?url=%2F_%23%2Fl%2Fmeetup-join%2F19%3Ameeting_M2QzOWExMWUtYTI1Yi00ZGZlLWJkODQtN2ZmZTg3Y2JlYjg3%40thread.v2%2F0%3Fcontext%3D%257b%2522Tid%2522%253a%25220dfa5dc0-036f-4615-99e4-94af822f2b84%2522%252c%2522Oid%2522%253a%25225a580d58-330c-4e03-9195-53e615df1e6e%2522%257d%26anon%3Dtrue&amp;type=meetup-join&amp;deeplinkId=c5beee05-585c-414b-8c2b-348fa4b51d55&amp;directDl=true&amp;msLaunch=true&amp;enableMobilePage=true&amp;suppressPrompt=true\">Microsoft TEAMS<\/a><\/p>\n<\/div>\n<p style=\"text-align: center;\">_____________________________________________________<\/p>\n<p style=\"text-align: center;\"><strong><span style=\"color: #0000ff;\">Presentaci\u00f3n de propuesta de disertaci\u00f3n<\/span><\/strong><\/p>\n<div align=\"center\" data-ogsc=\"rgb(0, 0, 0)\">\n<p>Jos\u00e9 J. Ortiz<\/p>\n<p>\u00c1rea de Curr\u00edculo y Ense\u00f1anza<\/p>\n<p>Hacia una filosof\u00eda de la tecnolog\u00eda del aprendizaje: Exploraci\u00f3n, an\u00e1lisis y conclusiones<\/p>\n<p class=\"x_ydp2af13059yiv5629115408MsoNormal\" align=\"center\">Dr. Eduardo Suarez Silverio<\/p>\n<p class=\"x_ydp2af13059yiv5629115408MsoNormal\" align=\"center\">Fecha: 30 de marzo de 2026 a las 11:00am<\/p>\n<p>Modalidad Virtual<\/p>\n<\/div>\n<p style=\"text-align: center;\">_____________________________________________________<\/p>\n<p style=\"text-align: center;\"><strong><span style=\"color: #008000;\">Defensa de tesis<\/span><\/strong><\/p>\n<div align=\"center\" data-ogsc=\"rgb(0, 0, 0)\">\n<p>Cherly M. Robles Garc\u00eda<\/p>\n<p>\u00c1rea de Investigaci\u00f3n y Evaluaci\u00f3n Educativa<\/p>\n<p><span data-olk-copy-source=\"MessageBody\">\u00a1Y fue la luz!: El drama creativo como estrategia de ense\u00f1anza en el curso de dise\u00f1o de iluminaci\u00f3n teatral del departamento de drama de la Universidad de Puerto Rico<\/span><\/p>\n<p class=\"x_ydp2af13059yiv5629115408MsoNormal\" align=\"center\">Dr. V\u00edctor E. Bonilla Rodr\u00edguez<\/p>\n<p class=\"x_ydp2af13059yiv5629115408MsoNormal\" align=\"center\">Fecha: 3 de marzo de 2026 a las 3:30 pm<\/p>\n<p>Sala 570, Fac. de Educaci\u00f3n<\/p>\n<\/div>\n<p style=\"text-align: center;\">_____________________________________________________<\/p>\n<p><span style=\"color: #ff0000;\"><strong>ENERO 2026<\/strong><\/span><\/p>\n<p style=\"text-align: center;\"><strong><span style=\"color: #008000;\">Defensa de disertaci\u00f3n<\/span><\/strong><\/p>\n<div align=\"center\" data-ogsc=\"rgb(0, 0, 0)\">\n<p>Rebecca Rodr\u00edguez Rivera<\/p>\n<p>\u00c1rea de Liderazgo en Organizaciones Educativas<\/p>\n<p>La universidad en tiempos de precariedad: La voz del estudiante y la responsabilidad de liderazgo<\/p>\n<p class=\"x_ydp2af13059yiv5629115408MsoNormal\" align=\"center\">Dra. Mar\u00eda de los \u00c1ngeles Ortiz<\/p>\n<p class=\"x_ydp2af13059yiv5629115408MsoNormal\" align=\"center\">Fecha: 29 de enero de 2026 a las 2:00 pm<\/p>\n<p><a href=\"https:\/\/us02web.zoom.us\/j\/86824248945?pwd=eaqhzwlbLmWKPovPaaMlRwcU8n89OT.1#success\">Join Zoom Meeting<\/a><\/p>\n<\/div>\n<p style=\"text-align: center;\">_____________________________________________________<\/p>\n<p><span style=\"color: #ff0000;\"><strong>DICIEMBRE 2025<\/strong><\/span><\/p>\n<p style=\"text-align: center;\"><strong><span style=\"color: #0000ff;\">Presentaci\u00f3n de propuesta de disertaci\u00f3n<\/span><\/strong><\/p>\n<div align=\"center\" data-ogsc=\"rgb(0, 0, 0)\">\n<p>Luz Miranda Vazquez<\/p>\n<p>\u00c1rea de Curr\u00edculo y Ense\u00f1anza<\/p>\n<p>Experiencias de personas profesionales en Trabajo Social en la gesti\u00f3n curricular de las escuelas p\u00fablicas en Puerto Rico<\/p>\n<p class=\"x_ydp2af13059yiv5629115408MsoNormal\" align=\"center\">Dr. Joseph Carroll Miranda<\/p>\n<p class=\"x_ydp2af13059yiv5629115408MsoNormal\" align=\"center\">Fecha: 16 de diciembre de 2025 a las 4:00pm<\/p>\n<p>Sala 570, Fac. de Educaci\u00f3n<\/p>\n<\/div>\n<p style=\"text-align: center;\">_____________________________________________________<\/p>\n<p style=\"text-align: center;\"><strong><span style=\"color: #0000ff;\">Presentaci\u00f3n de propuesta de disertaci\u00f3n<\/span><\/strong><\/p>\n<div align=\"center\" data-ogsc=\"rgb(0, 0, 0)\">\n<p>Miguel A. L\u00f3pez Garc\u00eda<\/p>\n<p>\u00c1rea de Curr\u00edculo y Ense\u00f1anza<\/p>\n<p>La autorregulaci\u00f3n como ente motivador en la ense\u00f1anza de las matem\u00e1ticas<\/p>\n<p class=\"x_ydp2af13059yiv5629115408MsoNormal\" align=\"center\">Dr. V\u00edctor E. Bonilla Rodr\u00edguez<\/p>\n<p class=\"x_ydp2af13059yiv5629115408MsoNormal\" align=\"center\">Fecha: 11 de diciembre de 2025 a las 5:00pm<\/p>\n<p><a href=\"https:\/\/teams.microsoft.com\/l\/meetup-join\/19%3ameeting_NWIyNTY4ODMtODliYi00YTNlLTk5NmYtOTExMTZiNjA4NjY0%40thread.v2\/0?context=%7b%22Tid%22%3a%220dfa5dc0-036f-4615-99e4-94af822f2b84%22%2c%22Oid%22%3a%225a580d58-330c-4e03-9195-53e615df1e6e%22%7d\">Microsoft TEAMS<\/a><\/p>\n<\/div>\n<p style=\"text-align: center;\">_____________________________________________________<\/p>\n<p style=\"text-align: center;\"><strong><span style=\"color: #0000ff;\">Presentaci\u00f3n de propuesta de disertaci\u00f3n<\/span><\/strong><\/p>\n<div align=\"center\" data-ogsc=\"rgb(0, 0, 0)\">\n<p>Javier Escudero Figueroa<\/p>\n<p>\u00c1rea de Curr\u00edculo y Ense\u00f1anza<\/p>\n<p>An\u00e1lisis de las creencias matem\u00e1ticas de los estudiantes de nivel universitario<\/p>\n<p class=\"x_ydp2af13059yiv5629115408MsoNormal\" align=\"center\">Dr. Joseph Carroll Miranda<\/p>\n<p class=\"x_ydp2af13059yiv5629115408MsoNormal\" align=\"center\">Fecha: 11 de diciembre de 2025 a las 4:00pm<\/p>\n<p><a href=\"https:\/\/nam02.safelinks.protection.outlook.com\/?url=https%3A%2F%2Fus02web.zoom.us%2Fj%2F82151618917%3Fpwd%3DU3JScIwFLHBlS5kkaiMlItCvlCqEia.1&amp;data=05%7C02%7Cjuan.guzman16%40upr.edu%7C81a94bbfa85343ee649508de30de6547%7C0dfa5dc0036f461599e494af822f2b84%7C0%7C0%7C639001928887490479%7CUnknown%7CTWFpbGZsb3d8eyJFbXB0eU1hcGkiOnRydWUsIlYiOiIwLjAuMDAwMCIsIlAiOiJXaW4zMiIsIkFOIjoiTWFpbCIsIldUIjoyfQ%3D%3D%7C0%7C%7C%7C&amp;sdata=gBckXnlvDrpqYflte%2FVxZYagF0bEzP1rgcZpL2HuauY%3D&amp;reserved=0\">Join Zoom Meeting<\/a><\/p>\n<p>Meeting ID: 821 5161 8917<\/p>\n<p>Passcode: 895960<\/p>\n<\/div>\n<p style=\"text-align: center;\">_____________________________________________________<\/p>\n<p style=\"text-align: center;\"><strong><span style=\"color: #008000;\">Defensa de disertaci\u00f3n<\/span><\/strong><\/p>\n<div align=\"center\" data-ogsc=\"rgb(0, 0, 0)\">\n<p>Edilmari Longo Vega<\/p>\n<p>\u00c1rea de Orientaci\u00f3n y Consejer\u00eda<\/p>\n<p>La experiencia de madres puertorrique\u00f1as de adolecentes lesbianas, gays y bisexuales ante la revelaci\u00f3n de la orientaci\u00f3n afectiva por voz de sus hijos e hijas<\/p>\n<p class=\"x_ydp2af13059yiv5629115408MsoNormal\" align=\"center\">Dr. Ariel Agosto Cepeda<\/p>\n<p class=\"x_ydp2af13059yiv5629115408MsoNormal\" align=\"center\">Fecha: 11 de diciembre de 2025 a las 3:00 pm<\/p>\n<p><a href=\"https:\/\/meet.google.com\/xma-tnsh-aao\">Google Meet<\/a><\/p>\n<\/div>\n<p style=\"text-align: center;\">_____________________________________________________<\/p>\n<p style=\"text-align: center;\"><strong><span style=\"color: #008000;\">Defensa de disertaci\u00f3n<\/span><\/strong><\/p>\n<div align=\"center\" data-ogsc=\"rgb(0, 0, 0)\">\n<p>Haydee Guzm\u00e1n L\u00f3pez<\/p>\n<p>\u00c1rea de Curr\u00edculo y Ense\u00f1anza<\/p>\n<p>Actitudes de las ni\u00f1as hacia las matemat\u00edcas en escuelas secundarias privadas en Puerto Rico<\/p>\n<p class=\"x_ydp2af13059yiv5629115408MsoNormal\" align=\"center\">Dr. Omar Hern\u00e1ndez Rodr\u00edguez<\/p>\n<p class=\"x_ydp2af13059yiv5629115408MsoNormal\" align=\"center\">Fecha: 11 de diciembre de 2025 a las 2:30 pm<\/p>\n<p>Sala 368, Fac. de Educaci\u00f3n<\/p>\n<\/div>\n<p style=\"text-align: center;\">_____________________________________________________<\/p>\n<p style=\"text-align: center;\"><strong><span style=\"color: #0000ff;\">Presentaci\u00f3n de propuesta de disertaci\u00f3n<\/span><\/strong><\/p>\n<div align=\"center\" data-ogsc=\"rgb(0, 0, 0)\">\n<p>Lizbeth Hernandez Mu\u00f1oz<\/p>\n<p>\u00c1rea de Curr\u00edculo y Ense\u00f1nza, Sub-especialidad en TDA<\/p>\n<p>La interrogaci\u00f3n de herramientas de inteligencia artificial generativa por el profesorado de la Facultad de Estudios Generales del recinto de Rio Piedras<\/p>\n<p class=\"x_ydp2af13059yiv5629115408MsoNormal\" align=\"center\">Dra. Margie Alvarez Rivera<\/p>\n<p class=\"x_ydp2af13059yiv5629115408MsoNormal\" align=\"center\">Fecha: 11 de diciembre de 2025 a las 10:00am<\/p>\n<p class=\"x_ydp2af13059yiv5629115408MsoNormal\" align=\"center\">Sala 368, Fac. de Educaci\u00f3n<\/p>\n<\/div>\n<p style=\"text-align: center;\">_____________________________________________________<\/p>\n<p style=\"text-align: center;\"><strong><span style=\"color: #0000ff;\">Presentaci\u00f3n de propuesta de disertaci\u00f3n<\/span><\/strong><\/p>\n<div align=\"center\" data-ogsc=\"rgb(0, 0, 0)\">\n<p>Germ\u00e1n G\u00f3mez Angarita<\/p>\n<p>\u00c1rea de Curr\u00edculo y Ense\u00f1anza, Sub-especialidad en Matem\u00e1ticas<\/p>\n<p>Comprensi\u00f3n del uso del manipulativo de baldosas de \u00e1lgebra en la soluci\u00f3n de ecuaciones lineales con una variable<\/p>\n<p class=\"x_ydp2af13059yiv5629115408MsoNormal\" align=\"center\">Dr. Jaime W. Abreu Ramos<\/p>\n<p class=\"x_ydp2af13059yiv5629115408MsoNormal\" align=\"center\">Fecha: 10 de diciembre de 2025 a las 4:30pm<\/p>\n<p class=\"x_ydp2af13059yiv5629115408MsoNormal\" align=\"center\"><a href=\"https:\/\/teams.microsoft.com\/dl\/launcher\/launcher.html?url=%2F_%23%2Fl%2Fmeetup-join%2F19%3Ameeting_NWQyZmRmYjYtYzg1Yi00ZWY4LTg0ZjItYzEyODVmODdiMTBh%40thread.v2%2F0%3Fcontext%3D%257b%2522Tid%2522%253a%25220dfa5dc0-036f-4615-99e4-94af822f2b84%2522%252c%2522Oid%2522%253a%2522727a94e9-6eb0-4e70-98fd-2da89d477d91%2522%257d%26anon%3Dtrue&amp;type=meetup-join&amp;deeplinkId=172c6426-7d9b-44b3-aa61-3c5d7dcb8638&amp;directDl=true&amp;msLaunch=true&amp;enableMobilePage=true&amp;suppressPrompt=true\">Microsoft TEAMS<\/a><\/p>\n<p>Meeting ID: 283 539 125 987 35<\/p>\n<p>Passcode: Xc9kX63S<\/p>\n<\/div>\n<p style=\"text-align: center;\">_____________________________________________________<\/p>\n<p style=\"text-align: center;\"><strong><span style=\"color: #008000;\">Defensa de disertaci\u00f3n<\/span><\/strong><\/p>\n<div align=\"center\" data-ogsc=\"rgb(0, 0, 0)\">\n<p>Yomarie Rivera Fern\u00e1ndez<\/p>\n<p>\u00c1rea de Curr\u00edculo y Ense\u00f1anza-TDEC<\/p>\n<p>La experiencia de la familia con la lectura desde la edad temprana: Un estudio fenomenol\u00f3gico<\/p>\n<p class=\"x_ydp2af13059yiv5629115408MsoNormal\" align=\"center\">Dra. Gladys Capella Noya<\/p>\n<p class=\"x_ydp2af13059yiv5629115408MsoNormal\" align=\"center\">Fecha: 10 de diciembre de 2025 a las 3:15 pm<\/p>\n<p>CELELI<\/p>\n<\/div>\n<p style=\"text-align: center;\">_____________________________________________________<\/p>\n<p style=\"text-align: center;\"><strong><span style=\"color: #0000ff;\">Presentaci\u00f3n de propuesta de disertaci\u00f3n<\/span><\/strong><\/p>\n<div align=\"center\" data-ogsc=\"rgb(0, 0, 0)\">\n<p>Patricia Fullana Acosta<\/p>\n<p>\u00c1rea de Liderazgo en Organizaciones Educativas<\/p>\n<p>El rol del Liderazgo Educativo en la promoci\u00f3n de entornos educativos inclusivos en colegios privados de Puerto Rico: Estudio de caso m\u00faltiple<\/p>\n<p class=\"x_ydp2af13059yiv5629115408MsoNormal\" align=\"center\">Dra. Alicia Monta\u00f1ez Garcia<\/p>\n<p class=\"x_ydp2af13059yiv5629115408MsoNormal\" align=\"center\">Fecha: 10 de diciembre de 2025 a las 2:00pm<\/p>\n<p class=\"x_ydp2af13059yiv5629115408MsoNormal\" align=\"center\"><a href=\"https:\/\/teams.live.com\/free\">Microsoft TEAMS<\/a><\/p>\n<p>Meeting ID: 218 896 700 707 38<\/p>\n<p>Passcode: NP3Gc2Mw<\/p>\n<\/div>\n<p style=\"text-align: center;\">_____________________________________________________<\/p>\n<p style=\"text-align: center;\"><strong><span style=\"color: #0000ff;\">Presentaci\u00f3n de propuesta de disertaci\u00f3n<\/span><\/strong><\/p>\n<div align=\"center\" data-ogsc=\"rgb(0, 0, 0)\">\n<p>Paola Monserrate Rodr\u00edguez<\/p>\n<p>\u00c1rea de Curr\u00edculo y Ense\u00f1anza, TDEC<\/p>\n<p>Experiencias formativas que fortalecen la gesti\u00f3n curricular del docente preescolar en Puerto Rico<\/p>\n<p class=\"x_ydp2af13059yiv5629115408MsoNormal\" align=\"center\">Dra. Gladys R. Capella Noya<\/p>\n<p class=\"x_ydp2af13059yiv5629115408MsoNormal\" align=\"center\">Fecha: 9 de diciembre de 2025 a las 3:00pm<\/p>\n<p>Sala 570, Fac. de Educaci\u00f3n<\/p>\n<\/div>\n<p style=\"text-align: center;\">_____________________________________________________<\/p>\n<p style=\"text-align: center;\"><strong><span style=\"color: #0000ff;\">Presentaci\u00f3n de propuesta de disertaci\u00f3n<\/span><\/strong><\/p>\n<div align=\"center\" data-ogsc=\"rgb(0, 0, 0)\">\n<p>\u00c1ngel D. Montes Reyes<\/p>\n<p>\u00c1rea de Curr\u00edculo y Ense\u00f1anza, TDEC<\/p>\n<p>Significado de la experiencia del aprendizaje en servicio en maestros y estudiantes de una escuela ocupacional: Una exploraci\u00f3n inter y transdiciplinaria del curr\u00edculo<\/p>\n<p class=\"x_ydp2af13059yiv5629115408MsoNormal\" align=\"center\">Dr. Juan P. V\u00e1zquez P\u00e9rez<\/p>\n<p class=\"x_ydp2af13059yiv5629115408MsoNormal\" align=\"center\">Fecha: 9 de diciembre de 2025 a las 11:00am<\/p>\n<p><a href=\"https:\/\/us02web.zoom.us\/j\/81063337005?pwd=LvGG9bypM7raDgnl62HwKM32IahNtZ.1#success\">Join Zoom Meeting<\/a><\/p>\n<p>Meeting ID: 812 7527 2585<\/p>\n<p>Passcode: 568041<\/p>\n<\/div>\n<p style=\"text-align: center;\">_____________________________________________________<\/p>\n<p style=\"text-align: center;\"><strong><span style=\"color: #0000ff;\">Presentaci\u00f3n de propuesta de disertaci\u00f3n<\/span><\/strong><\/p>\n<div align=\"center\" data-ogsc=\"rgb(0, 0, 0)\">\n<p>Carmelo ll Allende Mart\u00ednez<\/p>\n<p>\u00c1rea de Curr\u00edculo y Ense\u00f1anza, Sub-especialidad en Tecnolog\u00eda del Aprendezaje<\/p>\n<p>El uso de modelos de lenguaje de gran tama\u00f1o para la eficacia de la gesti\u00f3n docente de maestros cooperadores: Una investigaci\u00f3n en acci\u00f3n<\/p>\n<p class=\"x_ydp2af13059yiv5629115408MsoNormal\" align=\"center\">Dr. Juan P. V\u00e1zquez P\u00e9rez<\/p>\n<p class=\"x_ydp2af13059yiv5629115408MsoNormal\" align=\"center\">Fecha: 8 de diciembre de 2025 a las 4:00pm<\/p>\n<p><a href=\"https:\/\/us02web.zoom.us\/j\/81063337005?pwd=LvGG9bypM7raDgnl62HwKM32IahNtZ.1#success\">Join Zoom Meeting<\/a><\/p>\n<p>Meeting ID: 810 6333 7005<\/p>\n<p>Passcode: 894262<\/p>\n<\/div>\n<p style=\"text-align: center;\">_____________________________________________________<\/p>\n<p style=\"text-align: center;\"><strong><span style=\"color: #0000ff;\">Presentaci\u00f3n de propuesta de tesis<\/span><\/strong><\/p>\n<div align=\"center\" data-ogsc=\"rgb(0, 0, 0)\">\n<p>Pedro Hern\u00e1ndez Amador<\/p>\n<p>\u00c1rea de Investigaci\u00f3n y Evaluaci\u00f3n Educativa<\/p>\n<p>La experiencia del uso de inteligencia artificial para una actividad de historia de escuela superior<\/p>\n<p class=\"x_ydp2af13059yiv5629115408MsoNormal\" align=\"center\">Dra. Claudia X. Alvarez Romero<\/p>\n<p class=\"x_ydp2af13059yiv5629115408MsoNormal\" align=\"center\">Fecha: 8 de diciembre de 2025 a las 1:30 pm<\/p>\n<p>Sala 570, Fac. de Educaci\u00f3n<\/p>\n<\/div>\n<p style=\"text-align: center;\">_____________________________________________________<\/p>\n<p style=\"text-align: center;\"><strong><span style=\"color: #0000ff;\">Presentaci\u00f3n de propuesta de disertaci\u00f3n<\/span><\/strong><\/p>\n<div align=\"center\" data-ogsc=\"rgb(0, 0, 0)\">\n<p>Ygor Deyko Ruiz S\u00e1nchez<\/p>\n<p>\u00c1rea de Curr\u00edculo y Ense\u00f1anza<\/p>\n<p>Asistencia tecnol\u00f3gica a estudiantes con dicapacidad visual en la Universidad de Puerto Rico, recinto de R\u00edo Piedras<\/p>\n<p class=\"x_ydp2af13059yiv5629115408MsoNormal\" align=\"center\">Dra. Claudia X. Alvarez Romero<\/p>\n<p class=\"x_ydp2af13059yiv5629115408MsoNormal\" align=\"center\">Fecha: 8 de diciembre de 2025 a las 10:00am<\/p>\n<p align=\"center\">Sala 570, Fac. de Educaci\u00f3n<\/p>\n<\/div>\n<p style=\"text-align: center;\">_____________________________________________________<\/p>\n<p style=\"text-align: center;\"><strong><span style=\"color: #008000;\">Defensa de disertaci\u00f3n<\/span><\/strong><\/p>\n<div align=\"center\" data-ogsc=\"rgb(0, 0, 0)\">\n<p>Natalie Gayol Mart\u00ednez<\/p>\n<p>\u00c1rea de Liderazgo en Organizaciones Educativas<\/p>\n<p>El liderazgo de directores escolares en Puerto Rico: Retos para promover culturas de inclusi\u00f3n<\/p>\n<p class=\"x_ydp2af13059yiv5629115408MsoNormal\" align=\"center\">Dr. Juan R. Rodr\u00edguez Rivera<\/p>\n<p class=\"x_ydp2af13059yiv5629115408MsoNormal\" align=\"center\">Fecha: 5 de diciembre de 2025 a las 1:30 pm<\/p>\n<p><a href=\"https:\/\/us02web.zoom.us\/j\/87469689383?pwd=p2AmbbaeyRjjqKRKDBJN4POrzq2J9B.1#success\">Join Zoom Meeting<\/a><\/p>\n<p>Meeting ID: 874 6968 9383<\/p>\n<p>Passcode: 352155<\/p>\n<\/div>\n<p style=\"text-align: center;\">_____________________________________________________<\/p>\n<p style=\"text-align: center;\"><strong><span style=\"color: #0000ff;\">Presentaci\u00f3n de propuesta de disertaci\u00f3n<\/span><\/strong><\/p>\n<div align=\"center\" data-ogsc=\"rgb(0, 0, 0)\">\n<p>Hannah Paola Ortiz N\u00fa\u00f1ez<\/p>\n<p>\u00c1rea de Liderazgo en Organizaciones Educativas<\/p>\n<p>Rotaci\u00f3n laboral administrativa: Perspectivas de empleados en una instituci\u00f3n de educaci\u00f3n superior en Puerto Rico<\/p>\n<p class=\"x_ydp2af13059yiv5629115408MsoNormal\" align=\"center\">Dr. Juan R. Rodr\u00edguez Rivera<\/p>\n<p class=\"x_ydp2af13059yiv5629115408MsoNormal\" align=\"center\">Fecha: 5 de diciembre de 2025 a las 10:00am<\/p>\n<p><a href=\"https:\/\/us02web.zoom.us\/j\/83525578341?pwd=FEhmARPbLYa9a2YyHFXGjmgSWOyX7B.1#success\">Join Zoom Meeting<\/a><\/p>\n<p>Meeting ID: 835 2557 8341<\/p>\n<p>Passcode: 851370<\/p>\n<\/div>\n<p style=\"text-align: center;\">_____________________________________________________<\/p>\n<p style=\"text-align: center;\"><strong><span style=\"color: #0000ff;\">Presentaci\u00f3n de propuesta de disertaci\u00f3n<\/span><\/strong><\/p>\n<div align=\"center\" data-ogsc=\"rgb(0, 0, 0)\">\n<p>Yngrid Salazar Tavara<\/p>\n<p>\u00c1rea de Curr\u00edculo y Ense\u00f1anza, TDEC<\/p>\n<p>Experiencias curriculares con perspectiva de g\u00e9nero de docentes de Educaci\u00f3n F\u00edsica en el nivel elemental del contexto educativo puertorrique\u00f1o<\/p>\n<p class=\"x_ydp2af13059yiv5629115408MsoNormal\" align=\"center\">Dr. Juan P. V\u00e1zquez P\u00e9rez<\/p>\n<p class=\"x_ydp2af13059yiv5629115408MsoNormal\" align=\"center\">Fecha: 4 de diciembre de 2025 a las 4:00pm<\/p>\n<p>Sala 570, Fac. de Educaci\u00f3n<\/p>\n<\/div>\n<p style=\"text-align: center;\">_____________________________________________________<\/p>\n<p style=\"text-align: center;\"><strong><span style=\"color: #0000ff;\">Presentaci\u00f3n de propuesta de disertaci\u00f3n<\/span><\/strong><\/p>\n<div align=\"center\" data-ogsc=\"rgb(0, 0, 0)\">\n<p>Gerriann Housser<\/p>\n<p>\u00c1rea de Curr\u00edculo y Ense\u00f1anza<\/p>\n<p>La cultura tecnol\u00f3gica de los programas Student Support Services (SSS) en Puerto Rico<\/p>\n<p class=\"x_ydp2af13059yiv5629115408MsoNormal\" align=\"center\">Dr. Joseph Carroll Miranda<\/p>\n<p class=\"x_ydp2af13059yiv5629115408MsoNormal\" align=\"center\">Fecha: 4 de diciembre de 2025 a las 2:00pm<\/p>\n<p>Sala 570, Fac. de Educaci\u00f3n<\/p>\n<\/div>\n<p style=\"text-align: center;\">_____________________________________________________<\/p>\n<p style=\"text-align: center;\"><strong><span style=\"color: #0000ff;\">Presentaci\u00f3n de propuesta de disertaci\u00f3n<\/span><\/strong><\/p>\n<div align=\"center\" data-ogsc=\"rgb(0, 0, 0)\">\n<p>Javier Rodr\u00edguez Benitez<\/p>\n<p>\u00c1rea de Curr\u00edculo y Ense\u00f1anza, Tecnolog\u00eda del Aprendizaje<\/p>\n<p>Voces que eval\u00faan: Una exploraci\u00f3n fenomenol\u00f3gica de la experiencia de los egresados de la subespecialidad en tecnolog\u00edas de aprendizaje de la universidad de Puerto Rico<\/p>\n<p class=\"x_ydp2af13059yiv5629115408MsoNormal\" align=\"center\">Dra. Carmen Pacheco Sep\u00falvesa<\/p>\n<p class=\"x_ydp2af13059yiv5629115408MsoNormal\" align=\"center\">Fecha: 3 de diciembre de 2025 a las 4:00pm<\/p>\n<p><a href=\"https:\/\/teams.microsoft.com\/dl\/launcher\/launcher.html?url=%2F_%23%2Fl%2Fmeetup-join%2F19%3Ameeting_ZTQyYjBiMzgtOTEwYy00MzljLWI4YjctNmE4ZDcyM2RiNzM2%40thread.v2%2F0%3Fcontext%3D%257b%2522Tid%2522%253a%25220dfa5dc0-036f-4615-99e4-94af822f2b84%2522%252c%2522Oid%2522%253a%2522bc00b9e7-5123-4cb5-86de-3613166cb1e9%2522%257d%26anon%3Dtrue&amp;type=meetup-join&amp;deeplinkId=0f67fc47-ddae-4a22-965c-6c6894097fd1&amp;directDl=true&amp;msLaunch=true&amp;enableMobilePage=true&amp;suppressPrompt=true\">Microsoft TEAMS<\/a><\/p>\n<p>ID de Reuni\u00f3n: 258 433 991 110 7<\/p>\n<p>Codigo de Acceso: K4Yu2Wg2<\/p>\n<\/div>\n<p style=\"text-align: center;\">_____________________________________________________<\/p>\n<p style=\"text-align: center;\"><strong><span style=\"color: #008000;\">Defensa de disertaci\u00f3n<\/span><\/strong><\/p>\n<div align=\"center\" data-ogsc=\"rgb(0, 0, 0)\">\n<p>Valerie Ann Carrasquillo Mel\u00e9ndez<\/p>\n<p>\u00c1rea de Curr\u00edculo y Ense\u00f1anza, Sub-especialidad en Educaci\u00f3n Matem\u00e1tica<\/p>\n<p>Las practicas docentes para la ense\u00f1anza de las matem\u00e1ticas a estudiantes aprendices del espa\u00f1ol como segundo idioma: Guia para la adaptaci\u00f3n curricular<\/p>\n<p class=\"x_ydp2af13059yiv5629115408MsoNormal\" align=\"center\">Dr. Juan P. V\u00e1zquez P\u00e9rez<\/p>\n<p class=\"x_ydp2af13059yiv5629115408MsoNormal\" align=\"center\">Fecha: 2 de diciembre de 2025 a las 4:00 pm<\/p>\n<p>Sala 368, Fac. de Educaci\u00f3n<\/p>\n<\/div>\n<p style=\"text-align: center;\">_____________________________________________________<\/p>\n<p style=\"text-align: center;\"><strong><span style=\"color: #0000ff;\">Presentaci\u00f3n de propuesta de disertaci\u00f3n<\/span><\/strong><\/p>\n<div align=\"center\" data-ogsc=\"rgb(0, 0, 0)\">\n<p>Aileen A. Rivera Rivera<\/p>\n<p>\u00c1rea de Curr\u00edculo y Ense\u00f1anza, Tecnolog\u00eda del Aprendizaje<\/p>\n<p>Pr\u00e1cticas l\u00fadico-tecnol\u00f3gicas en la biblioteca escolar para el mejoramiento de la comprensi\u00f3n lectora en estudiantes de segundo grado<\/p>\n<p class=\"x_ydp2af13059yiv5629115408MsoNormal\" align=\"center\">Dr. Juan P. V\u00e1zquez P\u00e9rez<\/p>\n<p class=\"x_ydp2af13059yiv5629115408MsoNormal\" align=\"center\">Fecha: 1 de diciembre de 2025 a las 3:30pm<\/p>\n<p><a href=\"https:\/\/us02web.zoom.us\/j\/86363462977?pwd=jl2Sv93vcnLOwt6oTCyv0EamwWV6Dd.1#success\">Join Zoom Meeting<\/a><\/p>\n<p>Meeting ID: 863 6346 2977<\/p>\n<p>Passcode: 958137<\/p>\n<\/div>\n<p style=\"text-align: center;\">_____________________________________________________<\/p>\n<p><span style=\"color: #ff0000;\"><strong>NOVIEMBRE 2025<\/strong><\/span><\/p>\n<p style=\"text-align: center;\"><strong><span style=\"color: #008000;\">Defensa de tesis<\/span><\/strong><\/p>\n<div align=\"center\" data-ogsc=\"rgb(0, 0, 0)\">\n<p><u>Jorge L. Serrano Robes<\/u><\/p>\n<p>\u00c1rea de Ciencias del Ejercicio<\/p>\n<p><u>Relaci\u00f3n entre fortaleza est\u00e1tica en el hombro y la velocidad de lanzamiento en beisbolistas<\/u><\/p>\n<p class=\"x_ydp2af13059yiv5629115408MsoNormal\" align=\"center\">Dra. Farah Ram\u00edrez Marrero<\/p>\n<p class=\"x_ydp2af13059yiv5629115408MsoNormal\" align=\"center\">Fecha: 25 de noviembre de 2025 a las 4:30 pm<\/p>\n<p>Sala 570, Fac. de Educaci\u00f3n<\/p>\n<\/div>\n<p style=\"text-align: center;\">_____________________________________________________<\/p>\n<p style=\"text-align: center;\"><strong><span style=\"color: #008000;\">Defensa de disertaci\u00f3n<\/span><\/strong><\/p>\n<div align=\"center\" data-ogsc=\"rgb(0, 0, 0)\">\n<p>Cristobal Resto Reyes<\/p>\n<p>\u00c1rea de Curr\u00edculo y Ense\u00f1anza, Sub-especialidad en Tecnolog\u00eda del Aprendizaje<\/p>\n<p>El aprendizaje combinado blended learning: Perspectivas de los docentes de administraci\u00f3n de empresas en el departamento de Educaci\u00f3n en Puerto Rico<\/p>\n<p class=\"x_ydp2af13059yiv5629115408MsoNormal\" align=\"center\">Dra. Carmen Pacheco Sep\u00falveda<\/p>\n<p class=\"x_ydp2af13059yiv5629115408MsoNormal\" align=\"center\">Fecha: 25 de noviembre de 2025 a las 3:00 pm<\/p>\n<p>Sala 314, Fac. de Educaci\u00f3n<\/p>\n<\/div>\n<p style=\"text-align: center;\">_____________________________________________________<\/p>\n<p style=\"text-align: center;\"><strong><span style=\"color: #0000ff;\">Presentaci\u00f3n de propuesta de disertaci\u00f3n<\/span><\/strong><\/p>\n<div align=\"center\" data-ogsc=\"rgb(0, 0, 0)\">\n<p>Javier Santiago Berm\u00fadez<\/p>\n<p>\u00c1rea de Curr\u00edculo y Ense\u00f1anza<\/p>\n<p>Del libro de texto al algoritmo: Experiencias docentes ante la integraci\u00f3n de inteligencia artificial en el curr\u00edculo de Estudios Sociales<\/p>\n<p class=\"x_ydp2af13059yiv5629115408MsoNormal\" align=\"center\">Dra. Ileana Quintero Rivera<\/p>\n<p class=\"x_ydp2af13059yiv5629115408MsoNormal\" align=\"center\">Fecha: 6 de noviembre de 2025 a las 5:00pm<\/p>\n<p><a href=\"https:\/\/teams.microsoft.com\/dl\/launcher\/launcher.html?url=%2F_%23%2Fl%2Fmeetup-join%2F19%3Ameeting_OTNlNTAxNzQtODhjZS00MTdjLWE5MWUtM2RjM2E4ZTllOGVm%40thread.v2%2F0%3Fcontext%3D%257b%2522Tid%2522%253a%25220dfa5dc0-036f-4615-99e4-94af822f2b84%2522%252c%2522Oid%2522%253a%2522e7ebdcd1-be73-4791-b9d9-6189c214840f%2522%257d%26anon%3Dtrue&amp;type=meetup-join&amp;deeplinkId=b2a3794b-b750-41fe-af7b-0bf2cfbcb494&amp;directDl=true&amp;msLaunch=true&amp;enableMobilePage=true&amp;suppressPrompt=true\">Join Zoom Meeting<\/a><\/p>\n<p>Meeting ID: 255 200 815 961 6<\/p>\n<p>Passcode: Lw3sb3fc<\/p>\n<\/div>\n<p style=\"text-align: center;\">_____________________________________________________<\/p>\n<p style=\"text-align: center;\"><strong><span style=\"color: #008000;\">Defensa de disertaci\u00f3n<\/span><\/strong><\/p>\n<p style=\"text-align: center;\">Belymar Ruiz Sierra<\/p>\n<div align=\"center\" data-ogsc=\"rgb(0, 0, 0)\">\n<p>\u00c1rea de Curr\u00edculo y Ense\u00f1anza, Espa\u00f1ol<\/p>\n<p>Experiencias en la producci\u00f3n de escritos originales de estudiantes de duod\u00e9cimo grado en una escuela privada en Puerto Rico<\/p>\n<p class=\"x_ydp2af13059yiv5629115408MsoNormal\" align=\"center\">Dra. Rose Marie Santiago<\/p>\n<p class=\"x_ydp2af13059yiv5629115408MsoNormal\" align=\"center\">Fecha: 3 de noviembre de 2025 a las 4:00 pm<\/p>\n<p><a href=\"https:\/\/teams.microsoft.com\/dl\/launcher\/launcher.html?url=%2F_%23%2Fl%2Fmeetup-join%2F19%3Ameeting_YzJlYmVkNGItOTkyZS00ZDgzLWExMzAtYmFkNzRjZjY2YzJl%40thread.v2%2F0%3Fcontext%3D%257b%2522Tid%2522%253a%25220dfa5dc0-036f-4615-99e4-94af822f2b84%2522%252c%2522Oid%2522%253a%25225a580d58-330c-4e03-9195-53e615df1e6e%2522%257d%26anon%3Dtrue&amp;type=meetup-join&amp;deeplinkId=92feeb1c-6742-41ce-a26d-644667d45ee1&amp;directDl=true&amp;msLaunch=true&amp;enableMobilePage=true&amp;suppressPrompt=true\">Microsoft Teams<\/a><\/p>\n<p>Meeting ID: 222 094 658 448 4<\/p>\n<p>Passcode: tJ6QG27F<\/p>\n<\/div>\n<p style=\"text-align: center;\">_____________________________________________________<\/p>\n<p><span style=\"color: #ff0000;\"><strong>OCTUBRE 2025<\/strong><\/span><\/p>\n<p style=\"text-align: center;\"><strong><span style=\"color: #0000ff;\">Presentaci\u00f3n de propuesta<\/span><\/strong><\/p>\n<div align=\"center\" data-ogsc=\"rgb(0, 0, 0)\">\n<p><span data-olk-copy-source=\"MessageBody\">Ester Lopez Osorio\u00a0<\/span><\/p>\n<p>\u00c1rea de Liderazgo en Organizaciones Educativas<\/p>\n<p><span data-olk-copy-source=\"MessageBody\">Neuroliderazgo: nuevo paradigma para la induccion de directores de escuelas ocupacionales <\/span><\/p>\n<p class=\"x_ydp2af13059yiv5629115408MsoNormal\" align=\"center\">Dr. Juan Rodriguez Rivera<\/p>\n<p class=\"x_ydp2af13059yiv5629115408MsoNormal\" align=\"center\">Fecha: 23 de octubre de 2025 a las 8<span data-olk-copy-source=\"MessageBody\">:00 am<\/span><\/p>\n<p>Zoom<\/p>\n<\/div>\n<p style=\"text-align: center;\">_____________________________________________________<\/p>\n<div class=\"x_elementToProof\" style=\"text-align: center;\"><strong><span style=\"color: #0000ff;\">Presentaci\u00f3n de propuesta<\/span><\/strong><\/div>\n<div class=\"x_elementToProof\" style=\"text-align: center;\">Rose M. Vincenty Col\u00f3n<\/div>\n<div class=\"x_elementToProof\" style=\"text-align: center;\">\u00c1rea de Curr\u00edculo y Ense\u00f1anza &#8211; Teor\u00eda, Dise\u00f1o y Evaluaci\u00f3n Curricular<\/div>\n<div class=\"x_elementToProof\" style=\"text-align: center;\">Retos del\u00a0<i>assessment<\/i>\u00a0del aprendizaje estudiantil en el nivel graduado: Un estudio de caso<\/div>\n<div class=\"x_elementToProof\" style=\"text-align: center;\">Dr. V\u00edctor E. Bonilla Rodr\u00edguez<\/div>\n<div class=\"x_elementToProof\" style=\"text-align: center;\">Fecha: 20 de octubre de 2025 a las\u00a04:30 p.m.<\/div>\n<div class=\"x_elementToProof\" style=\"text-align: center;\"><b>Microsoft Teams<\/b><\/div>\n<div class=\"x_elementToProof\" style=\"text-align: center;\"><b><u><a id=\"OWA4aaa9628-09fb-28e0-2151-f821a747ac99\" class=\"x_OWAAutoLink\" title=\"Direcci\u00f3n URL original: https:\/\/teams.microsoft.com\/l\/meetup-join\/19%3ameeting_MmRhZDY2MjUtOGVjYS00YmNkLWI0MDgtZTNkZDJjN2ZiOWQ2%40thread.v2\/0?context=%7b%22Tid%22%3a%220dfa5dc0-036f-4615-99e4-94af822f2b84%22%2c%22Oid%22%3a%225a580d58-330c-4e03-9195-53e615df1e6e%22%7d. Haga clic o pulse si conf\u00eda en este v\u00ednculo.\" href=\"https:\/\/nam02.safelinks.protection.outlook.com\/ap\/t-59584e83\/?url=https%3A%2F%2Fteams.microsoft.com%2Fl%2Fmeetup-join%2F19%253ameeting_MmRhZDY2MjUtOGVjYS00YmNkLWI0MDgtZTNkZDJjN2ZiOWQ2%2540thread.v2%2F0%3Fcontext%3D%257b%2522Tid%2522%253a%25220dfa5dc0-036f-4615-99e4-94af822f2b84%2522%252c%2522Oid%2522%253a%25225a580d58-330c-4e03-9195-53e615df1e6e%2522%257d&amp;data=05%7C02%7Cjuan.vadi%40upr.edu%7C0bca8264f8fa454084c708de05001ac7%7C0dfa5dc0036f461599e494af822f2b84%7C0%7C0%7C638953695159629166%7CUnknown%7CTWFpbGZsb3d8eyJFbXB0eU1hcGkiOnRydWUsIlYiOiIwLjAuMDAwMCIsIlAiOiJXaW4zMiIsIkFOIjoiTWFpbCIsIldUIjoyfQ%3D%3D%7C0%7C%7C%7C&amp;sdata=6d1RZPwAh0eMBxDib5TYpjGDKJG%2FjSbywlkFfF4hgkM%3D&amp;reserved=0\" target=\"_blank\" rel=\"noopener noreferrer\" data-auth=\"NotApplicable\" data-linkindex=\"0\">Join the meeting now<\/a><\/u><\/b><\/div>\n<div class=\"x_elementToProof\" style=\"text-align: center;\">Meeting ID: 217 467 448 129 9<\/div>\n<div class=\"x_elementToProof\" style=\"text-align: center;\">Passcode: A6bY6BV3<\/div>\n<p style=\"text-align: center;\">_____________________________________________________<\/p>\n<p style=\"text-align: center;\"><strong><span style=\"color: #0000ff;\">Presentaci\u00f3n de propuesta<\/span><\/strong><\/p>\n<div align=\"center\" data-ogsc=\"rgb(0, 0, 0)\">\n<p><span data-olk-copy-source=\"MessageBody\">Cristina Figueroa Sabater<br \/>\n<\/span><\/p>\n<p>\u00c1rea de Orientaci\u00f3n y Consejer\u00eda<\/p>\n<p>Prevenci\u00f3n: Dependencia emocional en las relaciones de los j\u00f3venes adolescentes<\/p>\n<p class=\"x_ydp2af13059yiv5629115408MsoNormal\" align=\"center\">Dra. Marelyn Ramos Martis<\/p>\n<p class=\"x_ydp2af13059yiv5629115408MsoNormal\" align=\"center\">Fecha: 6 de octubre de 2025 a las 5<span data-olk-copy-source=\"MessageBody\">:30 pm<\/span><\/p>\n<p>Google meet<\/p>\n<\/div>\n<p style=\"text-align: center;\">_____________________________________________________<\/p>\n<p style=\"text-align: center;\"><strong><span style=\"color: #0000ff;\">Presentaci\u00f3n de propuesta<\/span><\/strong><\/p>\n<div align=\"center\" data-ogsc=\"rgb(0, 0, 0)\">\n<p><span data-olk-copy-source=\"MessageBody\">Kevin Vargas V\u00e9lez<\/span><\/p>\n<p>\u00c1rea de Curr\u00edculo y Ense\u00f1anza Educaci\u00f3n cient\u00edfica<\/p>\n<p><span data-olk-copy-source=\"MessageBody\">Investigaci\u00f3n evaluativa del curr\u00edculo de F\u00edsica Preparatoria de 8vo grado del Departamento de Educaci\u00f3n de Puerto Rico: la integraci\u00f3n de la evaluaci\u00f3n curricular, m\u00e9todos mixtos y el modelo CIPP<\/span><\/p>\n<p class=\"x_ydp2af13059yiv5629115408MsoNormal\" align=\"center\">Dra. Melitza Nieves Viera<\/p>\n<p class=\"x_ydp2af13059yiv5629115408MsoNormal\" align=\"center\">Fecha: 10 de octubre de 2025 a las <span data-olk-copy-source=\"MessageBody\">11:00 am<\/span><\/p>\n<p>Sala 570, Fac. de Educaci\u00f3n<\/p>\n<\/div>\n<p style=\"text-align: center;\">_____________________________________________________<\/p>\n<p style=\"text-align: center;\"><strong><span style=\"color: #0000ff;\">Presentaci\u00f3n de propuesta<\/span><\/strong><\/p>\n<div align=\"center\" data-ogsc=\"rgb(0, 0, 0)\">\n<p><u>Jos\u00e9 Reyes Padilla<\/u><\/p>\n<p>\u00c1rea de Curr\u00edculo y Ense\u00f1anza Historia y Estudios Sociales<\/p>\n<p><u>Nociones y pr\u00e1cticas de la evaluaci\u00f3n del aprendizaje en un curso de Estudios Sociales<\/u><\/p>\n<p class=\"x_ydp2af13059yiv5629115408MsoNormal\" align=\"center\">Dra. Maria del C. Zorrilla<\/p>\n<p class=\"x_ydp2af13059yiv5629115408MsoNormal\" align=\"center\">Fecha: 3 de octubre de 2025 a las 4:30 pm<\/p>\n<p>Sala 570, Fac. de Educaci\u00f3n<\/p>\n<\/div>\n<p style=\"text-align: center;\">_____________________________________________________<\/p>\n<p><span style=\"color: #ff0000;\"><strong>SEPTIEMBRE 2025<\/strong><\/span><\/p>\n<p style=\"text-align: center;\"><strong><span style=\"color: #008000;\">Defensa de Disertaci\u00f3n\u00a0<\/span><\/strong><\/p>\n<div align=\"center\" data-ogsc=\"rgb(0, 0, 0)\">\n<p><u>Evelyn Cruz Ramos<\/u><\/p>\n<p>\u00c1rea de Orientaci\u00f3n y Consejer\u00eda<\/p>\n<p><u>La normalizaci\u00f3n y el significado en el manejo del doble discurso en la diversidad funcional<\/u><\/p>\n<p class=\"x_ydp2af13059yiv5629115408MsoNormal\" align=\"center\">Dra. Rosy Fernandez Garc\u00eda de Menocal<\/p>\n<p class=\"x_ydp2af13059yiv5629115408MsoNormal\" align=\"center\">Fecha: 22 de septiembre de 2025 a las 2:30 pm<\/p>\n<p>Via Zoom<\/p>\n<\/div>\n<p style=\"text-align: center;\">_____________________________________________________<\/p>\n<p style=\"text-align: center;\"><strong><span style=\"color: #0000ff;\">Presentaci\u00f3n de propuesta<\/span><\/strong><\/p>\n<div align=\"center\" data-ogsc=\"rgb(0, 0, 0)\">\n<p><u>Edwin Delgado Torres<\/u><\/p>\n<p>\u00c1rea de Orientaci\u00f3n y Consejer\u00eda<\/p>\n<p><u>El videojuego animal crossing: New Horizons como recurso terap\u00e9utico<\/u><\/p>\n<p class=\"x_ydp2af13059yiv5629115408MsoNormal\" align=\"center\">Dra. Belisa Ben\u00edtez<\/p>\n<p class=\"x_ydp2af13059yiv5629115408MsoNormal\" align=\"center\">Fecha: 24 de septiembre de 2025 a las 5:00 pm<\/p>\n<p>Zoom: https:\/\/us02web.zoom.us\/j\/8901977 4518<\/p>\n<\/div>\n<p style=\"text-align: center;\">_____________________________________________________<\/p>\n<p><span style=\"color: #ff0000;\"><strong>VERANO junio 2025<\/strong><\/span><\/p>\n<p style=\"text-align: center;\"><strong><span style=\"color: #008000;\">Defensa de disertaci\u00f3n<\/span><\/strong><\/p>\n<div align=\"center\" data-ogsc=\"rgb(0, 0, 0)\">\n<p>Bangesy Carrasquillo Casado<\/p>\n<p>\u00c1rea de Liderazgo en Organizaciones Educativas<\/p>\n<p>Liderazgo educativo para la justicia social: Perspectivas y pr\u00e1cticas desde la educaci\u00f3n alternativa<\/p>\n<p class=\"x_ydp2af13059yiv5629115408MsoNormal\" align=\"center\">Dra. Alicia S. Monta\u00f1ez<\/p>\n<p class=\"x_ydp2af13059yiv5629115408MsoNormal\" align=\"center\">Fecha: 24 de junio de 2025 a las 10:00am<\/p>\n<p>Sala 368, Fac. de Educaci\u00f3n<\/p>\n<\/div>\n<p style=\"text-align: center;\">_____________________________________________________<\/p>\n<p style=\"text-align: center;\"><strong><span style=\"color: #008000;\">Defensa de disertaci\u00f3n<\/span><\/strong><\/p>\n<div align=\"center\" data-ogsc=\"rgb(0, 0, 0)\">\n<p>Evelyn Vazquez Matos<\/p>\n<p>\u00c1rea de Orientaci\u00f3n y Consejer\u00eda<\/p>\n<p>Los servicios de consejer\u00eda en una instituci\u00f3n de educaci\u00f3n postsecundaria y su contribuci\u00f3n a la persistencia del estudiante universitario: Estudio de caso<\/p>\n<p class=\"x_ydp2af13059yiv5629115408MsoNormal\" align=\"center\">Dr. Ariel Agosto Cepeda<\/p>\n<p class=\"x_ydp2af13059yiv5629115408MsoNormal\" align=\"center\">Fecha: 10 de junio de 2025 a las 8:00am<\/p>\n<p>Sala 368, Fac. de Educaci\u00f3n<\/p>\n<p><a href=\"https:\/\/us02web.zoom.us\/j\/82475157438?pwd=brLNxfvczakhDtdeqa5yj2wr2UqsBP.1\">Join Zoom Meeting<\/a><\/p>\n<\/div>\n<p style=\"text-align: center;\">_____________________________________________________<\/p>\n<p><span style=\"color: #ff0000;\"><strong>mayo 2025<\/strong><\/span><\/p>\n<p style=\"text-align: center;\"><strong><span style=\"color: #0000ff;\">Presentaci\u00f3n de propuesta de disertaci\u00f3n<\/span><\/strong><\/p>\n<div align=\"center\" data-ogsc=\"rgb(0, 0, 0)\">\n<p>Eveneida Rodr\u00edguez Ortiz<\/p>\n<p>\u00c1rea de Curr\u00edculo y Ense\u00f1anza, Sub-especialidad en Educaci\u00f3n Cient\u00edfica<\/p>\n<p>Evaluaci\u00f3n de dos cursos del programa de medicina de una uiversidad privada en Puerto Rico y el desempe\u00f1o acad\u00e9mico del estudiantado<\/p>\n<p class=\"x_ydp2af13059yiv5629115408MsoNormal\" align=\"center\">Dra. Jos\u00e9 Soto Sonera<\/p>\n<p class=\"x_ydp2af13059yiv5629115408MsoNormal\" align=\"center\">Fecha: 29 de mayo de 2025 a las 2:00pm<\/p>\n<p>Sala 570, Fac. de Educaci\u00f3n<\/p>\n<\/div>\n<p style=\"text-align: center;\">_____________________________________________________<\/p>\n<p style=\"text-align: center;\"><strong><span style=\"color: #0000ff;\">Presentaci\u00f3n de propuesta de disertaci\u00f3n<\/span><\/strong><\/p>\n<div align=\"center\" data-ogsc=\"rgb(0, 0, 0)\">\n<p>Edda Rodr\u00edguez\u00a0 de Le\u00f3n<\/p>\n<p>\u00c1rea de Curr\u00edculo y Ense\u00f1anza, Sub-especialidad en Educaci\u00f3n Cient\u00edfica<\/p>\n<p>La experiencia de docentes que ense\u00f1an inmunohematolog\u00eda en programas acad\u00e9micos de tecnolog\u00eda en Puerto Rico<\/p>\n<p class=\"x_ydp2af13059yiv5629115408MsoNormal\" align=\"center\">Dr. Jos\u00e9 Soto Sonera<\/p>\n<p class=\"x_ydp2af13059yiv5629115408MsoNormal\" align=\"center\">Fecha: 28 de mayo de 2025 a la 1:00pm<\/p>\n<p>Sala 570, Fac. de Educaci\u00f3n<\/p>\n<\/div>\n<p style=\"text-align: center;\">_____________________________________________________<\/p>\n<p style=\"text-align: center;\"><strong><span style=\"color: #0000ff;\">Presentaci\u00f3n de propuesta de disertaci\u00f3n<\/span><\/strong><\/p>\n<div align=\"center\" data-ogsc=\"rgb(0, 0, 0)\">\n<p>Willmar Contreras Rivera<\/p>\n<p>\u00c1rea de Liderazgo en Organizaciones Educativas<\/p>\n<p>Factores relacionados con la participaci\u00f3n de la familia en la gesti\u00f3n educativa en una escuela elemental p\u00fablica en la regi\u00f3n noreste<\/p>\n<p class=\"x_ydp2af13059yiv5629115408MsoNormal\" align=\"center\">Dra. Mar\u00eda de los \u00c1ngeles Ortiz<\/p>\n<p class=\"x_ydp2af13059yiv5629115408MsoNormal\" align=\"center\">Fecha: 22 de mayo de 2025 a las 4:00pm<\/p>\n<p><a href=\"https:\/\/nam02.safelinks.protection.outlook.com\/?url=https%3A%2F%2Fus02web.zoom.us%2Fj%2F84816555280%3Fpwd%3DiFEabarXo7BIfiwjBAfDlpwLTaaYz6.1&amp;data=05%7C02%7Cjuan.guzman16%40upr.edu%7Caed6e7f4ee464020cb4108dd9182bb3a%7C0dfa5dc0036f461599e494af822f2b84%7C0%7C0%7C638826712839878658%7CUnknown%7CTWFpbGZsb3d8eyJFbXB0eU1hcGkiOnRydWUsIlYiOiIwLjAuMDAwMCIsIlAiOiJXaW4zMiIsIkFOIjoiTWFpbCIsIldUIjoyfQ%3D%3D%7C0%7C%7C%7C&amp;sdata=TmLug0nDaF3ft1K1%2BigIZt06%2Bkut8nyNT4G%2Bm6KDSNE%3D&amp;reserved=0\">Join Zoom Meeting<\/a><\/p>\n<p>Meeting ID: 848 1655 5280<\/p>\n<p>Passcode: 281364<\/p>\n<\/div>\n<p style=\"text-align: center;\">_____________________________________________________<\/p>\n<p style=\"text-align: center;\"><strong><span style=\"color: #0000ff;\">Presentaci\u00f3n de propuesta de disertaci\u00f3n<\/span><\/strong><\/p>\n<div align=\"center\" data-ogsc=\"rgb(0, 0, 0)\">\n<p>Perlie Adorno Mu\u00f1oz<\/p>\n<p>\u00c1rea de Curr\u00edculo y Ense\u00f1anza, Sub-especialidad en Tecnolog\u00eda del Aprendizaje<\/p>\n<p>La percepci\u00f3n y experiencia de los estudiantes universitarios subgraduados\u00a0 en torno al uso de la inteligencia artificial generativa<\/p>\n<p class=\"x_ydp2af13059yiv5629115408MsoNormal\" align=\"center\">Dr. Juan P. V\u00e1zquez P\u00e9rez<\/p>\n<p class=\"x_ydp2af13059yiv5629115408MsoNormal\" align=\"center\">Fecha: 21 de mayo de 2025 a la 10:00am<\/p>\n<p><a href=\"https:\/\/us02web.zoom.us\/j\/81676486470?pwd=7vY99qXYgpG49uvPcoTodUeGwcvS3Y.1\">Join Zoom Meeting<\/a><\/p>\n<p>Meeting ID: 816 7648 6470<\/p>\n<p>Passcode: 182165<\/p>\n<\/div>\n<p style=\"text-align: center;\">_____________________________________________________<\/p>\n<p style=\"text-align: center;\"><strong><span style=\"color: #0000ff;\">Presentaci\u00f3n de propuesta de disertaci\u00f3n<\/span><\/strong><\/p>\n<div align=\"center\" data-ogsc=\"rgb(0, 0, 0)\">\n<p>Bradly Rivera Mu\u00f1iz<\/p>\n<p>\u00c1rea de Curr\u00edculo y Ense\u00f1anza<\/p>\n<p>Adaptaciones currilulares en matem\u00e1ticas para estudiantes con trastornos espec\u00edficos del aprendizaje<\/p>\n<p class=\"x_ydp2af13059yiv5629115408MsoNormal\" align=\"center\">Dr. Omar Hern\u00e1ndez Rodr\u00edguez<\/p>\n<p class=\"x_ydp2af13059yiv5629115408MsoNormal\" align=\"center\">Fecha: 19 de mayo de 2025 a la 10:00am<\/p>\n<p><a href=\"https:\/\/us02web.zoom.us\/j\/86379809487?pwd=gNXqLR6Wm2mNMU5To3VBmPbbviaiJ3.1\">Join Zoom Meeting<\/a><\/p>\n<p>Meeting ID: 863 7980 9487<\/p>\n<p>Passcode: 370916<\/p>\n<\/div>\n<p style=\"text-align: center;\">_____________________________________________________<\/p>\n<p style=\"text-align: center;\"><strong><span style=\"color: #008000;\">Defensa de disertaci\u00f3n<\/span><\/strong><\/p>\n<div align=\"center\" data-ogsc=\"rgb(0, 0, 0)\">\n<p>Pedro de Jesus Marrero<\/p>\n<p>\u00c1rea de Curr\u00edculo y Ense\u00f1anza, Sub-especialidad en Historia\/Estudios Sociales<\/p>\n<p>Consecuencias de la legislaci\u00f3n federal y estatal en el programa de Estudios Sociales del Departamento de Educaci\u00f3n de Puerto Rico entre los a\u00f1os 1965 y 2023<\/p>\n<p class=\"x_ydp2af13059yiv5629115408MsoNormal\" align=\"center\">Dra. Mar\u00eda del Carmen Zorrilla<\/p>\n<p class=\"x_ydp2af13059yiv5629115408MsoNormal\" align=\"center\">Fecha: 16 de mayo de 2025 a las 2:00pm<\/p>\n<\/div>\n<p style=\"text-align: center;\">_____________________________________________________<\/p>\n<p style=\"text-align: center;\"><strong><span style=\"color: #008000;\">Defensa de disertaci\u00f3n<\/span><\/strong><\/p>\n<div align=\"center\" data-ogsc=\"rgb(0, 0, 0)\">\n<p>Jos\u00e9 A. Benitez Mel\u00e9ndez<\/p>\n<p>\u00c1rea de Curr\u00edculo y Ense\u00f1anza, Sub-especialidad en Espa\u00f1ol<\/p>\n<p>La escritura para la vida acad\u00e9mica: Pr\u00e1cticas para el fortalecimiento de destrezas de redacci\u00f3n en estudiantes de escuela superior<\/p>\n<p class=\"x_ydp2af13059yiv5629115408MsoNormal\" align=\"center\">Dra. Rose Marie Santiago Villafa\u00f1e<\/p>\n<p class=\"x_ydp2af13059yiv5629115408MsoNormal\" align=\"center\">Fecha: 16 de mayo de 2025 a las 10:30am<\/p>\n<p>Sala 570, Fac. de Educaci\u00f3n<\/p>\n<\/div>\n<p style=\"text-align: center;\">_____________________________________________________<\/p>\n<p style=\"text-align: center;\"><strong><span style=\"color: #008000;\">Defensa de tesis<\/span><\/strong><\/p>\n<div align=\"center\" data-ogsc=\"rgb(0, 0, 0)\">\n<p>Mar\u00eda del R. Irrizarry Rom\u00e1n<\/p>\n<p>\u00c1rea de Investigaci\u00f3n y Evaluaci\u00f3n Educativa<\/p>\n<p>Conceptualizaci\u00f3n de la ciudadan\u00eda seg\u00fan estudiantes de duodecimo grado de dos colegios privados al sur de Puerto Rico<\/p>\n<p class=\"x_ydp2af13059yiv5629115408MsoNormal\" align=\"center\">Dra. Mar\u00eda Medina D\u00edaz<\/p>\n<p class=\"x_ydp2af13059yiv5629115408MsoNormal\" align=\"center\">Fecha: 15 de mayo de 2025 a las 4:00pm<\/p>\n<p>Sal\u00f3n 368, Fac. Educaci\u00f3n<\/p>\n<\/div>\n<p style=\"text-align: center;\">_____________________________________________________<\/p>\n<p style=\"text-align: center;\"><strong><span style=\"color: #008000;\">Defensa de disertaci\u00f3n<\/span><\/strong><\/p>\n<div align=\"center\" data-ogsc=\"rgb(0, 0, 0)\">\n<p>Ana Rosa Mart\u00ednez Guzm\u00e1n<\/p>\n<p>\u00c1rea de Liderazgo en Organizaciones Educativas<\/p>\n<p>Directores de escuelas elemental de nuevo nombramiento y el desempe\u00f1o del liderazgo did\u00e1ctico: Un estudio de caso<\/p>\n<p class=\"x_ydp2af13059yiv5629115408MsoNormal\" align=\"center\">Dr. Juan R. Rodr\u00edguez<\/p>\n<p class=\"x_ydp2af13059yiv5629115408MsoNormal\" align=\"center\">Fecha: 15 de mayo de 2025 a las 2:00pm<\/p>\n<p><a href=\"https:\/\/us02web.zoom.us\/j\/88965383414?pwd=0blBECMBaqTLt4gThpJqTesnwEzeNb.1\">Join Zoom Meeting<\/a><\/p>\n<p>Meeting ID: 889 6538 3414<\/p>\n<p>Passcode: 760078<\/p>\n<\/div>\n<p style=\"text-align: center;\">_____________________________________________________<\/p>\n<p style=\"text-align: center;\"><strong><span style=\"color: #008000;\">Defensa de disertaci\u00f3n<\/span><\/strong><\/p>\n<div align=\"center\" data-ogsc=\"rgb(0, 0, 0)\">\n<p>Miosotis Ortiz Pacheco<\/p>\n<p>\u00c1rea de Orientaci\u00f3n y Consejer\u00eda<\/p>\n<p>Competemcia percibida de los consejeros profesionales en Puerto Rico para trabajar con poblaciones diversas<\/p>\n<p class=\"x_ydp2af13059yiv5629115408MsoNormal\" align=\"center\">Dr. Ariel Agosto Cepeda<\/p>\n<p class=\"x_ydp2af13059yiv5629115408MsoNormal\" align=\"center\">Fecha: 15 de mayo de 2025 a las 4:00pm<\/p>\n<p><a href=\"https:\/\/us02web.zoom.us\/j\/84766740899?pwd=bMmKyfQ2EgmK2lkgjdn1qOalw9de06.1\">Join Zoom Meeting<\/a><\/p>\n<\/div>\n<p style=\"text-align: center;\">_____________________________________________________<\/p>\n<p style=\"text-align: center;\"><strong><span style=\"color: #008000;\">Defensa de proyecto<\/span><\/strong><\/p>\n<div align=\"center\" data-ogsc=\"rgb(0, 0, 0)\">\n<p>Leylanis D\u00edaz Rodr\u00edguez<\/p>\n<p>\u00c1rea de Orientaci\u00f3n y Consejer\u00eda<\/p>\n<p>Sesiones psicoeducativas sobre la Educaci\u00f3n Sexual para ni\u00f1os(as) con autismo de nivel preescolar con el fin de adiestrar Consejeros Profesionales Escolares<\/p>\n<p class=\"x_ydp2af13059yiv5629115408MsoNormal\" align=\"center\">Dra. Ana Mir\u00f3 Mej\u00edas<\/p>\n<p class=\"x_ydp2af13059yiv5629115408MsoNormal\" align=\"center\">Fecha: 15 de mayo de 2025 a las 12:00pm<\/p>\n<p>Sala 570, Fac. de Educaci\u00f3n<\/p>\n<\/div>\n<p style=\"text-align: center;\">_____________________________________________________<\/p>\n<p style=\"text-align: center;\"><strong><span style=\"color: #0000ff;\">Presentaci\u00f3n de propuesta de disertaci\u00f3n<\/span><\/strong><\/p>\n<div align=\"center\" data-ogsc=\"rgb(0, 0, 0)\">\n<p>Rosalee P\u00e9rez Osorio<\/p>\n<p>\u00c1rea de Liderazgo en Organizaciones Educativas<\/p>\n<p>Exigencias laborales y burnout en directores de escuelas ocupacionales o con ofrecimientos ocupacionales<\/p>\n<p class=\"x_ydp2af13059yiv5629115408MsoNormal\" align=\"center\">Dr. V\u00edctor E. Bonilla Rodr\u00edguez<\/p>\n<p class=\"x_ydp2af13059yiv5629115408MsoNormal\" align=\"center\">Fecha: 15 de mayo de 2025 a la 11:00am<\/p>\n<p><a href=\"https:\/\/us02web.zoom.us\/j\/87421340465?pwd=jgTTSv0J5qEFYcUMpnMm4dWotJYxM4.1&amp;from=addon\">Join Zoom Meeting<\/a><\/p>\n<p>Meeting ID: 874 2134 0465<\/p>\n<p>Passcode: 567737<\/p>\n<\/div>\n<p style=\"text-align: center;\">_____________________________________________________<\/p>\n<p style=\"text-align: center;\"><strong><span style=\"color: #008000;\">Defensa de tesis<\/span><\/strong><\/p>\n<div align=\"center\" data-ogsc=\"rgb(0, 0, 0)\">\n<p>Pamela Elizabeth Barrera Barroso<\/p>\n<p>\u00c1rea de Ciencias del Ejercicio<\/p>\n<p>Efecto de un programa de actividad f\u00edsica en la aptitud f\u00edsica de empleados universitarios de la Universidad de Puerto Rico, Recinto de Rio Piedras<\/p>\n<p class=\"x_ydp2af13059yiv5629115408MsoNormal\" align=\"center\">Dra. Luc\u00eda del R. Mart\u00ednez<\/p>\n<p class=\"x_ydp2af13059yiv5629115408MsoNormal\" align=\"center\">Fecha: 14 de mayo de 2025 a las 6:00pm<\/p>\n<p>Sal\u00f3n CBS 305<\/p>\n<\/div>\n<p style=\"text-align: center;\">_____________________________________________________<\/p>\n<p style=\"text-align: center;\"><strong><span style=\"color: #0000ff;\">Presentaci\u00f3n de propuesta de disertaci\u00f3n<\/span><\/strong><\/p>\n<div align=\"center\" data-ogsc=\"rgb(0, 0, 0)\">\n<p>Araceli Berrios<\/p>\n<p>\u00c1rea de Curr\u00edculo y Ense\u00f1anza, Sub-especialidad en TESL<\/p>\n<p>Rinc\u00f3n: A linguistic landscape on perapectives and use of english in a west coast town of Puerto Rico<\/p>\n<p class=\"x_ydp2af13059yiv5629115408MsoNormal\" align=\"center\">Dr. Kevin S. Carroll<\/p>\n<p class=\"x_ydp2af13059yiv5629115408MsoNormal\" align=\"center\">Fecha: 14 de mayo de 2025 a la 1:00pm<\/p>\n<p><a href=\"https:\/\/app.zoom.us\/wc\/join\">Join Zoom Meeting<\/a><\/p>\n<p>Meeting ID: 895 2684 5352<\/p>\n<p>Passcode: 313313<\/p>\n<\/div>\n<p style=\"text-align: center;\">_____________________________________________________<\/p>\n<p style=\"text-align: center;\"><strong><span style=\"color: #0000ff;\">Presentaci\u00f3n de propuesta de proyecto<\/span><\/strong><\/p>\n<div align=\"center\" data-ogsc=\"rgb(0, 0, 0)\">\n<p>Janice Jim\u00e9nez Alicea<\/p>\n<p>\u00c1rea de Orientaci\u00f3n y Consejer\u00eda<\/p>\n<p>Experiencia grupal psicoeducativa: \u00a1Conduce tu vuelo interno! La inteligencia emocional como prevenci\u00f3n ante el maltrato emocional<\/p>\n<p class=\"x_ydp2af13059yiv5629115408MsoNormal\" align=\"center\">Dra. Claudia X. Alvarez<\/p>\n<p class=\"x_ydp2af13059yiv5629115408MsoNormal\" align=\"center\">Fecha: 14 de mayo de 2025 a la 1:00pm<\/p>\n<p>Sala 570, Fac. de Educaci\u00f3n<\/p>\n<\/div>\n<p style=\"text-align: center;\">_____________________________________________________<\/p>\n<p style=\"text-align: center;\"><strong><span style=\"color: #008000;\">Defensa de disertaci\u00f3n<\/span><\/strong><\/p>\n<div align=\"center\" data-ogsc=\"rgb(0, 0, 0)\">\n<p>Valeria Segarra<\/p>\n<p>\u00c1rea de Curr\u00edculo y Ense\u00f1anza, Sub-especialidad en TESL<\/p>\n<p>Bilingualism in adulthood: Action research in an intensive conversational english language course<\/p>\n<p class=\"x_ydp2af13059yiv5629115408MsoNormal\" align=\"center\">Dr. Kevin S. Carroll<\/p>\n<p class=\"x_ydp2af13059yiv5629115408MsoNormal\" align=\"center\">Fecha: 14 de mayo de 2025 a las 10:00am<\/p>\n<p><a href=\"https:\/\/app.zoom.us\/wc\/join\">Join Zoom Meeting<\/a><\/p>\n<p>Meeting ID: 819 3954 7794<\/p>\n<p>Passcode: 787787<\/p>\n<\/div>\n<p style=\"text-align: center;\">_____________________________________________________<\/p>\n<p style=\"text-align: center;\"><strong><span style=\"color: #008000;\">Defensa de disertaci\u00f3n<\/span><\/strong><\/p>\n<div align=\"center\" data-ogsc=\"rgb(0, 0, 0)\">\n<p>Carlia Cruz D\u00edaz<\/p>\n<p>\u00c1rea de Curr\u00edculo y Ense\u00f1anza en Educaci\u00f3n Matem\u00e1tica<\/p>\n<p>An\u00e1lisis de los programas de preparaci\u00f3n de maestros de matem\u00e1ticas en Puerto Rico desde la perspectiva del desarrollo del conocimiento pedag\u00f3gico del contenido matem\u00e1tico<\/p>\n<p class=\"x_ydp2af13059yiv5629115408MsoNormal\" align=\"center\">Dr. Omar Hern\u00e1ndez Rodr\u00edguez<\/p>\n<p class=\"x_ydp2af13059yiv5629115408MsoNormal\" align=\"center\">Fecha: 14 de mayo de 2025 a las 9:30am<\/p>\n<p align=\"center\">Sala 570, Fac. de Educaci\u00f3n<\/p>\n<p align=\"center\"><a href=\"https:\/\/nam02.safelinks.protection.outlook.com\/?url=https%3A%2F%2Fus02web.zoom.us%2Fj%2F89657758084%3Fpwd%3DqEVtpfHK3lfxKHa4akregZpXbpoXP0.1&amp;data=05%7C02%7Cjuan.guzman16%40upr.edu%7Ccf708d7515ac4806fce808dd898918e0%7C0dfa5dc0036f461599e494af822f2b84%7C0%7C0%7C638817944091336174%7CUnknown%7CTWFpbGZsb3d8eyJFbXB0eU1hcGkiOnRydWUsIlYiOiIwLjAuMDAwMCIsIlAiOiJXaW4zMiIsIkFOIjoiTWFpbCIsIldUIjoyfQ%3D%3D%7C0%7C%7C%7C&amp;sdata=JJ1GnYWUByPmEyQSufblyAREPzAcrVFgFfi7WE%2FfiO0%3D&amp;reserved=0\">Join Zoom Meeting<\/a><\/p>\n<p align=\"center\">Meeting ID: 896 5775 8084<\/p>\n<p align=\"center\">Passcode: 368554<\/p>\n<\/div>\n<p style=\"text-align: center;\">_____________________________________________________<\/p>\n<p style=\"text-align: center;\"><strong><span style=\"color: #008000;\">Defensa de disertaci\u00f3n<\/span><\/strong><\/p>\n<div align=\"center\" data-ogsc=\"rgb(0, 0, 0)\">\n<p>Alejandra Ayala Bas<\/p>\n<p>\u00c1rea de Liderazgo en Organizaciones Educativas<\/p>\n<p>Pr\u00e1cticas de l\u00edderes educativos para el desarrollo del voluntario en escuelas secundarias en el sector privado de Puerto Rico<\/p>\n<p class=\"x_ydp2af13059yiv5629115408MsoNormal\" align=\"center\">Dra. Mar\u00eda de los \u00c1. Ortiz<\/p>\n<p class=\"x_ydp2af13059yiv5629115408MsoNormal\" align=\"center\">Fecha: 13 de mayo de 2025 a las 4:00pm<\/p>\n<p align=\"center\"><a href=\"https:\/\/nam02.safelinks.protection.outlook.com\/?url=https%3A%2F%2Fus02web.zoom.us%2Fj%2F82385464028%3Fpwd%3D1AbOftzFElDKWecJASMtPwtkecq3jU.1&amp;data=05%7C02%7Cjuan.guzman16%40upr.edu%7C166b8a849235486df5dd08dd88d6af1c%7C0dfa5dc0036f461599e494af822f2b84%7C0%7C0%7C638817177819925078%7CUnknown%7CTWFpbGZsb3d8eyJFbXB0eU1hcGkiOnRydWUsIlYiOiIwLjAuMDAwMCIsIlAiOiJXaW4zMiIsIkFOIjoiTWFpbCIsIldUIjoyfQ%3D%3D%7C0%7C%7C%7C&amp;sdata=1h4ptwBOBI4MzEbhhRQf9IeRrLdB%2Bjjv8Cc806ZSM%2FE%3D&amp;reserved=0\">Join Zoom Meeting<\/a><\/p>\n<p align=\"center\">Meeting ID: 823 8546 4028<\/p>\n<p align=\"center\">Passcode: 315102<\/p>\n<\/div>\n<p style=\"text-align: center;\">_____________________________________________________<\/p>\n<p style=\"text-align: center;\"><strong><span style=\"color: #0000ff;\">Presentaci\u00f3n de propuesta de disertaci\u00f3n<\/span><\/strong><\/p>\n<div align=\"center\" data-ogsc=\"rgb(0, 0, 0)\">\n<p>Luis A. Aguirre Qui\u00f1ones<\/p>\n<p>\u00c1rea de Liderazgo en Organizaciones Educativas<\/p>\n<p>Inclusi\u00f3n y provisi\u00f3n de servicios: Experiencias de l\u00edderes educativos con estudiantes de diversidad funcional<\/p>\n<p class=\"x_ydp2af13059yiv5629115408MsoNormal\" align=\"center\">Dr. Juan R. Rodr\u00edguez<\/p>\n<p class=\"x_ydp2af13059yiv5629115408MsoNormal\" align=\"center\">Fecha: 13 de mayo de 2025 a la 2:30pm<\/p>\n<p><a href=\"https:\/\/us02web.zoom.us\/j\/82516180689?pwd=X6wZFkQK8K5mIdotSMqtFJw0G6LiPI.1\">Join Zoom Meeting<\/a><\/p>\n<p>Meeting ID: 825 1618 0689<\/p>\n<p>Passcode: 657643<\/p>\n<\/div>\n<p style=\"text-align: center;\">_____________________________________________________<\/p>\n<p style=\"text-align: center;\"><strong><span style=\"color: #008000;\">Defensa de proyecto<\/span><\/strong><\/p>\n<div align=\"center\" data-ogsc=\"rgb(0, 0, 0)\">\n<p>Noelia E. G\u00f3mez Ort\u00edz<\/p>\n<p>\u00c1rea de Orientaci\u00f3n y Consejer\u00eda<\/p>\n<p>Actividades psicoeducativas grupales de consejer\u00eda para el manejo del estr\u00e9s y ansiedad po el COVID-19 en estudiantes universitario de primer a\u00f1o<\/p>\n<p class=\"x_ydp2af13059yiv5629115408MsoNormal\" align=\"center\">Dra. Eileen D. Seguinot<\/p>\n<p class=\"x_ydp2af13059yiv5629115408MsoNormal\" align=\"center\">Fecha: 13 de mayo de 2025 a las 1:00pm<\/p>\n<p align=\"center\">Red Graduada, Sala Video Conferencia<\/p>\n<\/div>\n<p style=\"text-align: center;\">_____________________________________________________<\/p>\n<p style=\"text-align: center;\"><strong><span style=\"color: #008000;\">Defensa de disertaci\u00f3n<\/span><\/strong><\/p>\n<div align=\"center\" data-ogsc=\"rgb(0, 0, 0)\">\n<p>Eddie E. Rodr\u00edguez V\u00e1zquez<\/p>\n<p>\u00c1rea de Curr\u00edculo y Ense\u00f1anza, Sub-especialidad en TEDEC<\/p>\n<p>Actividad f\u00edsica, ejercicio y COVID-19 en adulto mayores de 21 a\u00f1os en Puerto Rico<\/p>\n<p class=\"x_ydp2af13059yiv5629115408MsoNormal\" align=\"center\">Dr. Jos\u00e9 C . Vicente<\/p>\n<p class=\"x_ydp2af13059yiv5629115408MsoNormal\" align=\"center\">Fecha: 12 de mayo de 2025 a las 5:00pm<\/p>\n<p align=\"center\">D.E.F<\/p>\n<\/div>\n<p style=\"text-align: center;\">_____________________________________________________<\/p>\n<p style=\"text-align: center;\"><strong><span style=\"color: #008000;\">Defensa de disertaci\u00f3n<\/span><\/strong><\/p>\n<div align=\"center\" data-ogsc=\"rgb(0, 0, 0)\">\n<p>\u00c1ngel Eduardo P\u00e9rez\u00a0 Vega<\/p>\n<p>\u00c1rea de Liderazgo en Organizaciones Educativas<\/p>\n<p>Significados y experiencias respecto al aprendizaje y la praxis de las dimensiones del neuroliderazgo en estudiantes de internado en liderazgo educativo de una instituci\u00f3n universitaria de Puerto Rico<\/p>\n<p class=\"x_ydp2af13059yiv5629115408MsoNormal\" align=\"center\">Dra. Mar\u00eda de los \u00c1. Ortiz<\/p>\n<p class=\"x_ydp2af13059yiv5629115408MsoNormal\" align=\"center\">Fecha: 12 de mayo de 2025 a las 3:00pm<\/p>\n<p align=\"center\"><a href=\"https:\/\/nam02.safelinks.protection.outlook.com\/?url=https%3A%2F%2Fwww.google.com%2Furl%3Fq%3Dhttps%253A%252F%252Fus02web.zoom.us%252Fj%252F84868149753%253Fpwd%253DbHh5MKxQihTkjHR6WBeDHVxTFD2kN7.1%26sa%3DD%26ust%3D1746547800000000%26usg%3DAOvVaw2cpZy3j2sxHa7mANCNqd6S&amp;data=05%7C02%7Cjuan.guzman16%40upr.edu%7Cd8a4c78980f748b58c8008dd88d1a1ce%7C0dfa5dc0036f461599e494af822f2b84%7C0%7C0%7C638817156144883610%7CUnknown%7CTWFpbGZsb3d8eyJFbXB0eU1hcGkiOnRydWUsIlYiOiIwLjAuMDAwMCIsIlAiOiJXaW4zMiIsIkFOIjoiTWFpbCIsIldUIjoyfQ%3D%3D%7C0%7C%7C%7C&amp;sdata=OhQzKBPKD4pTV6MF%2FxcK7T5yGVf50%2BSFcxstAwd4Ibc%3D&amp;reserved=0\">Join Zoom Meeting<\/a><\/p>\n<p align=\"center\">Meeting ID: 848 6814 9753<\/p>\n<p align=\"center\">Passcode: 253812<\/p>\n<\/div>\n<p style=\"text-align: center;\">_____________________________________________________<\/p>\n<p style=\"text-align: center;\"><strong><span style=\"color: #008000;\">Defensa de tesis<\/span><\/strong><\/p>\n<div align=\"center\" data-ogsc=\"rgb(0, 0, 0)\">\n<p>Veecktoria Mel\u00e9ndez Jusino<\/p>\n<p>\u00c1rea de Investigaci\u00f3n y Evaluaci\u00f3n Educativa<\/p>\n<p>Experiencias de estudiantes subgraduados y graduados de \u00e1reas de STEM en un curso de destreza de comunicaci\u00f3n<\/p>\n<p class=\"x_ydp2af13059yiv5629115408MsoNormal\" align=\"center\">Dr. V\u00edctor E. Bonilla Rodr\u00edguez<\/p>\n<p class=\"x_ydp2af13059yiv5629115408MsoNormal\" align=\"center\">Fecha: 12 de mayo de 2025 a las 9:30am<\/p>\n<p align=\"center\"><a href=\"https:\/\/us02web.zoom.us\/j\/82733357678?pwd=Xy2CNZlWw8LpVcvlR1oY3JZZKxBipZ.1&amp;from=addon\">Join Zoom Meeting<\/a><\/p>\n<p align=\"center\">Meeting ID: 827 3335 7678<\/p>\n<p align=\"center\">Passcode: 363458<\/p>\n<\/div>\n<p style=\"text-align: center;\">_____________________________________________________<\/p>\n<p style=\"text-align: center;\"><strong><span style=\"color: #008000;\">Defensa de disertaci\u00f3n<\/span><\/strong><\/p>\n<div align=\"center\" data-ogsc=\"rgb(0, 0, 0)\">\n<p>Zuleyka Guadalupe Matos<\/p>\n<p>\u00c1rea de Curr\u00edculo y Ense\u00f1anza, Sub-especialidad en TESL<\/p>\n<p>Navigating Bilingualism: Exploring educators perspectives on bilingual education upon completion of the bilingual education academy 2020-2021<\/p>\n<p class=\"x_ydp2af13059yiv5629115408MsoNormal\" align=\"center\">Dr. Kevin S. Carroll<\/p>\n<p class=\"x_ydp2af13059yiv5629115408MsoNormal\" align=\"center\">Fecha: 9 de mayo de 2025 a las 11:00am<\/p>\n<p align=\"center\">Sala 570, Fac. de Educaci\u00f3n<\/p>\n<\/div>\n<p style=\"text-align: center;\">_____________________________________________________<\/p>\n<p style=\"text-align: center;\"><strong><span style=\"color: #008000;\">Defensa de disertaci\u00f3n<\/span><\/strong><\/p>\n<div align=\"center\" data-ogsc=\"rgb(0, 0, 0)\">\n<p>Yency Choque Dextre<\/p>\n<p>\u00c1rea de Curr\u00edculo y Ense\u00f1anza<\/p>\n<p>Modelo estad\u00edstico de clasificaci\u00f3n y predicci\u00f3n en tres etapas para determinar los factores del rendimiento matem\u00e1tico del estudio internacional TIMSS 2019<\/p>\n<p class=\"x_ydp2af13059yiv5629115408MsoNormal\" align=\"center\">Dr. Omar Hern\u00e1ndez Rodr\u00edguez<\/p>\n<p class=\"x_ydp2af13059yiv5629115408MsoNormal\" align=\"center\">Fecha: 9 de mayo de 2025 a las 10:00am<\/p>\n<p align=\"center\"><a href=\"https:\/\/nam02.safelinks.protection.outlook.com\/?url=https%3A%2F%2Fus02web.zoom.us%2Fj%2F81671245103%3Fpwd%3DqiHdmED1b5c0Ru80IdUhxGmxp6q72L.1&amp;data=05%7C02%7Cjuan.guzman16%40upr.edu%7Ce0ce909562d54d90a25c08dd8ca8aa6e%7C0dfa5dc0036f461599e494af822f2b84%7C0%7C0%7C638821378262299242%7CUnknown%7CTWFpbGZsb3d8eyJFbXB0eU1hcGkiOnRydWUsIlYiOiIwLjAuMDAwMCIsIlAiOiJXaW4zMiIsIkFOIjoiTWFpbCIsIldUIjoyfQ%3D%3D%7C0%7C%7C%7C&amp;sdata=zjjqsN9m2cOgXBW43mwj5mEP%2BRCcbMiN2Yl1qaMyrTI%3D&amp;reserved=0\">Join Zoom Meeting<\/a><\/p>\n<p align=\"center\">Meeting ID: 816 7124 5103<\/p>\n<p align=\"center\">Passcode: 946390<\/p>\n<\/div>\n<p style=\"text-align: center;\">_____________________________________________________<\/p>\n<p style=\"text-align: center;\"><strong><span style=\"color: #008000;\">Defensa de tesis<\/span><\/strong><\/p>\n<div align=\"center\" data-ogsc=\"rgb(0, 0, 0)\">\n<p>Nilda Vargas Torres<\/p>\n<p>\u00c1rea de Liderazgo en Organizaciones Educativas<\/p>\n<p>Experiencias de l\u00edderes educativos durante la pandemia del COVID-19: Un estudio de caso m\u00faltiple<\/p>\n<p class=\"x_ydp2af13059yiv5629115408MsoNormal\" align=\"center\">Dra. Claudia X. Alvarez Romero<\/p>\n<p class=\"x_ydp2af13059yiv5629115408MsoNormal\" align=\"center\">Fecha: 8 de mayo de 2025 a las 4:00pm<\/p>\n<p align=\"center\">Sala 570, Fac. de Educaci\u00f3n<\/p>\n<\/div>\n<p style=\"text-align: center;\">_____________________________________________________<\/p>\n<p style=\"text-align: center;\"><strong><span style=\"color: #008000;\">Defensa de disetaci\u00f3n<\/span><\/strong><\/p>\n<div align=\"center\" data-ogsc=\"rgb(0, 0, 0)\">\n<p>V\u00edctor Manuel Serrano Rom\u00e1n<\/p>\n<p>\u00c1rea de Orientaci\u00f3n y Consejr\u00eda<\/p>\n<p>Visisbilidad de estudiantes de experiencias transg\u00e9nero y g\u00e9nero no binario en el escenario universitario: Factores y percepciones para una universidad trans-afirmativa<\/p>\n<p class=\"x_ydp2af13059yiv5629115408MsoNormal\" align=\"center\">Dr. Richie Delgado Ortega<\/p>\n<p class=\"x_ydp2af13059yiv5629115408MsoNormal\" align=\"center\">Fecha: 8 de mayo de 2025 a las 9:00am<\/p>\n<p align=\"center\">Sal\u00f3n PU 4055, Torre Central &#8211; Plaza Universitaria<\/p>\n<\/div>\n<p style=\"text-align: center;\">_____________________________________________________<\/p>\n<p style=\"text-align: center;\"><strong><span style=\"color: #0000ff;\">Presentaci\u00f3n de propuesta de disertaci\u00f3n<\/span><\/strong><\/p>\n<div align=\"center\" data-ogsc=\"rgb(0, 0, 0)\">\n<p>Liza Navarro Col\u00f3n<\/p>\n<p>\u00c1rea de Curr\u00edculo y Ense\u00f1anza, Sub-especialidad en TDEC<\/p>\n<p>Estrategias y actividades para fomentar el inter\u00e9s y el desarrollo de la lectoescritura en ni\u00f1os de segundo y tercer grado: Una investigaci\u00f3n en acci\u00f3n<\/p>\n<p class=\"x_ydp2af13059yiv5629115408MsoNormal\" align=\"center\">Dra. Gladys Capella Noya<\/p>\n<p class=\"x_ydp2af13059yiv5629115408MsoNormal\" align=\"center\">Fecha: 7 de mayo de 2025 a las 3:00pm<\/p>\n<p><a href=\"https:\/\/us02web.zoom.us\/j\/86108817671?pwd=gyh49ypNMyxuQFN0aKZuF37Fc6f2H2.1\">Join Zoom Meeting<\/a><\/p>\n<p>Meeting ID: 861 0881 7671<\/p>\n<p>Passcode: 440892<\/p>\n<\/div>\n<p style=\"text-align: center;\">_____________________________________________________<\/p>\n<p style=\"text-align: center;\"><strong><span style=\"color: #008000;\">Defensa de disertaci\u00f3n<\/span><\/strong><\/p>\n<div align=\"center\" data-ogsc=\"rgb(0, 0, 0)\">\n<p>Purisima Centeno Ayal\u00f3n<\/p>\n<p>\u00c1rea de Curr\u00edculo y Ense\u00f1anza, Sub-especialidad en Tecnolog\u00eda del Aprendizaje<\/p>\n<p>El desarrollo de destrezas de informaci\u00f3n en la modalidad en l\u00ednea en la educaci\u00f3n superior<\/p>\n<p class=\"x_ydp2af13059yiv5629115408MsoNormal\" align=\"center\">Dr. Juan P. V\u00e1zquez P\u00e9rez<\/p>\n<p class=\"x_ydp2af13059yiv5629115408MsoNormal\" align=\"center\">Fecha: 5 de mayo de 2025 a las 3:00pm<\/p>\n<p align=\"center\">Sala 570, Fac. Educaci\u00f3n<\/p>\n<\/div>\n<p style=\"text-align: center;\">_____________________________________________________<\/p>\n<p style=\"text-align: center;\"><strong><span style=\"color: #008000;\">Defensa de disertaci\u00f3n<\/span><\/strong><\/p>\n<div align=\"center\" data-ogsc=\"rgb(0, 0, 0)\">\n<p>Gregorio A. V\u00e1zquez M\u00e9ndez<\/p>\n<p>\u00c1rea de Curr\u00edculo y Ense\u00f1anza del Espa\u00f1ol<\/p>\n<p>El conocimiento Ling\u00fcistico-Pedag\u00f3gico de maestros de espa\u00f1ol aceca de las habilidades ling\u00fcisticas de sus estudiantes biling\u00fces en escuelas puertorrique\u00f1as de inmersi\u00f3n en ingl\u00e9s<\/p>\n<p class=\"x_ydp2af13059yiv5629115408MsoNormal\" align=\"center\">Dra. Rosa Guzzardo Tamargo<\/p>\n<p class=\"x_ydp2af13059yiv5629115408MsoNormal\" align=\"center\">Fecha: 5 de mayo de 2025 a las 11:00am<\/p>\n<p align=\"center\">Sala 570, Fac. Educaci\u00f3n<\/p>\n<\/div>\n<p style=\"text-align: center;\">_____________________________________________________<\/p>\n<p style=\"text-align: center;\"><strong><span style=\"color: #008000;\">Defensa de disertaci\u00f3n<\/span><\/strong><\/p>\n<div align=\"center\" data-ogsc=\"rgb(0, 0, 0)\">\n<p>Bryan A. Boyle Santiago<\/p>\n<p>\u00c1rea de Ciencias del Ejercicio<\/p>\n<p>Perfil morfofisiol\u00f3gico de ciclistas de monta\u00f1a a campo traviesa ol\u00edmpico (XCO-MTB) puertorrique\u00f1os<\/p>\n<p class=\"x_ydp2af13059yiv5629115408MsoNormal\" align=\"center\">Dra. Luc\u00eda del R. Mart\u00ednez<\/p>\n<p class=\"x_ydp2af13059yiv5629115408MsoNormal\" align=\"center\">Fecha: 2 de mayo de 2025 a las 5:30 pm<\/p>\n<p align=\"center\">Sala CBS 305<\/p>\n<\/div>\n<p style=\"text-align: center;\">_____________________________________________________<\/p>\n<p style=\"text-align: center;\"><strong><span style=\"color: #008000;\">Defensa de disertaci\u00f3n<\/span><\/strong><\/p>\n<div align=\"center\" data-ogsc=\"rgb(0, 0, 0)\">\n<p>Rosaline Gotay Zeno<\/p>\n<p>\u00c1rea de Curr\u00edculo y Ense\u00f1anza<\/p>\n<p>Una mirada transdisciplinaria a la pedagog\u00eda hospitalaria para la ni\u00f1ez con c\u00e1ncer en Puerto Rico: Un estudio fenomenol\u00f3gico<\/p>\n<p class=\"x_ydp2af13059yiv5629115408MsoNormal\" align=\"center\">Dr. Joseph Carroll<\/p>\n<p class=\"x_ydp2af13059yiv5629115408MsoNormal\" align=\"center\">Fecha: 2 de mayo de 2025 a las 1:00 pm<\/p>\n<p align=\"center\">Sala 570, Fac. Educaci\u00f3n<\/p>\n<\/div>\n<p style=\"text-align: center;\">_____________________________________________________<\/p>\n<p><span style=\"color: #ff0000;\"><strong>abril 2025<\/strong><\/span><\/p>\n<p style=\"text-align: center;\"><strong><span style=\"color: #008000;\">Defensa de disertaci\u00f3n<\/span><\/strong><\/p>\n<div align=\"center\" data-ogsc=\"rgb(0, 0, 0)\">\n<p>Myrna El\u00edas Narv\u00e1ez<\/p>\n<p>\u00c1rea de Orientaci\u00f3n y Consejer\u00eda<\/p>\n<p>Hacia una teor\u00eda decolonial de la vejez en Puerto Rico: Etnograf\u00eda cr\u00edtica e interseccionalidad<\/p>\n<p class=\"x_ydp2af13059yiv5629115408MsoNormal\" align=\"center\">Dra. Rosy Fern\u00e1ndez Garc\u00eda<\/p>\n<p class=\"x_ydp2af13059yiv5629115408MsoNormal\" align=\"center\">Fecha: 30 de abril de 2025 a las 1:30pm<\/p>\n<p><a href=\"https:\/\/us06web.zoom.us\/meeting\/register\/nQDfB8FIREisSAE1Ims4mg#\/registration\">Join Zoom Meeting<\/a><\/p>\n<p>Meeting ID: 825 1851 4100<\/p>\n<p>Passcode: 219517<\/p>\n<\/div>\n<p style=\"text-align: center;\">_____________________________________________________<\/p>\n<p style=\"text-align: center;\"><strong><span style=\"color: #0000ff;\">Presentaci\u00f3n de propuesta de disertaci\u00f3n<\/span><\/strong><\/p>\n<p style=\"text-align: center;\">Daniel H. Guiti\u00e9rrez Vel\u00e1zquez<\/p>\n<p style=\"text-align: center;\">\u00c1rea de Curr\u00edculo y Ense\u00f1anza<\/p>\n<p class=\"x_ydp2af13059yiv5629115408MsoNormal\" align=\"center\">Concepciones de los estudiantes de programas graduados de Ciencias Naturales de la Universidad de Puerto Rico acerca del conocimiento cient\u00edfico y c\u00f3mo se produce<\/p>\n<p class=\"x_ydp2af13059yiv5629115408MsoNormal\" align=\"center\">Dra. Claudia X. Alvarez<\/p>\n<p class=\"x_ydp2af13059yiv5629115408MsoNormal\" align=\"center\">Fecha: 29 de abril de 2025 a las 4:00pm<\/p>\n<p class=\"x_ydp2af13059yiv5629115408MsoNormal\" align=\"center\">Red Graduada, Bilblioteca Dr. Jos\u00e9 M. L\u00e1zaro<\/p>\n<p class=\"x_ydp2af13059yiv5629115408MsoNormal\" align=\"center\">_____________________________________________________<\/p>\n<p style=\"text-align: center;\"><strong><span style=\"color: #0000ff;\">Presentaci\u00f3n de propuesta de disertaci\u00f3n<\/span><\/strong><\/p>\n<p style=\"text-align: center;\">H\u00e9ctor L. Cruz Rivera<\/p>\n<p style=\"text-align: center;\">\u00c1rea de Orientaci\u00f3n y Consejer\u00eda<\/p>\n<p class=\"x_ydp2af13059yiv5629115408MsoNormal\" align=\"center\">La Espiritualidad y el bienestrar (wellness) en estudiantes iniversitarios LGBTQI+: Vivencias y perapectivas de los aactores<\/p>\n<p class=\"x_ydp2af13059yiv5629115408MsoNormal\" align=\"center\">Dr. Reinaldo Berr\u00edos Rivera<\/p>\n<p class=\"x_ydp2af13059yiv5629115408MsoNormal\" align=\"center\">Fecha: 24 de abril de 2025 a las 4:30pm<\/p>\n<p class=\"x_ydp2af13059yiv5629115408MsoNormal\" align=\"center\"><a href=\"https:\/\/teams.microsoft.com\/dl\/launcher\/launcher.html?url=%2F_%23%2Fl%2Fmeetup-join%2F19%3Ameeting_MWM4NDEyYzEtMjc2ZS00NjZlLWEzYmMtZjUyNzhjZTFiMTdk%40thread.v2%2F0%3Fcontext%3D%257b%2522Tid%2522%253a%25220dfa5dc0-036f-4615-99e4-94af822f2b84%2522%252c%2522Oid%2522%253a%2522260f732d-bc11-44c4-b35d-e4827ab156d7%2522%257d%26anon%3Dtrue&amp;type=meetup-join&amp;deeplinkId=d549f2c6-790e-48ad-a61a-52581765a296&amp;directDl=true&amp;msLaunch=true&amp;enableMobilePage=true&amp;suppressPrompt=true\">Join Zoom Meeting<\/a><\/p>\n<p align=\"center\">Meeting ID: 269 687 836<\/p>\n<p align=\"center\">Passcode: hV2Lv2D9<\/p>\n<p class=\"x_ydp2af13059yiv5629115408MsoNormal\" align=\"center\">_____________________________________________________<\/p>\n<p style=\"text-align: center;\"><strong><span style=\"color: #0000ff;\">Presentaci\u00f3n de propuesta de disertaci\u00f3n<\/span><\/strong><\/p>\n<p style=\"text-align: center;\">Marie Rivera Cosme<\/p>\n<p style=\"text-align: center;\">\u00c1rea de Orientaci\u00f3n y Consejer\u00eda<\/p>\n<p class=\"x_ydp2af13059yiv5629115408MsoNormal\" align=\"center\">La familia y el proceso de &#8220;outing&#8221; en la adolescencia desde la perspectiva de adultos jovenes: Implicaciones para la consejer\u00eda profesional<\/p>\n<p class=\"x_ydp2af13059yiv5629115408MsoNormal\" align=\"center\">Dr. Joseph Carroll<\/p>\n<p class=\"x_ydp2af13059yiv5629115408MsoNormal\" align=\"center\">Fecha: 21 de abril de 2025 a las 3:00pm<\/p>\n<p class=\"x_ydp2af13059yiv5629115408MsoNormal\" align=\"center\">Join Zoom Meeting<\/p>\n<p class=\"x_ydp2af13059yiv5629115408MsoNormal\" align=\"center\">_____________________________________________________<\/p>\n<p style=\"text-align: center;\"><strong><span style=\"color: #008000;\">Defensa de disertaci\u00f3n<\/span><\/strong><\/p>\n<div align=\"center\" data-ogsc=\"rgb(0, 0, 0)\">\n<p>Jomarie Ortiz Alvarez<\/p>\n<p>\u00c1rea de Curr\u00edculo y Ense\u00f1anza, Sub-especialidad en Tecnolog\u00eda del Aprendizaje<\/p>\n<p>Ciberseguridad en la educaci\u00f3n: Pr\u00e1cticas de los estudiantes del nivel graduado<\/p>\n<p class=\"x_ydp2af13059yiv5629115408MsoNormal\" align=\"center\">Dr. V\u00edctor Bonilla Rodr\u00edguez<\/p>\n<p class=\"x_ydp2af13059yiv5629115408MsoNormal\" align=\"center\">Fecha: 16 de abril de 2025 a las 10:00am<\/p>\n<p><a href=\"https:\/\/us02web.zoom.us\/j\/81735311893?pwd=4DqYVoMokaEoHdvnaoBSgo1cdhirkb.1&amp;from=addon\">Join Zoom Meeting<\/a><\/p>\n<p>Meeting ID: 817 3531 1893<\/p>\n<p>Passcode: 485118<\/p>\n<\/div>\n<p style=\"text-align: center;\">_____________________________________________________<\/p>\n<p style=\"text-align: center;\"><strong><span style=\"color: #0000ff;\">Presentaci\u00f3n de propuesta de disertaci\u00f3n<\/span><\/strong><\/p>\n<div align=\"center\" data-ogsc=\"rgb(0, 0, 0)\">\n<p>Jos\u00e9 Gonz\u00e1lez Correa<\/p>\n<p>\u00c1rea de Curr\u00edculo y Ense\u00f1anza, Sub-especialidad en TEDEC<\/p>\n<p>La integraci\u00f3n de las disciplinas como dise\u00f1o curricular en una escuela especial de Bellas Artes del departamento de Educaci\u00f3n de Puerto Rico: Estudio de caso<\/p>\n<p class=\"x_ydp2af13059yiv5629115408MsoNormal\" align=\"center\">Dr. Joseph Carroll<\/p>\n<p class=\"x_ydp2af13059yiv5629115408MsoNormal\" align=\"center\">Fecha: 11 de abril de 2025 a las 3:00pm<\/p>\n<p>Sala 570, Fac. Educaci\u00f3n<\/p>\n<\/div>\n<p style=\"text-align: center;\">_____________________________________________________<\/p>\n<p style=\"text-align: center;\"><strong><span style=\"color: #0000ff;\">Presentaci\u00f3n de propuesta de disertaci\u00f3n<\/span><\/strong><\/p>\n<div align=\"center\" data-ogsc=\"rgb(0, 0, 0)\">\n<p>Diver\u00eds Vega L\u00f3pez<\/p>\n<p>\u00c1rea de Curr\u00edculo y Ense\u00f1anza, Sub-especialidad en Ingl\u00e9s<\/p>\n<p>Artificial Inteligence in english language education: Experiences of Higher Education Professors in Puerto Rico<\/p>\n<p class=\"x_ydp2af13059yiv5629115408MsoNormal\" align=\"center\">Dr. Kevin Carroll<\/p>\n<p class=\"x_ydp2af13059yiv5629115408MsoNormal\" align=\"center\">Fecha: 1 de abril de 2025 a las 2:30pm<\/p>\n<p>Microsoft Teams<\/p>\n<p>Meeting ID: 235 704 204 533<\/p>\n<p>Passcode: 3bv22QV3<\/p>\n<\/div>\n<p style=\"text-align: center;\">_____________________________________________________<\/p>\n<p><span style=\"color: #ff0000;\"><strong>marzo 2025<\/strong><\/span><\/p>\n<p style=\"text-align: center;\"><strong><span style=\"color: #008000;\">Defensa de disertaci\u00f3n<\/span><\/strong><\/p>\n<div align=\"center\" data-ogsc=\"rgb(0, 0, 0)\">\n<p>Yazm\u00edn M\u00e9ndez Bonet<\/p>\n<p>\u00c1rea de Curr\u00edculo y Ense\u00f1anza, Sub-especialidad en Tecnolog\u00eda del Aprendizaje<\/p>\n<p>El desarrollo de destrezas de alfabetizaci\u00f3n digital en las familias para el apoyo en la realizaci\u00f3n de tareas escolares que requieren el uso de las TIC<\/p>\n<p class=\"x_ydp2af13059yiv5629115408MsoNormal\" align=\"center\">Dr. Juan P. V\u00e1zquez<\/p>\n<p class=\"x_ydp2af13059yiv5629115408MsoNormal\" align=\"center\">Fecha: 31 de marzo de 2025 a las 2:00pm<\/p>\n<p>Sala 570, Fac. Educaci\u00f3n<\/p>\n<\/div>\n<p style=\"text-align: center;\">_____________________________________________________<\/p>\n<p style=\"text-align: center;\"><strong><span style=\"color: #008000;\">Defensa de disertaci\u00f3n<\/span><\/strong><\/p>\n<div align=\"center\" data-ogsc=\"rgb(0, 0, 0)\">\n<p>Jessica Bartolomei Guzm\u00e1n<\/p>\n<p>\u00c1rea de Liderazgo en Organizaci\u00f3nes Educativas<\/p>\n<p>Experiencias de l\u00edderes educativos ante el proceso de recuperaci\u00f3n de un desastre natural: Estudio fenomenol\u00f3gico<\/p>\n<p class=\"x_ydp2af13059yiv5629115408MsoNormal\" align=\"center\">Dra. Alicia Monta\u00f1ez Garc\u00eda<\/p>\n<p class=\"x_ydp2af13059yiv5629115408MsoNormal\" align=\"center\">Fecha: 25 de marzo de 2025 a las 4:00pm<\/p>\n<p>Sala 570, Fac. Educaci\u00f3n<\/p>\n<\/div>\n<p style=\"text-align: center;\">_____________________________________________________<\/p>\n<p style=\"text-align: center;\"><strong><span style=\"color: #0000ff;\">Presentaci\u00f3n de propuesta de disertaci\u00f3n<\/span><\/strong><\/p>\n<div align=\"center\" data-ogsc=\"rgb(0, 0, 0)\">\n<p>Ariana Gonz\u00e1lez Mezo<\/p>\n<p>\u00c1rea de Curr\u00edculo y Ense\u00f1anza, Sub-especialidad en TESL<\/p>\n<p>The impact of AI on curriculum an assessment in ESL writing in Puerto Rico<\/p>\n<p class=\"x_ydp2af13059yiv5629115408MsoNormal\" align=\"center\">Dr. Kevin S. Carroll<\/p>\n<p class=\"x_ydp2af13059yiv5629115408MsoNormal\" align=\"center\">Fecha: 21 de marzo de 2025 a la 1:00pm<\/p>\n<p><a href=\"https:\/\/us02web.zoom.us\/j\/81850476218?pwd=ZMatJI8dS4KIsbPlT5ShB2ijJaihbb.1\">Join Zoom Meeting<\/a><br \/>\nMeeting ID: 818 5047 6218<\/p>\n<p>Passcode: 313787<\/p>\n<\/div>\n<p style=\"text-align: center;\">_____________________________________________________<\/p>\n<p style=\"text-align: center;\"><strong><span style=\"color: #0000ff;\">Presentaci\u00f3n de propuesta de disertaci\u00f3n<\/span><\/strong><\/p>\n<div align=\"center\" data-ogsc=\"rgb(0, 0, 0)\">\n<p>Jan C. De la Paz Rivera<\/p>\n<p>\u00c1rea de Liderazgo en Organizaciones Educactivas<\/p>\n<p>La migraci\u00f3n de l\u00edderes educativos: Transferencia y aplicaci\u00f3n de habilidades de liderazgo en organizaciones no educativas<\/p>\n<p class=\"x_ydp2af13059yiv5629115408MsoNormal\" align=\"center\">Dr. Juan P. V\u00e1zquez<\/p>\n<p class=\"x_ydp2af13059yiv5629115408MsoNormal\" align=\"center\">Fecha: 10 de marzo de 2025 a las 11:00am<\/p>\n<p><a href=\"https:\/\/us02web.zoom.us\/j\/81378380984?pwd=Fkihum20DELea07TxvRsRq9H25l2WS.1\">Join Zoom Meeting<\/a><\/p>\n<p>Meeting ID: 813 7838 0984<\/p>\n<p>Passcode: 074437<\/p>\n<\/div>\n<p style=\"text-align: center;\">_____________________________________________________<\/p>\n<p style=\"text-align: center;\"><strong><span style=\"color: #008000;\">Defensa de disertaci\u00f3n<\/span><\/strong><\/p>\n<div align=\"center\" data-ogsc=\"rgb(0, 0, 0)\">\n<p>Dafne A. Jim\u00e9nez Tirado<\/p>\n<p>\u00c1rea de Liderazgo en Organizaci\u00f3nes Educativas<\/p>\n<p>Estrategias para una cultura inclusiva en escuelas especializadas-magneto ocupacional de Bellas Artes en San Juan<\/p>\n<p class=\"x_ydp2af13059yiv5629115408MsoNormal\" align=\"center\">Dra. Alicia Monta\u00f1ez Garc\u00eda<\/p>\n<p class=\"x_ydp2af13059yiv5629115408MsoNormal\" align=\"center\">Fecha: 6 de marzo de 2025 a las 4:30pm<\/p>\n<p><a href=\"https:\/\/us02web.zoom.us\/j\/87530014816?pwd=NXA4X5doemzXziXoXlhp7p9JykoyAh.1\">Join Zoom Meeting<\/a><\/p>\n<\/div>\n<p style=\"text-align: center;\">_____________________________________________________<\/p>\n<p style=\"text-align: center;\"><strong><span style=\"color: #0000ff;\">Presentaci\u00f3n de propuesta de disertaci\u00f3n<\/span><\/strong><\/p>\n<div align=\"center\" data-ogsc=\"rgb(0, 0, 0)\">\n<p>Belymar Ruiz Sierra<\/p>\n<p>\u00c1rea de Curr\u00edculo y Ense\u00f1anza, Sub-especialidad en Espa\u00f1ol<\/p>\n<p>Experiencias en la producci\u00f3n de escritos originales de estudiantes de secundaria en una escuela privada en Puerto Rico<\/p>\n<p class=\"x_ydp2af13059yiv5629115408MsoNormal\" align=\"center\">Dra. Rose Marie Santiago<\/p>\n<p class=\"x_ydp2af13059yiv5629115408MsoNormal\" align=\"center\">Fecha: 4 de marzo de 2025<\/p>\n<p><a href=\"https:\/\/us02web.zoom.us\/j\/82896716833?pwd=4c99Rn6TTHBeH0d0DgK1dOnMv2Qlla.1\">Join Zoom Meeting<\/a><\/p>\n<p>Meeting ID: 828 9671 6833<\/p>\n<p>Passcode: 420143<\/p>\n<\/div>\n<p style=\"text-align: center;\">_____________________________________________________<\/p>\n<p style=\"text-align: left;\"><span style=\"color: #ff0000;\"><strong>diciembre 2024<\/strong><\/span><\/p>\n<p style=\"text-align: center;\"><strong><span style=\"color: #008000;\">Defensa de disertaci\u00f3n<\/span><\/strong><\/p>\n<div align=\"center\" data-ogsc=\"rgb(0, 0, 0)\">\n<p>Samira S\u00e1nchez Alem\u00e1n<\/p>\n<p>\u00c1rea de Curr\u00edculo y Ense\u00f1anza, Sub-especialidad en Tecnolog\u00eda del Aprendizaje<\/p>\n<p>Autopercepci\u00f3n sobre el nivel de alfabetizaci\u00f3n digital y las necesidades de capacitaci\u00f3n del personal m\u00e9dico de Puerto Rico<\/p>\n<p class=\"x_ydp2af13059yiv5629115408MsoNormal\" align=\"center\">Dr. Edwin J. Mart\u00ednez<\/p>\n<p class=\"x_ydp2af13059yiv5629115408MsoNormal\" align=\"center\">Fecha: 19 de diciembre de 2024 a las 1:00pm<\/p>\n<p>Modalidad Virtual<\/p>\n<\/div>\n<p style=\"text-align: center;\">_____________________________________________________<\/p>\n<p style=\"text-align: center;\"><strong><span style=\"color: #008000;\">Defensa de disertaci\u00f3n<\/span><\/strong><\/p>\n<div align=\"center\" data-ogsc=\"rgb(0, 0, 0)\">\n<p>Zuania Troche Santiago<\/p>\n<p>\u00c1rea de Liderazgo en Organizaciones Educativas<\/p>\n<p>El liderazgo estrat\u00e9gico y la experiencia eduvativa de los j\u00f3venes transgresores en Puerto Rico<\/p>\n<p class=\"x_ydp2af13059yiv5629115408MsoNormal\" align=\"center\">Dr. Juan R. Rodr\u00edguez Rivera<\/p>\n<p class=\"x_ydp2af13059yiv5629115408MsoNormal\" align=\"center\">Fecha: 18 de diciembre de 2024 a las 9:30am<\/p>\n<p><a href=\"https:\/\/us02web.zoom.us\/j\/87472760784?pwd=ZjNoMmhvVXkvSVUxRUt3WUNOUnNpQT09#success\">Join Zoom Meeting<\/a><\/p>\n<p>Meeting ID: 874 7276 0784<\/p>\n<p>Passcode: 177580<\/p>\n<\/div>\n<p style=\"text-align: center;\">_____________________________________________________<\/p>\n<p style=\"text-align: center;\"><strong><span style=\"color: #0000ff;\">Presentaci\u00f3n de propuesta de disertaci\u00f3n<\/span><\/strong><\/p>\n<p style=\"text-align: center;\">Wilmar Contreas Rivera<\/p>\n<p style=\"text-align: center;\">\u00c1rea de Lidrazgo en Organizaciones Educativas<\/p>\n<p class=\"x_ydp2af13059yiv5629115408MsoNormal\" style=\"text-align: center;\" align=\"center\">Factores que afectan la participaci\u00f3n de la familia en la gesti\u00f3n educativa en una escuela elemental p\u00fablica en la regi\u00f3n noreste<\/p>\n<p class=\"x_ydp2af13059yiv5629115408MsoNormal\" style=\"text-align: center;\" align=\"center\">Dra. Mar\u00eda de los \u00c1ngeles Ortiz<\/p>\n<p class=\"x_ydp2af13059yiv5629115408MsoNormal\" style=\"text-align: center;\" align=\"center\">Fecha: 13 de diciembre de 2024 a las 1:30pm<\/p>\n<p class=\"x_ydp2af13059yiv5629115408MsoNormal\" style=\"text-align: center;\" align=\"center\"><a href=\"https:\/\/us02web.zoom.us\/j\/86895232661?pwd=8HEqNDIlD7Xz7ag1N4N9JftjIdzQy3.1#success\">Join Zoom Meeting<\/a><\/p>\n<p align=\"center\">Meeting ID: 8689 523 2661<\/p>\n<p align=\"center\">Passcode: 635072<\/p>\n<p class=\"x_ydp2af13059yiv5629115408MsoNormal\" align=\"center\">_____________________________________________________<\/p>\n<p style=\"text-align: center;\"><strong><span style=\"color: #0000ff;\">Presentaci\u00f3n de propuesta de disertaci\u00f3n<\/span><\/strong><\/p>\n<p style=\"text-align: center;\">Mar\u00eda del R. Irrizarry Rom\u00e1n<\/p>\n<p style=\"text-align: center;\">\u00c1rea de Investigaci\u00f3n y Evaluaci\u00f3n Educativa<\/p>\n<p class=\"x_ydp2af13059yiv5629115408MsoNormal\" style=\"text-align: center;\" align=\"center\">Conceptualizaci\u00f3n de la ciudadan\u00eda de estudiantes de duod\u00e9cimo grado de dos colegios privados al sur de Puerto Rico<\/p>\n<p class=\"x_ydp2af13059yiv5629115408MsoNormal\" style=\"text-align: center;\" align=\"center\">Dra. Mar\u00eda Medina D\u00edaz<\/p>\n<p class=\"x_ydp2af13059yiv5629115408MsoNormal\" style=\"text-align: center;\" align=\"center\">Fecha: 11 de diciembre de 2024 a las 3:30pm<\/p>\n<p class=\"x_ydp2af13059yiv5629115408MsoNormal\" style=\"text-align: center;\" align=\"center\"><a href=\"https:\/\/us02web.zoom.us\/j\/86895232661?pwd=8HEqNDIlD7Xz7ag1N4N9JftjIdzQy3.1#success\">Join Zoom Meeting<\/a><\/p>\n<p align=\"center\">_____________________________________________________<\/p>\n<p style=\"text-align: center;\"><strong><span style=\"color: #008000;\">Defensa de Proyecto<\/span><\/strong><\/p>\n<div align=\"center\" data-ogsc=\"rgb(0, 0, 0)\">\n<p>Angelica M. Acevedo Ross<\/p>\n<p>\u00c1rea de Orientaci\u00f3n y Consejer\u00eda<\/p>\n<p class=\"x_ydp2af13059yiv5629115408MsoNormal\" align=\"center\">Escucha sus manos: Gu\u00eda para consejeros. Competencia y abordaje adecuado para la comunicaci\u00f3n con personas sordas\/audio-impedidas<\/p>\n<p class=\"x_ydp2af13059yiv5629115408MsoNormal\" align=\"center\">Dra. Juanita Rodr\u00edguez<\/p>\n<p class=\"x_ydp2af13059yiv5629115408MsoNormal\" align=\"center\">Fecha: 10 de diciembre de 2024 a las 1:00pm<\/p>\n<p>Salon 570<\/p>\n<\/div>\n<p style=\"text-align: center;\">_____________________________________________________<\/p>\n<p style=\"text-align: center;\"><strong><span style=\"color: #008000;\">Defensa de disertaci\u00f3n<\/span><\/strong><\/p>\n<div align=\"center\" data-ogsc=\"rgb(0, 0, 0)\">\n<p>Dannael Carrero Pellicier<\/p>\n<p>\u00c1rea de Curr\u00edculo y Ense\u00f1anza, Sub-especialidad en Matem\u00e1tica<\/p>\n<p>La preparaci\u00f3n acad\u00e9mica de futuras y futuros docentes de matem\u00e1tica del nivel elemental en Puerto Rico<\/p>\n<p class=\"x_ydp2af13059yiv5629115408MsoNormal\" align=\"center\">Dr. Omar Hern\u00e1ndez Rodr\u00edguez<\/p>\n<p class=\"x_ydp2af13059yiv5629115408MsoNormal\" align=\"center\">Fecha: 18 de diciembre de 2024 a las 10:00am<\/p>\n<p>Sala 570, Fac. Educaci\u00f3n<\/p>\n<\/div>\n<p style=\"text-align: center;\">_____________________________________________________<\/p>\n<p style=\"text-align: center;\"><strong><span style=\"color: #0000ff;\">Presentaci\u00f3n de propuesta de tesis<\/span><\/strong><\/p>\n<p style=\"text-align: center;\">Pamela Elizabeth Barrera-Barroso<\/p>\n<p style=\"text-align: center;\">\u00c1rea de Ciencias del Ejercicio<\/p>\n<p class=\"x_ydp2af13059yiv5629115408MsoNormal\" style=\"text-align: center;\" align=\"center\">Efecto de un programa de actividad f\u00edsica en la aptitud f\u00edsica de empleados universitarios de la Universidad de Puerto Rico, Recinto de Rio Piedras<\/p>\n<p class=\"x_ydp2af13059yiv5629115408MsoNormal\" style=\"text-align: center;\" align=\"center\">Dra. Luc\u00eda R. Mart\u00ednez<\/p>\n<p class=\"x_ydp2af13059yiv5629115408MsoNormal\" style=\"text-align: center;\" align=\"center\">Fecha: 17 de diciembre de 2024 a las 5:30pm<\/p>\n<p align=\"center\">Sala CBS 305<\/p>\n<p class=\"x_ydp2af13059yiv5629115408MsoNormal\" align=\"center\">_____________________________________________________<\/p>\n<p style=\"text-align: center;\"><strong><span style=\"color: #008000;\">Defensa de disertaci\u00f3n<\/span><\/strong><\/p>\n<div align=\"center\" data-ogsc=\"rgb(0, 0, 0)\">\n<p>Alexandra Tub\u00e9ns La Salle<\/p>\n<p>\u00c1rea de Curr\u00edculo y Ense\u00f1anza, Sub-especialidad en Tecnolog\u00eda del Aprendizaje<\/p>\n<p class=\"x_ydp2af13059yiv5629115408MsoNormal\" align=\"center\">Contingencia tecnol\u00f3gica en la experiencia cl\u00ednica educativa en tiempos de pandemia del COVID-19<\/p>\n<p class=\"x_ydp2af13059yiv5629115408MsoNormal\" align=\"center\">Dr. Juan P. V\u00e1zquez P\u00e9rez<\/p>\n<p class=\"x_ydp2af13059yiv5629115408MsoNormal\" align=\"center\">Fecha: 11 de diciembre de 2024 a las 2:00pm<\/p>\n<p><a href=\"https:\/\/us02web.zoom.us\/j\/84380511607?pwd=HB9GzieNxNc8r37Zzvnm5WHKjuqxcv.1#success\">Join Zoom Meeting<\/a><\/p>\n<p>Meeting ID: 843 8051 1607<\/p>\n<p>Passcode: 244717<\/p>\n<\/div>\n<p style=\"text-align: center;\">_____________________________________________________<\/p>\n<p style=\"text-align: center;\"><strong><span style=\"color: #0000ff;\">Presentaci\u00f3n de propuesta de proyecto<\/span><\/strong><\/p>\n<p style=\"text-align: center;\">Noelia G\u00f3mez Ortiz<\/p>\n<p style=\"text-align: center;\">\u00c1rea de Orientaci\u00f3n y Consejer\u00eda<\/p>\n<p class=\"x_ydp2af13059yiv5629115408MsoNormal\" style=\"text-align: center;\" align=\"center\">Actividades psicoeducativas grupales de consejer\u00eda para el manejo de estr\u00e9s y ansiedad por el COVID-19 en estudiantes universitarios de primer a\u00f1o<\/p>\n<p class=\"x_ydp2af13059yiv5629115408MsoNormal\" style=\"text-align: center;\" align=\"center\">Dra. Eileen Seguinot Ram\u00edrez<\/p>\n<p class=\"x_ydp2af13059yiv5629115408MsoNormal\" style=\"text-align: center;\" align=\"center\">Fecha: 11 de diciembre de 2024 a las 9:00am<\/p>\n<p align=\"center\">Sala 570, Fac. Educaci\u00f3n<\/p>\n<p class=\"x_ydp2af13059yiv5629115408MsoNormal\" align=\"center\">_____________________________________________________<\/p>\n<p style=\"text-align: center;\"><strong><span style=\"color: #0000ff;\">Presentaci\u00f3n de propuesta de proyecto<\/span><\/strong><\/p>\n<p style=\"text-align: center;\">Melissa Gonz\u00e1lez Ortiz<\/p>\n<p style=\"text-align: center;\">\u00c1rea de Orientaci\u00f3n y Consejer\u00eda<\/p>\n<p class=\"x_ydp2af13059yiv5629115408MsoNormal\" style=\"text-align: center;\" align=\"center\">\u00a1A cuidarme!: Sesiones de bienestar para preadolecentes: Gu\u00eda para consejeros escolares<\/p>\n<p class=\"x_ydp2af13059yiv5629115408MsoNormal\" style=\"text-align: center;\" align=\"center\">Dra. Ana Mir\u00f3 Mej\u00edas<\/p>\n<p class=\"x_ydp2af13059yiv5629115408MsoNormal\" style=\"text-align: center;\" align=\"center\">Fecha: 11 de diciembre de 2024 a las 11:00am<\/p>\n<p align=\"center\"><a href=\"https:\/\/meet.google.com\/wyt-tbet-vhi\">Google Meet<\/a><\/p>\n<p class=\"x_ydp2af13059yiv5629115408MsoNormal\" align=\"center\">_____________________________________________________<\/p>\n<p style=\"text-align: center;\"><strong><span style=\"color: #008000;\">Defensa de tesis<\/span><\/strong><\/p>\n<div align=\"center\" data-ogsc=\"rgb(0, 0, 0)\">\n<p>Angelissa M. Avil\u00e9s Parilla<\/p>\n<p>\u00c1rea de Investigaci\u00f3n y Evaluaci\u00f3n Educativa<\/p>\n<p class=\"x_ydp2af13059yiv5629115408MsoNormal\" align=\"center\">Experiencias acad\u00e9micas de mujeres en Estudios Graduados en Matem\u00e1ticas, Ciencias de C\u00f3mputos e Ingenier\u00eda en universidades de Puerto Rico<\/p>\n<p class=\"x_ydp2af13059yiv5629115408MsoNormal\" align=\"center\">Dra. Mar\u00eda Medina D\u00edaz<\/p>\n<p class=\"x_ydp2af13059yiv5629115408MsoNormal\" align=\"center\">Fecha: 10 de diciembre de 2024 a las 3:00pm<\/p>\n<p>Microsoft Teams<\/p>\n<\/div>\n<p style=\"text-align: center;\">_____________________________________________________<\/p>\n<p style=\"text-align: center;\"><strong><span style=\"color: #0000ff;\">Presentaci\u00f3n de propuesta de proyecto<\/span><\/strong><\/p>\n<p style=\"text-align: center;\">Leylanis D\u00edaz Rodr\u00edguez<\/p>\n<p style=\"text-align: center;\">\u00c1rea de Orientaci\u00f3n y Consejer\u00eda<\/p>\n<p class=\"x_ydp2af13059yiv5629115408MsoNormal\" style=\"text-align: center;\" align=\"center\">Sesiones psicoeducativas sobre la Educaci\u00f3n Sexual para ni\u00f1os(a) con autismo de nivel preescolar con el fin de adiestrar Consejeros Profesionales Escolares<\/p>\n<p class=\"x_ydp2af13059yiv5629115408MsoNormal\" style=\"text-align: center;\" align=\"center\">Dra. Ana Mir\u00f3 Mej\u00edas<\/p>\n<p class=\"x_ydp2af13059yiv5629115408MsoNormal\" style=\"text-align: center;\" align=\"center\">Fecha: 9 de diciembre de 2024 a las 3:00pm<\/p>\n<p align=\"center\">Sala 570, Fac. Educaci\u00f3n<\/p>\n<p class=\"x_ydp2af13059yiv5629115408MsoNormal\" align=\"center\">_____________________________________________________<\/p>\n<p style=\"text-align: center;\"><strong><span style=\"color: #008000;\">Defensa de disertaci\u00f3n<\/span><\/strong><\/p>\n<div align=\"center\" data-ogsc=\"rgb(0, 0, 0)\">\n<p>Aleja Quintana Mojica<\/p>\n<p>\u00c1rea de Liderazgo en Organizaciones Educativas<\/p>\n<p class=\"x_ydp2af13059yiv5629115408MsoNormal\" align=\"center\">Estrategias de los directores de escuelas para mejorar el desemp\u00f1o de los maestros de las generaciones baby boomers, X y milenaria<\/p>\n<p class=\"x_ydp2af13059yiv5629115408MsoNormal\" align=\"center\">Dra. Alicia Monta\u00f1ez Garc\u00eda<\/p>\n<p class=\"x_ydp2af13059yiv5629115408MsoNormal\" align=\"center\">Fecha: 9 de diciembre de 2024 a las 1:30pm<\/p>\n<p><a href=\"https:\/\/us02web.zoom.us\/j\/89035819702?pwd=UEZwQUpHVUhQaitReVh6SXdPMzFDUT09#success\">Join Zoom Meeting<\/a><\/p>\n<\/div>\n<p style=\"text-align: center;\">_____________________________________________________<\/p>\n<p style=\"text-align: center;\"><strong><span style=\"color: #008000;\">Defensa de disertaci\u00f3n<\/span><\/strong><\/p>\n<div align=\"center\" data-ogsc=\"rgb(0, 0, 0)\">\n<p>Annelis Rivera M\u00e1rquez<\/p>\n<p>\u00c1rea de Curr\u00edculo y Ense\u00f1anza, Sub-especialidad en Tecnolog\u00eda del Aprendizaje<\/p>\n<p class=\"x_ydp2af13059yiv5629115408MsoNormal\" align=\"center\">Percepciones de futuros maestros de las aplicaciones m\u00f3viles en el proceso de ense\u00f1anza-aprendizaje<\/p>\n<p class=\"x_ydp2af13059yiv5629115408MsoNormal\" align=\"center\">Dr. V\u00edctor Bonilla Rodr\u00edguez<\/p>\n<p class=\"x_ydp2af13059yiv5629115408MsoNormal\" align=\"center\">Fecha: 9 de diciembre de 2024 a las 1:00pm<\/p>\n<p><a href=\"https:\/\/us02web.zoom.us\/j\/81870598613?pwd=tk3ii6aj6xQOH5aphVj36P536IoucM.1&amp;from=addon\">Join Zoom Meeting<\/a><\/p>\n<p>Meeting ID: 818 7059 8613<\/p>\n<p>Passcode: 439410<\/p>\n<\/div>\n<p style=\"text-align: center;\">_____________________________________________________<\/p>\n<p style=\"text-align: center;\"><strong><span style=\"color: #008000;\">Defensa de proyecto<\/span><br \/>\n<\/strong><\/p>\n<div align=\"center\" data-ogsc=\"rgb(0, 0, 0)\">\n<p style=\"text-align: center;\">Adriana Irizarry Irizarry<\/p>\n<p style=\"text-align: center;\">\u00c1rea de Orientaci\u00f3n y Consejer\u00eda<\/p>\n<p class=\"x_ydp2af13059yiv5629115408MsoNormal\" style=\"text-align: center;\" align=\"center\">Toma de decisi\u00f3n ocupacional y los pensamientos irracionales: Aplicaci\u00f3n de la teor\u00eda cognitive information processing mediante actividades psicoeducativas para estudiantes de escuela superior<\/p>\n<p class=\"x_ydp2af13059yiv5629115408MsoNormal\" style=\"text-align: center;\" align=\"center\">Dra. Mar\u00eda Rosa Bruno<\/p>\n<p class=\"x_ydp2af13059yiv5629115408MsoNormal\" style=\"text-align: center;\" align=\"center\">Fecha: 9 de diciembre de 2024 a las 11:00am<\/p>\n<p>Sala 570, Fac. Educaci\u00f3n<\/p>\n<\/div>\n<p style=\"text-align: center;\">_____________________________________________________<\/p>\n<p style=\"text-align: center;\"><strong><span style=\"color: #008000;\">Defensa de disertaci\u00f3n<\/span><br \/>\n<\/strong><\/p>\n<div align=\"center\" data-ogsc=\"rgb(0, 0, 0)\">\n<p style=\"text-align: center;\">Mariluz Serrano Ortiz<\/p>\n<p style=\"text-align: center;\">\u00c1rea de Curr\u00edculo y Ense\u00f1anza, Sub-especialidad en Tecnolog\u00eda del Aprendizaje<\/p>\n<p class=\"x_ydp2af13059yiv5629115408MsoNormal\" style=\"text-align: center;\" align=\"center\">Un estudio fenomenol\u00f3gico descriptivo del docente digital del siglo XXI: S\u00e9 el profesor que quieres tener<\/p>\n<p class=\"x_ydp2af13059yiv5629115408MsoNormal\" style=\"text-align: center;\" align=\"center\">Dra. Carmen Pacheco Sep\u00falveda<\/p>\n<p class=\"x_ydp2af13059yiv5629115408MsoNormal\" style=\"text-align: center;\" align=\"center\">Fecha: 9 de diciembre de 2024 a las 10:00am<\/p>\n<p><a href=\"https:\/\/teams.microsoft.com\/dl\/launcher\/launcher.html?url=%2F_%23%2Fl%2Fmeetup-join%2F19%3Ameeting_NDhkOTVmM2UtOTM3MS00ODA2LTg3NTctODNmZGZjZGZlY2M5%40thread.v2%2F0%3Fcontext%3D%257b%2522Tid%2522%253a%25220dfa5dc0-036f-4615-99e4-94af822f2b84%2522%252c%2522Oid%2522%253a%25229cf6ed96-6b42-43d6-b6d8-aff89992423d%2522%257d%26anon%3Dtrue&amp;type=meetup-join&amp;deeplinkId=c2e5f05a-1aae-4fda-a277-644485d73f84&amp;directDl=true&amp;msLaunch=true&amp;enableMobilePage=true&amp;suppressPrompt=true\">Microsoft Teams<\/a><\/p>\n<p>Meeting ID: 261 755 593 587<\/p>\n<p>Passcode: 8CYmVm<\/p>\n<\/div>\n<p style=\"text-align: center;\">_____________________________________________________<\/p>\n<p style=\"text-align: center;\"><strong><span style=\"color: #0000ff;\">Presentaci\u00f3n de propuesta de disertaci\u00f3n<\/span><\/strong><\/p>\n<p style=\"text-align: center;\">Crist\u00f3bal Resto Reyes<\/p>\n<p style=\"text-align: center;\">\u00c1rea de Curr\u00edculo y Ense\u00f1anza, Sub-especialidad en Tecnolog\u00eda del Aprendizaje<\/p>\n<p class=\"x_ydp2af13059yiv5629115408MsoNormal\" style=\"text-align: center;\" align=\"center\">El aprendizaje combinado Blended Learning: Perspectivas de los docentes de administraci\u00f3n de empresas en el departamento<\/p>\n<p class=\"x_ydp2af13059yiv5629115408MsoNormal\" style=\"text-align: center;\" align=\"center\">Dra. Carmen Pacheco Sep\u00falveda<\/p>\n<p class=\"x_ydp2af13059yiv5629115408MsoNormal\" style=\"text-align: center;\" align=\"center\">Fecha: 4 de diciembre de 2024 a las 5:30pm<\/p>\n<p class=\"x_ydp2af13059yiv5629115408MsoNormal\" style=\"text-align: center;\" align=\"center\"><a href=\"https:\/\/teams.microsoft.com\/dl\/launcher\/launcher.html?url=%2F_%23%2Fl%2Fmeetup-join%2F19%3Ameeting_MGUwNzkwZDAtNjIxOC00ZWZkLTllOTctY2YzMjZjODJhNDE3%40thread.v2%2F0%3Fcontext%3D%257b%2522Tid%2522%253a%25220dfa5dc0-036f-4615-99e4-94af822f2b84%2522%252c%2522Oid%2522%253a%2522bc00b9e7-5123-4cb5-86de-3613166cb1e9%2522%257d%26anon%3Dtrue&amp;type=meetup-join&amp;deeplinkId=f05b1cb4-8306-4437-8e61-8456d0f307d7&amp;directDl=true&amp;msLaunch=true&amp;enableMobilePage=true&amp;suppressPrompt=true\">Microsoft Teams<\/a><\/p>\n<p align=\"center\">Meeting ID: 286 898 461 49<\/p>\n<p align=\"center\">Passcode: 6ET6Lp<\/p>\n<p class=\"x_ydp2af13059yiv5629115408MsoNormal\" align=\"center\">_____________________________________________________<\/p>\n<p style=\"text-align: center;\"><strong><span style=\"color: #0000ff;\">Presentaci\u00f3n de propuesta de disertaci\u00f3n<\/span><\/strong><\/p>\n<p style=\"text-align: center;\">Valerie Ann Carrasquillo Mel\u00e9ndez<\/p>\n<p style=\"text-align: center;\">\u00c1rea de Curr\u00edculo y Ense\u00f1anza, Sub-especialidad en Educaci\u00f3n Matem\u00e1tica<\/p>\n<p class=\"x_ydp2af13059yiv5629115408MsoNormal\" style=\"text-align: center;\" align=\"center\">Las pr\u00e1cticas docentes para la ense\u00f1anza de las matem\u00e1ticas a estudiantes aprendices del espa\u00f1ol como segundo idioma: Guias para la adaptaci\u00f3n curricular<\/p>\n<p class=\"x_ydp2af13059yiv5629115408MsoNormal\" style=\"text-align: center;\" align=\"center\">Dr. Juan P. V\u00e1zquez<\/p>\n<p class=\"x_ydp2af13059yiv5629115408MsoNormal\" style=\"text-align: center;\" align=\"center\">Fecha: 3 de diciembre de 2024 a las 3:30pm<\/p>\n<p class=\"x_ydp2af13059yiv5629115408MsoNormal\" style=\"text-align: center;\" align=\"center\">Sala 570, Fac. Educaci\u00f3n<\/p>\n<p class=\"x_ydp2af13059yiv5629115408MsoNormal\" align=\"center\">_____________________________________________________<\/p>\n<p style=\"text-align: center;\"><strong><span style=\"color: #0000ff;\">Presentaci\u00f3n de propuesta de disertaci\u00f3n<\/span><\/strong><\/p>\n<p style=\"text-align: center;\">Omayra Torres Carri\u00f3n<\/p>\n<p style=\"text-align: center;\">\u00c1rea de Curr\u00edculo y Ense\u00f1anza, Sub-especialidad en Tecnolog\u00eda del Aprendizaje<\/p>\n<p class=\"x_ydp2af13059yiv5629115408MsoNormal\" style=\"text-align: center;\" align=\"center\">Dise\u00f1o universal de aprendizaje y entornos virtuales: An\u00e1lsis de la evidencia y retos para la implementaci\u00f3n<\/p>\n<p class=\"x_ydp2af13059yiv5629115408MsoNormal\" style=\"text-align: center;\" align=\"center\">Dra. Carmen Pacheco Sep\u00falveda<\/p>\n<p class=\"x_ydp2af13059yiv5629115408MsoNormal\" style=\"text-align: center;\" align=\"center\">Fecha: 2 de diciembre de 2024 a las 10:00am<\/p>\n<p class=\"x_ydp2af13059yiv5629115408MsoNormal\" style=\"text-align: center;\" align=\"center\"><a href=\"https:\/\/teams.microsoft.com\/dl\/launcher\/launcher.html?url=%2F_%23%2Fl%2Fmeetup-join%2F19%3Ameeting_NTMyZTZjOWQtOWRjYS00ZDM4LWEwZjUtMWUyNDgzODljZmQx%40thread.v2%2F0%3Fcontext%3D%257b%2522Tid%2522%253a%25220dfa5dc0-036f-4615-99e4-94af822f2b84%2522%252c%2522Oid%2522%253a%2522bc00b9e7-5123-4cb5-86de-3613166cb1e9%2522%257d%26anon%3Dtrue&amp;type=meetup-join&amp;deeplinkId=42a5e3ca-0edd-472c-afe4-4a1e1d482091&amp;directDl=true&amp;msLaunch=true&amp;enableMobilePage=true&amp;suppressPrompt=true\">Microsoft Teams<\/a><\/p>\n<p align=\"center\">Meeting ID: 245 615 764 102<\/p>\n<p align=\"center\">Passcode: 4zhJ2V<\/p>\n<p class=\"x_ydp2af13059yiv5629115408MsoNormal\" align=\"center\">_____________________________________________________<\/p>\n<p style=\"text-align: center;\"><strong><span style=\"color: #0000ff;\">Presentaci\u00f3n de propuesta de disertaci\u00f3n<\/span><\/strong><\/p>\n<p style=\"text-align: center;\">V\u00edctor M. Serrano Rom\u00e1n<\/p>\n<p style=\"text-align: center;\">\u00c1rea de Orientaci\u00f3n y Consejer\u00eda<\/p>\n<p class=\"x_ydp2af13059yiv5629115408MsoNormal\" style=\"text-align: center;\" align=\"center\">Visibilidad de estudiantes de experiencia transg\u00e9nero y g\u00e9nero no binario en el escenario universitario: Factores y percepciones para una universidad trans-afirmativa<\/p>\n<p class=\"x_ydp2af13059yiv5629115408MsoNormal\" style=\"text-align: center;\" align=\"center\">Dr. Richie Delgado Ortega<\/p>\n<p class=\"x_ydp2af13059yiv5629115408MsoNormal\" style=\"text-align: center;\" align=\"center\">Fecha: 2 de diciembre de 2024 a las 9:00am<\/p>\n<p class=\"x_ydp2af13059yiv5629115408MsoNormal\" style=\"text-align: center;\" align=\"center\">Red Graduada, Bilblioteca Dr. Jos\u00e9 M. L\u00e1zaro<\/p>\n<p class=\"x_ydp2af13059yiv5629115408MsoNormal\" align=\"center\">_____________________________________________________<\/p>\n<p><span style=\"color: #ff0000;\"><strong>noviembre 2024<\/strong><\/span><\/p>\n<p style=\"text-align: center;\"><strong><span style=\"color: #0000ff;\">Presentaci\u00f3n de propuesta de proyecto<\/span><\/strong><\/p>\n<p style=\"text-align: center;\">Josmalie I. Rodr\u00edguez Fontanet<\/p>\n<p style=\"text-align: center;\">\u00c1rea de Orientaci\u00f3n y Consejer\u00eda<\/p>\n<p class=\"x_ydp2af13059yiv5629115408MsoNormal\" style=\"text-align: center;\" align=\"center\">Actividad psicoeducativa dirigida a disminuir el estr\u00e9s por problemas ocasionados<\/p>\n<p class=\"x_ydp2af13059yiv5629115408MsoNormal\" style=\"text-align: center;\" align=\"center\">Dra. Marelyn Ramos Martis<\/p>\n<p class=\"x_ydp2af13059yiv5629115408MsoNormal\" style=\"text-align: center;\" align=\"center\">Fecha: 25 de noviembre de 2024 a las 1:00pm<\/p>\n<p align=\"center\">Sala 368, Fac. Educaci\u00f3n<\/p>\n<p class=\"x_ydp2af13059yiv5629115408MsoNormal\" align=\"center\">_____________________________________________________<\/p>\n<p style=\"text-align: center;\"><strong><span style=\"color: #0000ff;\">Presentaci\u00f3n de propuesta de proyecto<\/span><\/strong><\/p>\n<p style=\"text-align: center;\">Angelica M. Acevedo Ross<\/p>\n<p style=\"text-align: center;\">\u00c1rea de Orientaci\u00f3n y Consejer\u00eda<\/p>\n<p class=\"x_ydp2af13059yiv5629115408MsoNormal\" style=\"text-align: center;\" align=\"center\">Guia para los consejeros para trabajar con poblaci\u00f3n sorda<\/p>\n<p class=\"x_ydp2af13059yiv5629115408MsoNormal\" style=\"text-align: center;\" align=\"center\">Dra. Juanita Rodr\u00edguez<\/p>\n<p class=\"x_ydp2af13059yiv5629115408MsoNormal\" style=\"text-align: center;\" align=\"center\">Fecha: 21 de noviembre de 2024 a las 4:00pm<\/p>\n<p align=\"center\">Sala 368, Fac. Educaci\u00f3n<\/p>\n<p class=\"x_ydp2af13059yiv5629115408MsoNormal\" align=\"center\">_____________________________________________________<\/p>\n<p style=\"text-align: center;\"><strong><span style=\"color: #008000;\">Defensa de disertaci\u00f3n<\/span><br \/>\n<\/strong><\/p>\n<div align=\"center\" data-ogsc=\"rgb(0, 0, 0)\">\n<p style=\"text-align: center;\">Leonor M. Rivera Rosa<\/p>\n<p style=\"text-align: center;\">\u00c1rea de Curr\u00edculo y Ense\u00f1anza, Sub-especialidad en Tecnolog\u00eda del Aprendizaje<\/p>\n<p class=\"x_ydp2af13059yiv5629115408MsoNormal\" style=\"text-align: center;\" align=\"center\">La integraci\u00f3n de la simulaci\u00f3n virtual como estrategia instruccional por la facultad de un programa subgraduado de enfermer\u00eda<\/p>\n<p class=\"x_ydp2af13059yiv5629115408MsoNormal\" style=\"text-align: center;\" align=\"center\">Dr. Juan P. V\u00e1zquez P\u00e9rez<\/p>\n<p class=\"x_ydp2af13059yiv5629115408MsoNormal\" style=\"text-align: center;\" align=\"center\">Fecha: 18 de noviembre de 2024 a las 3:30pm<\/p>\n<p>Sala 570, Fac. Educaci\u00f3n<\/p>\n<p><a href=\"https:\/\/teams.microsoft.com\/dl\/launcher\/launcher.html?url=%2F_%23%2Fl%2Fmeetup-join%2F19%3Ameeting_YTFmN2I2NDMtZTVmNi00ZDQ2LTg3ZTEtMmVmYzg3MmFhNTUy%40thread.v2%2F0%3Fcontext%3D%257b%2522Tid%2522%253a%25220dfa5dc0-036f-4615-99e4-94af822f2b84%2522%252c%2522Oid%2522%253a%25226f570b10-d3a1-4cb3-b5d1-1568496cbb09%2522%257d%26anon%3Dtrue&amp;type=meetup-join&amp;deeplinkId=84a52904-1bd1-43a0-8e86-9ecbbabb7fce&amp;directDl=true&amp;msLaunch=true&amp;enableMobilePage=true&amp;suppressPrompt=true\">Microsoft Teams<\/a><\/p>\n<p>Meeting ID: 257 026 255 299<\/p>\n<p>Passcode: wiJEYV<\/p>\n<\/div>\n<p style=\"text-align: center;\">_____________________________________________________<\/p>\n<p style=\"text-align: center;\"><strong><span style=\"color: #008000;\">Defensa de disertaci\u00f3n<\/span><br \/>\n<\/strong><\/p>\n<div align=\"center\" data-ogsc=\"rgb(0, 0, 0)\">\n<p style=\"text-align: center;\">Elizabeth Negr\u00f3n Pag\u00e1n<\/p>\n<p style=\"text-align: center;\">\u00c1rea de Liderazgo en Organizaciones Educativas<\/p>\n<p class=\"x_ydp2af13059yiv5629115408MsoNormal\" style=\"text-align: center;\" align=\"center\">Mentalidad de crecimiento, capacitaci\u00f3n profesional y liderazgo exitoso en l\u00edderes de una instituci\u00f3n de educaci\u00f3n superior en Puerto Rico<\/p>\n<p class=\"x_ydp2af13059yiv5629115408MsoNormal\" style=\"text-align: center;\" align=\"center\">Dr. Juan P. V\u00e1zquez P\u00e9rez<\/p>\n<p class=\"x_ydp2af13059yiv5629115408MsoNormal\" style=\"text-align: center;\" align=\"center\">Fecha: 13 de noviembre de 2024 a las 3:00pm<\/p>\n<p>Sala 570, Fac. Educaci\u00f3n<\/p>\n<\/div>\n<p style=\"text-align: center;\">_____________________________________________________<\/p>\n<p style=\"text-align: center;\"><strong><span style=\"color: #0000ff;\"><span style=\"color: #008000;\">Defensa de tesis<\/span><\/span><\/strong><\/p>\n<p style=\"text-align: center;\">Audrey E. Rosa Castro<\/p>\n<p style=\"text-align: center;\">\u00c1rea de Investigaci\u00f3n y Evaluaci\u00f3n Educativa<\/p>\n<p class=\"x_ydp2af13059yiv5629115408MsoNormal\" style=\"text-align: center;\" align=\"center\">El conocimiento de las madres, los padres o las personas encargadas sobre actividades de lenguaje con integraci\u00f3n del m\u00e9todo montessori en el hogar para las ni\u00f1as y los ni\u00f1os del nivel andarines<\/p>\n<p class=\"x_ydp2af13059yiv5629115408MsoNormal\" style=\"text-align: center;\" align=\"center\">Dra. Mar\u00eda Medina D\u00edaz<\/p>\n<p class=\"x_ydp2af13059yiv5629115408MsoNormal\" style=\"text-align: center;\" align=\"center\">Fecha: 12 de noviembre de 2024 a las 4:15pm<\/p>\n<p style=\"text-align: center;\"><a href=\"https:\/\/teams.microsoft.com\/dl\/launcher\/launcher.html?url=%2F_%23%2Fl%2Fmeetup-join%2F19%3Ameeting_MzA1NmRlNmEtOGM5OS00ZWYwLWIyODctY2VlNzFjZjgzZDA1%40thread.v2%2F0%3Fcontext%3D%257b%2522Tid%2522%253a%25220dfa5dc0-036f-4615-99e4-94af822f2b84%2522%252c%2522Oid%2522%253a%252291d71e03-eb2c-4cd8-9131-23750b664c8e%2522%257d%26anon%3Dtrue&amp;type=meetup-join&amp;deeplinkId=77b47e34-e1fb-4f01-a1be-b88b2bd1f78a&amp;directDl=true&amp;msLaunch=true&amp;enableMobilePage=true&amp;suppressPrompt=true\">Microsoft Teams<\/a><\/p>\n<p style=\"text-align: center;\">Meeting ID: 293 284 509 729<\/p>\n<p style=\"text-align: center;\">Passcode: X8wxom<\/p>\n<p class=\"x_ydp2af13059yiv5629115408MsoNormal\" align=\"center\">_____________________________________________________<\/p>\n<p style=\"text-align: center;\"><strong><span style=\"color: #0000ff;\">Presentaci\u00f3n de propuesta de tesis<\/span><\/strong><\/p>\n<p style=\"text-align: center;\">Veecktoria Mel\u00e9ndez Jusino<\/p>\n<p style=\"text-align: center;\">\u00c1rea de Investigaci\u00f3n y Evaluaci\u00f3n Educativa<\/p>\n<p class=\"x_ydp2af13059yiv5629115408MsoNormal\" style=\"text-align: center;\" align=\"center\">Experiencias de estudiantes subgraduados y graduados de \u00e1reas de STEM en un curso de destrezas de comunicaci\u00f3n<\/p>\n<p class=\"x_ydp2af13059yiv5629115408MsoNormal\" style=\"text-align: center;\" align=\"center\">Dr. V\u00edctor Bonilla Rodr\u00edguez<\/p>\n<p class=\"x_ydp2af13059yiv5629115408MsoNormal\" style=\"text-align: center;\" align=\"center\">Fecha: 12 de noviembre de 2024 a las 1:00pm<\/p>\n<p class=\"x_ydp2af13059yiv5629115408MsoNormal\" style=\"text-align: center;\" align=\"center\">Join Zoom Meeting<\/p>\n<p style=\"text-align: center;\">https:\/\/us02web.zoom.us\/j\/83821955622?pwd=4HAzma1mZTAtbd6Ivenjv3cfkHA50Z.1&#038;from=addon<\/p>\n<p style=\"text-align: center;\">Meeting ID: 838 2195 5622<\/p>\n<p style=\"text-align: center;\">Passcode: 923537<\/p>\n<p class=\"x_ydp2af13059yiv5629115408MsoNormal\" align=\"center\">_____________________________________________________<\/p>\n<p><span style=\"color: #ff0000;\"><strong>octubre 2024<\/strong><\/span><\/p>\n<p style=\"text-align: center;\"><strong><span style=\"color: #0000ff;\"><span style=\"color: #008000;\">Defensa de tesis<\/span><\/span><\/strong><\/p>\n<p style=\"text-align: center;\">Audrey E. Rosa Castro<\/p>\n<p style=\"text-align: center;\">\u00c1rea de Investigaci\u00f3n y Evaluaci\u00f3n Educativa<\/p>\n<p class=\"x_ydp2af13059yiv5629115408MsoNormal\" style=\"text-align: center;\" align=\"center\">El conocimiento de las madres, los padres o las personas encargadas sobre actividades de lenguaje con integraci\u00f3n del m\u00e9todo montessori en el hogar para las ni\u00f1as y los ni\u00f1os del nivel andarines<\/p>\n<p class=\"x_ydp2af13059yiv5629115408MsoNormal\" style=\"text-align: center;\" align=\"center\">Dra. Mar\u00eda Medina D\u00edaz<\/p>\n<p class=\"x_ydp2af13059yiv5629115408MsoNormal\" style=\"text-align: center;\" align=\"center\">Fecha: 31 de octubre de 2024 a las 4:00pm<\/p>\n<p style=\"text-align: center;\">Microsoft Teams<\/p>\n<p style=\"text-align: center;\">https:\/\/teams.microsoft.com\/dl\/launcher\/launcher.html?url=%2F_%23%2Fl%2Fmeetup-join%2F19%3Ameeting_MzA1NmRlNmEtOGM5OS00ZWYwLWIyODctY2VlNzFjZjgzZDA1%40thread.v2%2F0%3Fcontext%3D%257b%2522Tid%2522%253a%25220dfa5dc0-036f-4615-99e4-94af822f2b84%2522%252c%2522Oid%2522%253a%252291d71e03-eb2c-4cd8-9131-23750b664c8e%2522%257d%26anon%3Dtrue&#038;type=meetup-join&#038;deeplinkId=77b47e34-e1fb-4f01-a1be-b88b2bd1f78a&#038;directDl=true&#038;msLaunch=true&#038;enableMobilePage=true&#038;suppressPrompt=true<\/p>\n<p style=\"text-align: center;\">Meeting ID: 249 943 783 496<\/p>\n<p style=\"text-align: center;\">Passcode: yeSFhm<\/p>\n<p class=\"x_ydp2af13059yiv5629115408MsoNormal\" align=\"center\">_____________________________________________________<\/p>\n<p style=\"text-align: center;\"><strong><span style=\"color: #008000;\">Defensa de disertaci\u00f3n<\/span><br \/>\n<\/strong><\/p>\n<div align=\"center\" data-ogsc=\"rgb(0, 0, 0)\">\n<p style=\"text-align: center;\">Jeannette Milland Vigio<\/p>\n<p style=\"text-align: center;\">\u00c1rea de Curr\u00edculo y Ense\u00f1anza, Sub-especialidad en Tecnolog\u00eda del Aprendizaje<\/p>\n<p class=\"x_ydp2af13059yiv5629115408MsoNormal\" style=\"text-align: center;\" align=\"center\">Experiencia de docentes en un curso con enfoque STEM utilizando simuladores para la ense\u00f1anza de rob\u00f3tica<\/p>\n<p class=\"x_ydp2af13059yiv5629115408MsoNormal\" style=\"text-align: center;\" align=\"center\">Dr. V\u00edctor E. Bonilla Rodr\u00edguez<\/p>\n<p class=\"x_ydp2af13059yiv5629115408MsoNormal\" style=\"text-align: center;\" align=\"center\">Fecha: 24 de octubre de 2024 a las 4:30pm<\/p>\n<p class=\"x_ydp2af13059yiv5629115408MsoNormal\" style=\"text-align: center;\" align=\"center\">Join Zoom Meeting<\/p>\n<p style=\"text-align: center;\">https:\/\/us02web.zoom.us\/j\/88372684769?pwd=VY7vq5prY0lxiRDvZSAugwZTWvBlL3.1&#038;from=addon<\/p>\n<p>Meeting ID: 883 7268 4769<\/p>\n<p>Passcode: 671891<\/p>\n<\/div>\n<p style=\"text-align: center;\">_____________________________________________________<\/p>\n<p style=\"text-align: center;\"><strong><span style=\"color: #008000;\">Defensa de disertaci\u00f3n<\/span><br \/>\n<\/strong><\/p>\n<p style=\"text-align: center;\">Jeanelys M. Roque Castro<\/p>\n<p style=\"text-align: center;\">\u00c1rea de Consejer\u00eda Profesional<\/p>\n<p class=\"x_ydp2af13059yiv5629115408MsoNormal\" style=\"text-align: center;\" align=\"center\">Educando sobre la gordofobia: Actividades psicoeducativas grupales para el desarrollo de una imagen corporal saludable en mujeres adolecentes<\/p>\n<p class=\"x_ydp2af13059yiv5629115408MsoNormal\" style=\"text-align: center;\" align=\"center\">Dra. Claudia Alvarez Romero<\/p>\n<p class=\"x_ydp2af13059yiv5629115408MsoNormal\" style=\"text-align: center;\" align=\"center\">Fecha: 23 de octubre de 2024 a las 1:00pm<\/p>\n<p class=\"x_ydp2af13059yiv5629115408MsoNormal\" style=\"text-align: center;\" align=\"center\">Join Zoom Meeting<\/p>\n<p style=\"text-align: center;\">https:\/\/us02web.zoom.us\/j\/88401737876?pwd=iuMLgePERdytowz9NJm1hsfn1oaBqf.1<\/p>\n<p class=\"x_ydp2af13059yiv5629115408MsoNormal\" align=\"center\">_____________________________________________________<\/p>\n<p style=\"text-align: center;\"><strong><span style=\"color: #0000ff;\">Presentaci\u00f3n de propuesta de disertaci\u00f3n<\/span><\/strong><\/p>\n<p style=\"text-align: center;\">Jomarie Ortiz Alvarez<\/p>\n<p style=\"text-align: center;\">\u00c1rea de Curr\u00edculo y Ense\u00f1anza, Sub-especialidad en Tecnolog\u00eda del Aprendizaje<\/p>\n<p class=\"x_ydp2af13059yiv5629115408MsoNormal\" style=\"text-align: center;\" align=\"center\">Ciberseguridad en la educaci\u00f3n: Pr\u00e1cticas de los estudiantes del nivel graduado<\/p>\n<p class=\"x_ydp2af13059yiv5629115408MsoNormal\" style=\"text-align: center;\" align=\"center\">Dr. V\u00edctor Bonilla Rodr\u00edguez<\/p>\n<p class=\"x_ydp2af13059yiv5629115408MsoNormal\" style=\"text-align: center;\" align=\"center\">Fecha: 9 de octubre de 2024 a las 11:00am<\/p>\n<p class=\"x_ydp2af13059yiv5629115408MsoNormal\" style=\"text-align: center;\" align=\"center\">Join Zoom Meeting<\/p>\n<p style=\"text-align: center;\">https:\/\/us02web.zoom.us\/j\/87613317598?pwd=LA9VorCEbS5jbtikVBaMad2JvtbiwD.1&#038;from=addon<\/p>\n<p style=\"text-align: center;\">Meeting ID: 876 1331 7598<\/p>\n<p style=\"text-align: center;\">Passcode: 805727<\/p>\n<p class=\"x_ydp2af13059yiv5629115408MsoNormal\" align=\"center\">_____________________________________________________<\/p>\n<p><span style=\"color: #ff0000;\"><strong>septiembre 2024<\/strong><\/span><\/p>\n<p style=\"text-align: center;\"><strong><span style=\"color: #0000ff;\">Presentaci\u00f3n de propuesta de disertaci\u00f3n<\/span><\/strong><\/p>\n<p style=\"text-align: center;\">Miosotis Ortiz Pacheco<\/p>\n<p style=\"text-align: center;\">\u00c1rea de Orientaci\u00f3n y Consejer\u00eda<\/p>\n<p class=\"x_ydp2af13059yiv5629115408MsoNormal\" style=\"text-align: center;\" align=\"center\">Competencia percibida de los consejeros profesionales en Puerto Rico para trabajar con poblaciones diversas<\/p>\n<p class=\"x_ydp2af13059yiv5629115408MsoNormal\" style=\"text-align: center;\" align=\"center\">Dr. Ariel Agosto Cepeda<\/p>\n<p class=\"x_ydp2af13059yiv5629115408MsoNormal\" style=\"text-align: center;\" align=\"center\">Fecha: 20 de septiembre de 2024 a las 10:00am<\/p>\n<p class=\"x_ydp2af13059yiv5629115408MsoNormal\" style=\"text-align: center;\" align=\"center\">Join Zoom Meeting<\/p>\n<p style=\"text-align: center;\">https:\/\/us02web.zoom.us\/j\/89206453800<\/p>\n<p style=\"text-align: center;\">Meeting ID: 892 0645 3800<\/p>\n<p class=\"x_ydp2af13059yiv5629115408MsoNormal\" align=\"center\">_____________________________________________________<\/p>\n<p style=\"text-align: center;\"><strong><span style=\"color: #0000ff;\"><span style=\"color: #008000;\">Defensa de disertaci\u00f3n<\/span><\/span><\/strong><\/p>\n<p style=\"text-align: center;\">An\u00edbal Y. L\u00f3pez Correa<\/p>\n<p style=\"text-align: center;\">\u00c1rea de Curr\u00edculo y Enze\u00f1anza, Sub-especialidad en TEDEC<\/p>\n<p class=\"x_ydp2af13059yiv5629115408MsoNormal\" style=\"text-align: center;\" align=\"center\">Abordaje de m\u00e9todos mixtos ante crisis educativa: Tejiendo redes entre la miner\u00eda de datos educativos y las voces estudiantiles universitarias<\/p>\n<p class=\"x_ydp2af13059yiv5629115408MsoNormal\" style=\"text-align: center;\" align=\"center\">Dra. Claudia X. Alvarez<\/p>\n<p class=\"x_ydp2af13059yiv5629115408MsoNormal\" style=\"text-align: center;\" align=\"center\">Fecha: 16 de septiembre de 2024 a las 3:00pm<\/p>\n<p style=\"text-align: center;\">Anfiteatro #4 &#8211; Fac. Educaci\u00f3n<\/p>\n<p class=\"x_ydp2af13059yiv5629115408MsoNormal\" align=\"center\">_____________________________________________________<\/p>\n<p><span style=\"color: #ff0000;\"><strong>agosto 2024<\/strong><\/span><\/p>\n<p style=\"text-align: center;\"><strong><span style=\"color: #008000;\">Defensa de disertaci\u00f3n<\/span><br \/>\n<\/strong><\/p>\n<p style=\"text-align: center;\">Ana Fern\u00e1ndez Ruiz de Alegr\u00eda<\/p>\n<p style=\"text-align: center;\">\u00c1rea de Curr\u00edculo y Ense\u00f1anza, Sub-especialidad en Ciencia<\/p>\n<p class=\"x_ydp2af13059yiv5629115408MsoNormal\" style=\"text-align: center;\" align=\"center\">Desarrollo y validaci\u00f3n de un cuestionario a partir de la exploraci\u00f3n de competencias en sostenibilidad de estudiantes universitarios en Puerto Rico<\/p>\n<p class=\"x_ydp2af13059yiv5629115408MsoNormal\" style=\"text-align: center;\" align=\"center\">Dr. Jos\u00e9 Soto Sonera<\/p>\n<p class=\"x_ydp2af13059yiv5629115408MsoNormal\" style=\"text-align: center;\" align=\"center\">Fecha: 8 de agosto de 2024 a las 1:30pm<\/p>\n<p style=\"text-align: center;\">Sala 570 &#8211; Fac. Educaci\u00f3n<\/p>\n<p class=\"x_ydp2af13059yiv5629115408MsoNormal\" align=\"center\">_____________________________________________________<\/p>\n<p><span style=\"color: #ff0000;\"><strong>mayo 2024<\/strong><\/span><\/p>\n<p style=\"text-align: center;\"><strong><span style=\"color: #0000ff;\">Presentaci\u00f3n de propuesta de disertaci\u00f3n<\/span><br \/>\n<\/strong><\/p>\n<p style=\"text-align: center;\">Francia Cabrera Pi\u00f1a<\/p>\n<p style=\"text-align: center;\">\u00c1rea de Curr\u00edulo y Ense\u00f1anza, Sub-especialidad en Tecnolog\u00eda del Aprendizaje<\/p>\n<p class=\"x_ydp2af13059yiv5629115408MsoNormal\" style=\"text-align: center;\" align=\"center\">Entorno virtual de aprendizaje diferenciado para estudiantes con doble excepcionalidad (2e) en Puerto Rico: Un estudio mixto<\/p>\n<p class=\"x_ydp2af13059yiv5629115408MsoNormal\" style=\"text-align: center;\" align=\"center\">Dra. Claudia X. Alvarez Romero<\/p>\n<p class=\"x_ydp2af13059yiv5629115408MsoNormal\" style=\"text-align: center;\" align=\"center\">Fecha: 16 de mayo de 2024 a las 3:00pm<\/p>\n<p class=\"x_ydp2af13059yiv5629115408MsoNormal\" style=\"text-align: center;\" align=\"center\">Join Zoom Meeting<\/p>\n<p style=\"text-align: center;\">https:\/\/us02web.zoom.us\/j\/81111962359?pwd=QUlIVGFHdFZ2QlZnU3FXQkUxWXhvdz09<\/p>\n<p style=\"text-align: center;\">Meeting ID: 811 1196 2359<\/p>\n<p style=\"text-align: center;\">Passcode: 213641<\/p>\n<p class=\"x_ydp2af13059yiv5629115408MsoNormal\" align=\"center\">_____________________________________________________<\/p>\n<p style=\"text-align: center;\"><strong><span style=\"color: #008000;\">Defensa de disertaci\u00f3n<\/span><br \/>\n<\/strong><\/p>\n<p style=\"text-align: center;\">Isabel Rodr\u00edguez Santos<\/p>\n<p style=\"text-align: center;\">\u00c1rea de Liderazgo en Organizaciones Educativas<\/p>\n<p class=\"x_ydp2af13059yiv5629115408MsoNormal\" style=\"text-align: center;\" align=\"center\">El liderazgo educativo y le proceso de inducci\u00f3n para maestros ocupacionales del sistema p\u00fablico de ense\u00f1anza en Puerto Rico: Un estudio de caso<\/p>\n<p class=\"x_ydp2af13059yiv5629115408MsoNormal\" style=\"text-align: center;\" align=\"center\">Dr. Juan R. Rodr\u00edguez Rivera<\/p>\n<p class=\"x_ydp2af13059yiv5629115408MsoNormal\" style=\"text-align: center;\" align=\"center\">Fecha: 15 de mayo de 2024 a las 4:30pm<\/p>\n<p class=\"x_ydp2af13059yiv5629115408MsoNormal\" style=\"text-align: center;\" align=\"center\">Join Zoom Meeting<\/p>\n<p style=\"text-align: center;\">https:\/\/us02web.zoom.us\/j\/87472760784?pwd=ZjNoMmhvVXkvSVUxRUt3WUNOUnNpQT09<\/p>\n<p style=\"text-align: center;\">Meeting ID: 874 7276 0784<\/p>\n<p style=\"text-align: center;\">Passcode: 177580<\/p>\n<p class=\"x_ydp2af13059yiv5629115408MsoNormal\" align=\"center\">_____________________________________________________<\/p>\n<p style=\"text-align: center;\"><strong><span style=\"color: #008000;\">Defensa de disertaci\u00f3n<\/span><br \/>\n<\/strong><\/p>\n<p style=\"text-align: center;\">Neftal\u00ed Rodr\u00edguez Santiago<\/p>\n<p style=\"text-align: center;\">\u00c1rea de Curr\u00edculo y Ense\u00f1anza, Sub-especialidad en Espa\u00f1ol<\/p>\n<p class=\"x_ydp2af13059yiv5629115408MsoNormal\" style=\"text-align: center;\" align=\"center\">Rezago en lectura y redacci\u00f3n: Perspectivas de practicantes y docentes del bachillerato en Espa\u00f1ol secundaria<\/p>\n<p class=\"x_ydp2af13059yiv5629115408MsoNormal\" style=\"text-align: center;\" align=\"center\">Dra. Aura E. Gonz\u00e1lez Robles<\/p>\n<p class=\"x_ydp2af13059yiv5629115408MsoNormal\" style=\"text-align: center;\" align=\"center\">Fecha: 15 de mayo de 2024 a las 4:00pm<\/p>\n<p style=\"text-align: center;\">Sala 570- Fac. Educaci\u00f3n<\/p>\n<p class=\"x_ydp2af13059yiv5629115408MsoNormal\" align=\"center\">_____________________________________________________<\/p>\n<p style=\"text-align: center;\"><strong><span style=\"color: #008000;\">Defensa de disertaci\u00f3n<\/span><br \/>\n<\/strong><\/p>\n<p style=\"text-align: center;\">N\u00e9stor Guasp Gonz\u00e1lez<\/p>\n<p style=\"text-align: center;\">\u00c1rea de Curr\u00edculo y Ense\u00f1anza, Sub-especialidad en Espa\u00f1ol<\/p>\n<p class=\"x_ydp2af13059yiv5629115408MsoNormal\" style=\"text-align: center;\" align=\"center\">Acompa\u00f1amiento y metacognici\u00f3n: Como desarrollar la comprensi\u00f3n lectora en estudiantes de cuarto grado<\/p>\n<p class=\"x_ydp2af13059yiv5629115408MsoNormal\" style=\"text-align: center;\" align=\"center\">Dra. Aura E. Gonz\u00e1lez Robles<\/p>\n<p class=\"x_ydp2af13059yiv5629115408MsoNormal\" style=\"text-align: center;\" align=\"center\">Fecha: 15 de mayo de 2024 a las 2:30pm<\/p>\n<p style=\"text-align: center;\">Sala 570- Fac. Educaci\u00f3n<\/p>\n<p class=\"x_ydp2af13059yiv5629115408MsoNormal\" align=\"center\">_____________________________________________________<\/p>\n<p style=\"text-align: center;\"><strong><span style=\"color: #0000ff;\">Presentaci\u00f3n de propuesta de disertaci\u00f3n<\/span><br \/>\n<\/strong><\/p>\n<p style=\"text-align: center;\">Mailin Aquino Castillo<\/p>\n<p style=\"text-align: center;\">\u00c1rea de Curr\u00edculo y Enze\u00f1anza, Sub-especialidad en TDEC<\/p>\n<p class=\"x_ydp2af13059yiv5629115408MsoNormal\" style=\"text-align: center;\" align=\"center\">Transici\u00f3n a la vida independiente de j\u00f3venes con TEA: Una exploraci\u00f3n desde la pespectiva de madres cuidadoras<\/p>\n<p class=\"x_ydp2af13059yiv5629115408MsoNormal\" style=\"text-align: center;\" align=\"center\">Dra. Gladys R. Capella Noya<\/p>\n<p class=\"x_ydp2af13059yiv5629115408MsoNormal\" style=\"text-align: center;\" align=\"center\">Fecha: 15 de mayo de 2024 a las 10:30am<\/p>\n<p class=\"x_ydp2af13059yiv5629115408MsoNormal\" style=\"text-align: center;\" align=\"center\">Sala 570- Fac. Educaci\u00f3n<\/p>\n<p class=\"x_ydp2af13059yiv5629115408MsoNormal\" align=\"center\">_____________________________________________________<\/p>\n<p style=\"text-align: center;\"><strong><span style=\"color: #008000;\">Defensa de disertaci\u00f3n<\/span><br \/>\n<\/strong><\/p>\n<p style=\"text-align: center;\">Alex Casiano<\/p>\n<p style=\"text-align: center;\">\u00c1rea de Liderazgo en Organizaciones Educativas<\/p>\n<p class=\"x_ydp2af13059yiv5629115408MsoNormal\" style=\"text-align: center;\" align=\"center\">La experiencia de los l\u00edderes educativos y la facultad en los procesos de acreditaci\u00f3n en las instituciones de educaci\u00f3n superior de Puerto Rico<\/p>\n<p class=\"x_ydp2af13059yiv5629115408MsoNormal\" style=\"text-align: center;\" align=\"center\">Dra. Mar\u00eda de los \u00c1ngeles Ortiz<\/p>\n<p class=\"x_ydp2af13059yiv5629115408MsoNormal\" style=\"text-align: center;\" align=\"center\">Fecha:\u00a0 15 de mayo de 2024 a las 11:00am<\/p>\n<p style=\"text-align: center;\">Join Zoom Meeting<\/p>\n<p style=\"text-align: center;\">https:\/\/us02web.zoom.us\/j\/87293539731?pwd=SFZqVDJpeDhIdDJLOWVGK0kyK08wUT09<\/p>\n<p style=\"text-align: center;\">Meeting ID: 872 9353 9731<\/p>\n<p style=\"text-align: center;\">Passcode: 710231<\/p>\n<p class=\"x_ydp2af13059yiv5629115408MsoNormal\" align=\"center\">_____________________________________________________<\/p>\n<p style=\"text-align: center;\"><strong><span style=\"color: #008000;\">Defensa de disertaci\u00f3n<\/span><br \/>\n<\/strong><\/p>\n<p style=\"text-align: center;\">Bryan O. Rivera P\u00e9rez<\/p>\n<p style=\"text-align: center;\">\u00c1rea de Liderazgo en Organizaciones Educativas<\/p>\n<p class=\"x_ydp2af13059yiv5629115408MsoNormal\" style=\"text-align: center;\" align=\"center\">El ejercicio del liderazgo transformacional en coordinadores y directores del departamento de educaci\u00f3n f\u00edsica de la Universidad de Puerto Rico ante la crisis fiscal<\/p>\n<p class=\"x_ydp2af13059yiv5629115408MsoNormal\" style=\"text-align: center;\" align=\"center\">Dra. Mar\u00eda de los \u00c1ngeles Ortiz<\/p>\n<p class=\"x_ydp2af13059yiv5629115408MsoNormal\" style=\"text-align: center;\" align=\"center\">Fecha:\u00a0 15 de mayo de 2024 a las 3:30pm<\/p>\n<p style=\"text-align: center;\">Join Zoom Meeting<\/p>\n<p style=\"text-align: center;\">https:\/\/us02web.zoom.us\/j\/83270637754?pwd=QlZIQnJLU2lpb2o4enNkbHNNTDlwQT09<\/p>\n<p style=\"text-align: center;\">Meeting ID: 832 7063 7754<\/p>\n<p style=\"text-align: center;\">Passcode: 643482<\/p>\n<p class=\"x_ydp2af13059yiv5629115408MsoNormal\" align=\"center\">_____________________________________________________<\/p>\n<p style=\"text-align: center;\"><strong><span style=\"color: #008000;\">Defensa de tesis<\/span><br \/>\n<\/strong><\/p>\n<p style=\"text-align: center;\">Juli\u00e1n J. L\u00f3pez Morell<\/p>\n<p style=\"text-align: center;\">\u00c1rea de Investigaci\u00f3n y Evaluaci\u00f3n Educativa<\/p>\n<p class=\"x_ydp2af13059yiv5629115408MsoNormal\" style=\"text-align: center;\" align=\"center\">La Ense\u00f1anza del ciclo de las rocas y placas tectonicas: Una mirada desde expertos en educaci\u00f3n cient\u00edfica y en ciencias ambientales<\/p>\n<p class=\"x_ydp2af13059yiv5629115408MsoNormal\" style=\"text-align: center;\" align=\"center\">Dr. Juan P. V\u00e1zquez<\/p>\n<p class=\"x_ydp2af13059yiv5629115408MsoNormal\" style=\"text-align: center;\" align=\"center\">Fecha: 14 de mayo de 2024 a las 4:00pm<\/p>\n<p style=\"text-align: center;\">Sal\u00f3n 523-C Fac. Educaci\u00f3n<\/p>\n<p class=\"x_ydp2af13059yiv5629115408MsoNormal\" align=\"center\">_____________________________________________________<\/p>\n<p style=\"text-align: center;\"><strong><span style=\"color: #008000;\">Defensa de disertaci\u00f3n<\/span><br \/>\n<\/strong><\/p>\n<p style=\"text-align: center;\">Mar\u00eda Elena Rosario<\/p>\n<p style=\"text-align: center;\">\u00c1rea de Liderazgo en Organizaciones Educativas<\/p>\n<p class=\"x_ydp2af13059yiv5629115408MsoNormal\" style=\"text-align: center;\" align=\"center\">Escuelas con entornos de pobreza como espacios de inclusi\u00f3n: Nuevo paradigma del liderazgo educativo en Puerto Rico<\/p>\n<p class=\"x_ydp2af13059yiv5629115408MsoNormal\" style=\"text-align: center;\" align=\"center\">Dr. Juan R. Rodr\u00edguez Rivera<\/p>\n<p class=\"x_ydp2af13059yiv5629115408MsoNormal\" style=\"text-align: center;\" align=\"center\">Fecha: 14 de mayo de 2024 a las 3:300pm<\/p>\n<p style=\"text-align: center;\">Join Zoom Meeting<\/p>\n<p style=\"text-align: center;\">https:\/\/us02web.zoom.us\/j\/87472760784?pwd=ZjNoMmhvVXkvSVUxRUt3WUNOUnNpQT09<\/p>\n<p style=\"text-align: center;\">Meeting ID: 874 7276 0784<\/p>\n<p style=\"text-align: center;\">Passcode: 177580<\/p>\n<p class=\"x_ydp2af13059yiv5629115408MsoNormal\" align=\"center\">_____________________________________________________<\/p>\n<p style=\"text-align: center;\"><strong><span style=\"color: #008000;\">Defensa de tesis<\/span><br \/>\n<\/strong><\/p>\n<p style=\"text-align: center;\">M\u00f3nica E. Fern\u00e1ndez Jim\u00e9nez<\/p>\n<p style=\"text-align: center;\">\u00c1rea de Investigaci\u00f3n y Evaluaci\u00f3n Educativa<\/p>\n<p class=\"x_ydp2af13059yiv5629115408MsoNormal\" style=\"text-align: center;\" align=\"center\">La redacci\u00f3n Acad\u00e9mica de los estudiantes universitarios de nivel graduado: Tendencias, semejanzas y diferencias<\/p>\n<p class=\"x_ydp2af13059yiv5629115408MsoNormal\" style=\"text-align: center;\" align=\"center\">Dr. Juan P. V\u00e1zquez<\/p>\n<p class=\"x_ydp2af13059yiv5629115408MsoNormal\" style=\"text-align: center;\" align=\"center\">Fecha: 14 de mayo de 2024 a la 2:00pm<\/p>\n<p class=\"x_ydp2af13059yiv5629115408MsoNormal\" style=\"text-align: center;\" align=\"center\">Join Zoom Meeting<\/p>\n<p style=\"text-align: center;\">https:\/\/us02web.zoom.us\/j\/87205606595?pwd=MVd2RklxUGJPWWRoRjZubTBMUThpZz09<\/p>\n<p style=\"text-align: center;\">Meeting ID: 872 0560 6595<\/p>\n<p style=\"text-align: center;\">Passcode: 387804<\/p>\n<p class=\"x_ydp2af13059yiv5629115408MsoNormal\" align=\"center\">_____________________________________________________<\/p>\n<p style=\"text-align: center;\"><strong><span style=\"color: #0000ff;\">Presentaci\u00f3n de propuesta de disertaci\u00f3n<\/span><br \/>\n<\/strong><\/p>\n<p style=\"text-align: center;\">Nilda Vargas Torres<\/p>\n<p style=\"text-align: center;\">\u00c1rea de Liderazgo en Organizaciones Educativas<\/p>\n<p class=\"x_ydp2af13059yiv5629115408MsoNormal\" style=\"text-align: center;\" align=\"center\">Experiencias de l\u00edderes educativos durante la pandemia del COVID-19: Un estudio de caso<\/p>\n<p class=\"x_ydp2af13059yiv5629115408MsoNormal\" style=\"text-align: center;\" align=\"center\">Dra. Claudia X. Alvarez Romero<\/p>\n<p class=\"x_ydp2af13059yiv5629115408MsoNormal\" style=\"text-align: center;\" align=\"center\">Fecha: 14 de mayo de 2024 a las 2:00pm<\/p>\n<p class=\"x_ydp2af13059yiv5629115408MsoNormal\" style=\"text-align: center;\" align=\"center\">Join Zoom Meeting<\/p>\n<p style=\"text-align: center;\">https:\/\/us02web.zoom.us\/j\/82485798308?pwd=cVRMYkZpTklrZGhuTzMyck8rMFN6UT09<\/p>\n<p style=\"text-align: center;\">Meeting ID: 824 8579 8308<\/p>\n<p style=\"text-align: center;\">Passcode: 901974<\/p>\n<p class=\"x_ydp2af13059yiv5629115408MsoNormal\" align=\"center\">_____________________________________________________<\/p>\n<p style=\"text-align: center;\"><strong><span style=\"color: #008000;\">Defensa de disertaci\u00f3n<\/span><br \/>\n<\/strong><\/p>\n<p style=\"text-align: center;\">Kevin L. Molina Serrano<\/p>\n<p style=\"text-align: center;\">\u00c1rea de Curr\u00edculo y Ense\u00f1anza, Sub-especialidad en Matem\u00e1ticas<\/p>\n<p class=\"x_ydp2af13059yiv5629115408MsoNormal\" style=\"text-align: center;\" align=\"center\">La esne\u00f1anza de estad\u00edsticas en escuelas intermedias y superiores publicas en una regi\u00f3n educaiva de Puerto Rico: Un estudio descriptivo<\/p>\n<p class=\"x_ydp2af13059yiv5629115408MsoNormal\" style=\"text-align: center;\" align=\"center\">Dra. Mar\u00eda Medina D\u00edaz<\/p>\n<p class=\"x_ydp2af13059yiv5629115408MsoNormal\" style=\"text-align: center;\" align=\"center\">Fecha: 14 de mayo de 2024 a la 1:00pm<\/p>\n<p class=\"x_ydp2af13059yiv5629115408MsoNormal\" style=\"text-align: center;\" align=\"center\">Sala 368- Fac. Educaci\u00f3n<\/p>\n<p class=\"x_ydp2af13059yiv5629115408MsoNormal\" align=\"center\">_____________________________________________________<\/p>\n<p style=\"text-align: center;\"><strong><span style=\"color: #0000ff;\">Presentaci\u00f3n de propuesta de disertaci\u00f3n<\/span><br \/>\n<\/strong><\/p>\n<p style=\"text-align: center;\">Michael O. Pag\u00e1n Casta\u00f1er<\/p>\n<p style=\"text-align: center;\">\u00c1rea de Liderazgo en Organizaciones Educativas<\/p>\n<p class=\"x_ydp2af13059yiv5629115408MsoNormal\" style=\"text-align: center;\" align=\"center\">An\u00e1lisis del discurso de lo moral de los secretarios de Educaci\u00f3n de Puerto Rico ante el consumo de im\u00e1genes sexualizadas y sus representaciones en la m\u00fasica urbana en contextos educativos<\/p>\n<p class=\"x_ydp2af13059yiv5629115408MsoNormal\" style=\"text-align: center;\" align=\"center\">Dra. Mar\u00eda de los \u00c1ngeles Ortiz<\/p>\n<p class=\"x_ydp2af13059yiv5629115408MsoNormal\" style=\"text-align: center;\" align=\"center\">Fecha: 14 de mayo de 2024 a las 11:00am<\/p>\n<p class=\"x_ydp2af13059yiv5629115408MsoNormal\" style=\"text-align: center;\" align=\"center\">Join Zoom Meeting<\/p>\n<p style=\"text-align: center;\">https:\/\/us02web.zoom.us\/j\/87096632593?pwd=cm5aYU9Jd0x4NHN5ZU9YUGhSNzFZdz09<\/p>\n<p style=\"text-align: center;\">Meeting ID: 870 9663 2593<\/p>\n<p style=\"text-align: center;\">Passcode: 841209<\/p>\n<p class=\"x_ydp2af13059yiv5629115408MsoNormal\" align=\"center\">_____________________________________________________<\/p>\n<p style=\"text-align: center;\"><strong><span style=\"color: #0000ff;\">Presentaci\u00f3n de propuesta de disertaci\u00f3n<\/span><br \/>\n<\/strong><\/p>\n<p style=\"text-align: center;\">Haydee Guzm\u00e1n L\u00f3pez<\/p>\n<p style=\"text-align: center;\">\u00c1rea de Curr\u00edculo y Ense\u00f1anza<\/p>\n<p class=\"x_ydp2af13059yiv5629115408MsoNormal\" style=\"text-align: center;\" align=\"center\">Actitudes hacia las matem\u00e1ticas de las ni\u00f1as de escuelas secundarias y privadas de Puerto Rico<\/p>\n<p class=\"x_ydp2af13059yiv5629115408MsoNormal\" style=\"text-align: center;\" align=\"center\">Dr. Omar Hern\u00e1ndez Rodr\u00edguez<\/p>\n<p class=\"x_ydp2af13059yiv5629115408MsoNormal\" style=\"text-align: center;\" align=\"center\">Fecha: 13 de mayo de 2024 a las 4:00pm<\/p>\n<p style=\"text-align: center;\">Antes:Sala 570- Fac. Educaci\u00f3n<\/p>\n<p style=\"text-align: center;\">Actalizacion:<\/p>\n<div style=\"text-align: center;\">Topic: Presentaci\u00f3n Propuesta de Disertaci\u00f3n Haydee Guzm\u00e1n L\u00f3pez<\/div>\n<div style=\"text-align: center;\">Time: May 13, 2024 04:00 PM Puerto Rico<\/div>\n<div style=\"text-align: center;\"><\/div>\n<div style=\"text-align: center;\">Join Zoom Meeting<\/div>\n<div style=\"text-align: center;\"><a class=\"ms-outlook-linkify\" href=\"https:\/\/us02web.zoom.us\/j\/89166120181?pwd=MEZ6VktMU2xQcWxUY2xEMEVGOTlvUT09\" target=\"_blank\" rel=\"noopener\">https:\/\/us02web.zoom.us\/j\/89166120181?pwd=MEZ6VktMU2xQcWxUY2xEMEVGOTlvUT09<\/a><\/div>\n<div style=\"text-align: center;\"><\/div>\n<div style=\"text-align: center;\">Meeting ID: 891 6612 0181<\/div>\n<div style=\"text-align: center;\">Passcode: 909101<\/div>\n<p class=\"x_ydp2af13059yiv5629115408MsoNormal\" align=\"center\">_____________________________________________________<\/p>\n<p style=\"text-align: center;\"><strong><span style=\"color: #008000;\">Defensa de proyecto<\/span><br \/>\n<\/strong><\/p>\n<p style=\"text-align: center;\">Melanie M. Monta\u00f1ez Santana<\/p>\n<p style=\"text-align: center;\">\u00c1rea de Orientaci\u00f3n y Consejer\u00eda<\/p>\n<p class=\"x_ydp2af13059yiv5629115408MsoNormal\" style=\"text-align: center;\" align=\"center\">El videojuego &#8220;GRIS&#8221; como recurso terap\u00e9utico para facilitar el duelo en j\u00f3venes adultos: Un manual de capacitaci\u00f3n grupal para consejeros profesionales<\/p>\n<p class=\"x_ydp2af13059yiv5629115408MsoNormal\" style=\"text-align: center;\" align=\"center\">Dra. Marta Rodr\u00edguez Col\u00f3n<\/p>\n<p class=\"x_ydp2af13059yiv5629115408MsoNormal\" style=\"text-align: center;\" align=\"center\">Fecha: 13 de mayo de 2024 a la 1:30pm<\/p>\n<p style=\"text-align: center;\">Antes: Sala 314- Fac. de Educaci\u00f3n<\/p>\n<p style=\"text-align: center;\">Actualizacion: Join Zoom Meeting<br \/>\n<a id=\"OWAbc2a4d39-6d95-39f2-9c12-b6e4e6229886\" title=\"Direcci\u00f3n URL original: https:\/\/us02web.zoom.us\/j\/81791487562?pwd=WGxIbVRlaGthbTRiU2d1VmEwU2Uxdz09. Haga clic o pulse si conf\u00eda en este v\u00ednculo.\" href=\"https:\/\/nam02.safelinks.protection.outlook.com\/?url=https%3A%2F%2Fus02web.zoom.us%2Fj%2F81791487562%3Fpwd%3DWGxIbVRlaGthbTRiU2d1VmEwU2Uxdz09&amp;data=05%7C02%7Cjuan.vadi%40upr.edu%7C4f9a3666b8e04035614308dc734b7c8b%7C0dfa5dc0036f461599e494af822f2b84%7C0%7C0%7C638512015246006136%7CUnknown%7CTWFpbGZsb3d8eyJWIjoiMC4wLjAwMDAiLCJQIjoiV2luMzIiLCJBTiI6Ik1haWwiLCJXVCI6Mn0%3D%7C0%7C%7C%7C&amp;sdata=ng%2BGex2tiR4Gd8dlO8IDhrurvBtzsT0t5CmR%2BEKe%2FUc%3D&amp;reserved=0\" target=\"_blank\" rel=\"noopener noreferrer\" data-auth=\"Verified\" data-loopstyle=\"linkonly\" data-linkindex=\"0\">https:\/\/us02web.zoom.us\/j\/81791487562?pwd=WGxIbVRlaGthbTRiU2d1VmEwU2Uxdz09<\/a><\/p>\n<p style=\"text-align: center;\">Meeting ID: 817 9148 7562<br \/>\nPasscode: 914515<\/p>\n<p class=\"x_ydp2af13059yiv5629115408MsoNormal\" align=\"center\">_____________________________________________________<\/p>\n<p style=\"text-align: center;\"><strong><span style=\"color: #008000;\">Defensa de disertaci\u00f3n<\/span><br \/>\n<\/strong><\/p>\n<p style=\"text-align: center;\">Sarah D. Rosario V\u00e1squez<\/p>\n<p style=\"text-align: center;\">\u00c1rea de Liderazgo en Organizaciones Educativas<\/p>\n<p class=\"x_ydp2af13059yiv5629115408MsoNormal\" style=\"text-align: center;\" align=\"center\">Gesti\u00f3n estrat\u00e9gica de lideres universitarios para el posicionamiento internacinal de la Universidad de Puerto Rico<\/p>\n<p class=\"x_ydp2af13059yiv5629115408MsoNormal\" style=\"text-align: center;\" align=\"center\">Dr. Juan R. Rodr\u00edguez Rivera<\/p>\n<p class=\"x_ydp2af13059yiv5629115408MsoNormal\" style=\"text-align: center;\" align=\"center\">Fecha: 13 de mayo de 2024 a las 10:00am<\/p>\n<p class=\"x_ydp2af13059yiv5629115408MsoNormal\" style=\"text-align: center;\" align=\"center\">Join Zoom Meeting<\/p>\n<p style=\"text-align: center;\">https:\/\/us02web.zoom.us\/j\/87472760784?pwd=ZjNoMmhvVXkvSVUxRUt3WUNOUnNpQT09<\/p>\n<p style=\"text-align: center;\">Meeting ID: 874 7276 0784<\/p>\n<p style=\"text-align: center;\">Passcode: 177580<\/p>\n<p class=\"x_ydp2af13059yiv5629115408MsoNormal\" align=\"center\">_____________________________________________________<\/p>\n<p style=\"text-align: center;\"><strong><span style=\"color: #0000ff;\">Presentaci\u00f3n de propuesta de disertaci\u00f3n<\/span><br \/>\n<\/strong><\/p>\n<p style=\"text-align: center;\">Zuleyka Guadalupe Matos<\/p>\n<p style=\"text-align: center;\">\u00c1rea de Curr\u00edculo y Ense\u00f1anza, Sub-especialidad en TESL<\/p>\n<p class=\"x_ydp2af13059yiv5629115408MsoNormal\" style=\"text-align: center;\" align=\"center\">Development of concepts about bilingualism in teachers and their perception of the Bilingual Education Academy 2021<\/p>\n<p class=\"x_ydp2af13059yiv5629115408MsoNormal\" style=\"text-align: center;\" align=\"center\">Dr. Kevin Carroll<\/p>\n<p class=\"x_ydp2af13059yiv5629115408MsoNormal\" style=\"text-align: center;\" align=\"center\">Fecha: 10 de mayo de 2024 a las 12:00pm<\/p>\n<p class=\"x_ydp2af13059yiv5629115408MsoNormal\" style=\"text-align: center;\" align=\"center\">Join Zoom Meeting<\/p>\n<p style=\"text-align: center;\">https:\/\/us02web.zoom.us\/j\/82195212851?pwd=NUhqYzBZVlRkQVVzSW45OVZacjd6UT09<\/p>\n<p style=\"text-align: center;\">Meeting ID: 821 9521 2851<\/p>\n<p style=\"text-align: center;\">Passcode: 787787<\/p>\n<p class=\"x_ydp2af13059yiv5629115408MsoNormal\" align=\"center\">_____________________________________________________<\/p>\n<p style=\"text-align: center;\"><strong><span style=\"color: #008000;\">Defensa de disertaci\u00f3n<\/span><br \/>\n<\/strong><\/p>\n<p style=\"text-align: center;\">M\u00f3nica Marcela Mu\u00f1oz Monsalve<\/p>\n<p style=\"text-align: center;\">\u00c1rea de Curr\u00edculo y Ense\u00f1anza, Sub-especialidad en Estudios Sociales e Historia<\/p>\n<p class=\"x_ydp2af13059yiv5629115408MsoNormal\" style=\"text-align: center;\" align=\"center\">Entre el silencio y el olvido, los cementerios: Un escenario para la ense\u00f1anza de la Historia<\/p>\n<p class=\"x_ydp2af13059yiv5629115408MsoNormal\" style=\"text-align: center;\" align=\"center\">Dra. Mar\u00eda del Carmen Zorrilla Lassus<\/p>\n<p class=\"x_ydp2af13059yiv5629115408MsoNormal\" style=\"text-align: center;\" align=\"center\">Fecha: 10 de mayo de 2024 a las 10:00am<\/p>\n<p style=\"text-align: center;\">Teams<\/p>\n<p style=\"text-align: center;\">https:\/\/teams.microsoft.com\/l\/meetup-join\/19%3ameeting_Zjk4YWIxOWEtMDljNC00ZTAzLTllYjgtMDllMzhjMzI1NmE1%40thread.v2\/0?context=%7b%22Tid%22%3a%220dfa5dc0-036f-4615-99e4-94af822f2b84%22%2c%22Oid%22%3a%22b1756919-e751-432f-aa64-e6bc7523a8cd%22%7d<\/p>\n<p style=\"text-align: center;\">Meeting ID: 216 880 438 521<\/p>\n<p style=\"text-align: center;\">Passcode: ncZBUL<\/p>\n<p class=\"x_ydp2af13059yiv5629115408MsoNormal\" align=\"center\">_____________________________________________________<\/p>\n<p style=\"text-align: center;\"><strong><span style=\"color: #008000;\">Defensa de disertaci\u00f3n<\/span><br \/>\n<\/strong><\/p>\n<p style=\"text-align: center;\">Patricia Mattei Ramos<\/p>\n<p style=\"text-align: center;\">\u00c1rea de Curr\u00edculo y Ense\u00f1anza, Sub-especialidad en Educaci\u00f3n Matem\u00e1tica<\/p>\n<p class=\"x_ydp2af13059yiv5629115408MsoNormal\" style=\"text-align: center;\" align=\"center\">El desarrollo del razonamiento estad\u00edstico a partir de la educaci\u00f3n matem\u00e1tica realista para estudiantes del nivel intermedio: Una experiencia de aprendizaje<\/p>\n<p class=\"x_ydp2af13059yiv5629115408MsoNormal\" style=\"text-align: center;\" align=\"center\">Dra. Claudia X. Alvarez Romero<\/p>\n<p class=\"x_ydp2af13059yiv5629115408MsoNormal\" style=\"text-align: center;\" align=\"center\">Fecha: 9 de mayo de 2024 a las 4:30pm<\/p>\n<p style=\"text-align: center;\">Sala 206- Fac. Educaci\u00f3n<\/p>\n<p class=\"x_ydp2af13059yiv5629115408MsoNormal\" align=\"center\">_____________________________________________________<\/p>\n<p style=\"text-align: center;\"><strong><span style=\"color: #0000ff;\">Presentaci\u00f3n de propuesta de disertaci\u00f3n<\/span><br \/>\n<\/strong><\/p>\n<p style=\"text-align: center;\">Francheska M. Gonz\u00e1lez Castro<\/p>\n<p style=\"text-align: center;\">\u00c1rea de Orientaci\u00f3n y Consejer\u00eda<\/p>\n<p style=\"text-align: center;\">Opini\u00f3n que el consejero profesional tiene sobre la pertinencia del manga y anime en la consejeria profesional<\/p>\n<p class=\"x_ydp2af13059yiv5629115408MsoNormal\" style=\"text-align: center;\" align=\"center\">Dra. Rosy Fern\u00e1ndez Garc\u00eda<\/p>\n<p class=\"x_ydp2af13059yiv5629115408MsoNormal\" style=\"text-align: center;\" align=\"center\">Fecha: 9 de mayo de 2024 a las 11:30am<\/p>\n<p style=\"text-align: center;\">Join Meeting Zoom<\/p>\n<p style=\"text-align: center;\">https:\/\/us06web.zoom.us\/j\/87627599474?pwd=pkOcwldjZcilfJ9fL95LAxaZ7bGkWT.1<\/p>\n<p style=\"text-align: center;\">Meeting ID: 876 2759 9474<\/p>\n<p style=\"text-align: center;\">Passcode: 482167<\/p>\n<p class=\"x_ydp2af13059yiv5629115408MsoNormal\" align=\"center\">_____________________________________________________<\/p>\n<p style=\"text-align: center;\"><strong><span style=\"color: #008000;\">Defensa de disertaci\u00f3n<\/span><br \/>\n<\/strong><\/p>\n<p style=\"text-align: center;\">Edwin Domingo Torres Rodr\u00edguez<\/p>\n<p style=\"text-align: center;\">\u00c1rea de Curr\u00edculo y Ense\u00f1anza, Sub-especialidad en Tecnolog\u00eda del Aprendizaje<\/p>\n<p class=\"x_ydp2af13059yiv5629115408MsoNormal\" style=\"text-align: center;\" align=\"center\">Educaci\u00f3n a distancia en tiempos de COVID-19: Experiencias de maestros de Estudios Sociales<\/p>\n<p class=\"x_ydp2af13059yiv5629115408MsoNormal\" style=\"text-align: center;\" align=\"center\">Dra. Carmen Pacheco Sep\u00falveda<\/p>\n<p class=\"x_ydp2af13059yiv5629115408MsoNormal\" style=\"text-align: center;\" align=\"center\">Fecha: 8 de mayo de 2024 a las 5:30pm<\/p>\n<p style=\"text-align: center;\">Teams<\/p>\n<p style=\"text-align: center;\"><b><u><a id=\"OWA12edc5e8-6bb3-80dc-a350-3c62282f9c49\" title=\"Original URL: https:\/\/teams.microsoft.com\/l\/meetup-join\/19%3a5ec1f7aae9bf4fbfb979bf6908257303%40thread.tacv2\/1714080760167?context=%7b%22Tid%22%3a%220dfa5dc0-036f-4615-99e4-94af822f2b84%22%2c%22Oid%22%3a%22bc00b9e7-5123-4cb5-86de-3613166cb1e9%22%7d. Click or tap if you trust this link.\" href=\"https:\/\/nam02.safelinks.protection.outlook.com\/ap\/t-59584e83\/?url=https%3A%2F%2Fteams.microsoft.com%2Fl%2Fmeetup-join%2F19%253a5ec1f7aae9bf4fbfb979bf6908257303%2540thread.tacv2%2F1714080760167%3Fcontext%3D%257b%2522Tid%2522%253a%25220dfa5dc0-036f-4615-99e4-94af822f2b84%2522%252c%2522Oid%2522%253a%2522bc00b9e7-5123-4cb5-86de-3613166cb1e9%2522%257d&amp;data=05%7C02%7Cjuan.guzman16%40upr.edu%7C59e4241978dd46229d2c08dc6aada911%7C0dfa5dc0036f461599e494af822f2b84%7C0%7C0%7C638502541303776192%7CUnknown%7CTWFpbGZsb3d8eyJWIjoiMC4wLjAwMDAiLCJQIjoiV2luMzIiLCJBTiI6Ik1haWwiLCJXVCI6Mn0%3D%7C0%7C%7C%7C&amp;sdata=kq7NKmuP2F5189EAEQ3k9eHej0W06I%2B9R1iLDRG336A%3D&amp;reserved=0\" target=\"_blank\" rel=\"noopener noreferrer\" data-auth=\"Verified\" data-loopstyle=\"linkonly\" data-linkindex=\"1\">Join the meeting now<\/a><\/u><\/b><\/p>\n<p style=\"text-align: center;\">Meeting ID: 280 559 826 655<\/p>\n<p style=\"text-align: center;\">Passcode: 5yzqCK<\/p>\n<p class=\"x_ydp2af13059yiv5629115408MsoNormal\" align=\"center\">_____________________________________________________<\/p>\n<p style=\"text-align: center;\"><strong><span style=\"color: #0000ff;\">Presentaci\u00f3n de propuesta de disertaci\u00f3n<\/span><br \/>\n<\/strong><\/p>\n<p style=\"text-align: center;\">Edilmari Longo Vega<\/p>\n<p style=\"text-align: center;\">\u00c1rea de Orientaci\u00f3n y Consejer\u00eda<\/p>\n<p class=\"x_ydp2af13059yiv5629115408MsoNormal\" style=\"text-align: center;\" align=\"center\">La experiencia de madres puertorrique\u00f1as de adolescentes lesbianas, gays y bisexual ante la revelaci\u00f3n de la orientaci\u00f3n afectiva por voz de sus hijos e hijas<\/p>\n<p class=\"x_ydp2af13059yiv5629115408MsoNormal\" style=\"text-align: center;\" align=\"center\">Dr. Ariel I. Agosto Cepeda<\/p>\n<p class=\"x_ydp2af13059yiv5629115408MsoNormal\" style=\"text-align: center;\" align=\"center\">Fecha: 8 de mayo de 2024 a las 9:00am<\/p>\n<p style=\"text-align: center;\">Sala 570- Fac. de Educaci\u00f3n<\/p>\n<p class=\"x_ydp2af13059yiv5629115408MsoNormal\" align=\"center\">_____________________________________________________<\/p>\n<p style=\"text-align: center;\"><strong><span style=\"color: #008000;\">Defensa de disertaci\u00f3n<\/span><br \/>\n<\/strong><\/p>\n<p style=\"text-align: center;\">Flor I. Figueroa Rosa<\/p>\n<p style=\"text-align: center;\">\u00c1rea de Curr\u00edculo y Ense\u00f1anza<\/p>\n<p class=\"x_ydp2af13059yiv5629115408MsoNormal\" style=\"text-align: center;\" align=\"center\">La identidad profesional del docente universitario en la educaci\u00f3n superior p\u00fablica de Puerto Rico: un estudio fenomenol\u00f3gico<\/p>\n<p class=\"x_ydp2af13059yiv5629115408MsoNormal\" style=\"text-align: center;\" align=\"center\">Dr. Juan P. V\u00e1zquez P\u00e9rez<\/p>\n<p class=\"x_ydp2af13059yiv5629115408MsoNormal\" style=\"text-align: center;\" align=\"center\">Fecha: 7 de mayo de 2024 a las 2:00pm<\/p>\n<p class=\"x_ydp2af13059yiv5629115408MsoNormal\" style=\"text-align: center;\" align=\"center\">Join Zoom Meeting<\/p>\n<p style=\"text-align: center;\">https:\/\/us02web.zoom.us\/j\/87140705405?pwd=YnpzaVRQVEx2djJvZGw3Q3dVN1BOUT09<\/p>\n<p style=\"text-align: center;\">Meeting ID: 871 4070 5405<\/p>\n<p style=\"text-align: center;\">Passcode: 856247<\/p>\n<p class=\"x_ydp2af13059yiv5629115408MsoNormal\" align=\"center\">_____________________________________________________<\/p>\n<p style=\"text-align: center;\"><strong><span style=\"color: #008000;\">Defensa de disertaci\u00f3n<\/span><br \/>\n<\/strong><\/p>\n<p style=\"text-align: center;\">Idalia Guzm\u00e1n Guzm\u00e1n<\/p>\n<p style=\"text-align: center;\">\u00c1rea de Liderazgo en Organizaciones Educativas<\/p>\n<p class=\"x_ydp2af13059yiv5629115408MsoNormal\" style=\"text-align: center;\" align=\"center\">Cultura de aval\u00fao en una instituci\u00f3n de educaci\u00f3n superior: Implicaciones para el l\u00edder educativo<\/p>\n<p class=\"x_ydp2af13059yiv5629115408MsoNormal\" style=\"text-align: center;\" align=\"center\">Dr. Juan R. Rodr\u00edguez Rivera<\/p>\n<p class=\"x_ydp2af13059yiv5629115408MsoNormal\" style=\"text-align: center;\" align=\"center\">Fecha: 3 de mayo de 2024 a las 10:00am<\/p>\n<p class=\"x_ydp2af13059yiv5629115408MsoNormal\" style=\"text-align: center;\" align=\"center\">Join Zoom Meeting<\/p>\n<p style=\"text-align: center;\">https:\/\/us02web.zoom.us\/j\/87472760784?pwd=ZjNoMmhvVXKvSVUxRUt3WUNOUnNpQT09<\/p>\n<p style=\"text-align: center;\">Meeting ID: 874 7276 0784<\/p>\n<p style=\"text-align: center;\">Passcode: 177580<\/p>\n<p class=\"x_ydp2af13059yiv5629115408MsoNormal\" align=\"center\">_____________________________________________________<\/p>\n<p style=\"text-align: center;\"><strong><span style=\"color: #008000;\">Defensa de disertaci\u00f3n<\/span><br \/>\n<\/strong><\/p>\n<p style=\"text-align: center;\">Johanna Burgos Carrasquillo<\/p>\n<p style=\"text-align: center;\">\u00c1rea de Liderazgo en Organizaciones Educativas<\/p>\n<p class=\"x_ydp2af13059yiv5629115408MsoNormal\" style=\"text-align: center;\" align=\"center\">Ejercicio del liderazgo de servicio en un Decanato Auxiliar de Asuntos Estudiantiles de la Universidad de Puerto Rico<\/p>\n<p class=\"x_ydp2af13059yiv5629115408MsoNormal\" style=\"text-align: center;\" align=\"center\">Dra. Alicia S. Monta\u00f1ez<\/p>\n<p class=\"x_ydp2af13059yiv5629115408MsoNormal\" style=\"text-align: center;\" align=\"center\">Fecha: 2 de mayo de 2024 a las 10:00am<\/p>\n<p class=\"x_ydp2af13059yiv5629115408MsoNormal\" style=\"text-align: center;\" align=\"center\">Join Zoom Meeting<\/p>\n<p style=\"text-align: center;\">https:\/\/us02web.zoom.us\/j\/87950082761?pwd=VGhhSmV5a28xZEQwVHd5MjdzemFLQT09<\/p>\n<p style=\"text-align: center;\">Meeting ID: 879 5008 2761<\/p>\n<p style=\"text-align: center;\">Passcode: 646580<\/p>\n<p class=\"x_ydp2af13059yiv5629115408MsoNormal\" align=\"center\">_____________________________________________________<\/p>\n<p style=\"text-align: center;\"><strong><span style=\"color: #008000;\">Defensa de disertaci\u00f3n<\/span><br \/>\n<\/strong><\/p>\n<p style=\"text-align: center;\">\u00c1ngela M. Figueroa Rivera<\/p>\n<p style=\"text-align: center;\">\u00c1rea de Liderazgo en Organizaciones Educativas<\/p>\n<p class=\"x_ydp2af13059yiv5629115408MsoNormal\" style=\"text-align: center;\" align=\"center\">Liderazgo de equipo en un centro \u00fanico de educaci\u00f3n preescolar: Estudio de caso<\/p>\n<p class=\"x_ydp2af13059yiv5629115408MsoNormal\" style=\"text-align: center;\" align=\"center\">Dra. Alicia S. Monta\u00f1ez<\/p>\n<p class=\"x_ydp2af13059yiv5629115408MsoNormal\" style=\"text-align: center;\" align=\"center\">Fecha: 1 de mayo de 2024 a las 10:30am<\/p>\n<p class=\"x_ydp2af13059yiv5629115408MsoNormal\" style=\"text-align: center;\" align=\"center\">Join Zoom Meeting<\/p>\n<p style=\"text-align: center;\">https:\/\/us02web.zoom.us\/j\/87950082761?pwd=VGhhSmV5a28xZEQwVHd5MjdzemFLQT09<\/p>\n<p style=\"text-align: center;\">Meeting ID: 879 5008 2761<\/p>\n<p style=\"text-align: center;\">Passcode: 646580<\/p>\n<p class=\"x_ydp2af13059yiv5629115408MsoNormal\" align=\"center\">_____________________________________________________<\/p>\n<p><span style=\"color: #ff0000;\"><strong>abril 2024<\/strong><\/span><\/p>\n<p style=\"text-align: center;\"><strong><span style=\"color: #0000ff;\">Presentaci\u00f3n de propuesta de proyecto<\/span><br \/>\n<\/strong><\/p>\n<p style=\"text-align: center;\">Xiomara Gonz\u00e1lez Gonz\u00e1lez<\/p>\n<p style=\"text-align: center;\">\u00c1rea de Consejer\u00eda Profesional<\/p>\n<p class=\"x_ydp2af13059yiv5629115408MsoNormal\" style=\"text-align: center;\" align=\"center\">Reconocimiento y manejo del burnout en ministros desde la perspectiva de la consejer\u00eda<\/p>\n<p class=\"x_ydp2af13059yiv5629115408MsoNormal\" style=\"text-align: center;\" align=\"center\">Dra. Carmen Rosado Pacheco<\/p>\n<p class=\"x_ydp2af13059yiv5629115408MsoNormal\" style=\"text-align: center;\" align=\"center\">Fecha: 30 de abril de 2024 a las 3:30pm<\/p>\n<p style=\"text-align: center;\">Google Meet<\/p>\n<p style=\"text-align: center;\">Enlace: meet.google.com\/jfk-igvo-cfs<\/p>\n<p style=\"text-align: center;\">Unirse por tel\u00e9fono: PR +1 787-333-6333<\/p>\n<p style=\"text-align: center;\">Pin: 210 518 142 1083#<\/p>\n<p class=\"x_ydp2af13059yiv5629115408MsoNormal\" align=\"center\">_____________________________________________________<\/p>\n<p style=\"text-align: center;\"><strong><span style=\"color: #0000ff;\">Presentaci\u00f3n de propuesta de proyecto<\/span><br \/>\n<\/strong><\/p>\n<p style=\"text-align: center;\">Adriana Irizarry Irizarry<\/p>\n<p style=\"text-align: center;\">\u00c1rea de Orientaci\u00f3n y Consejer\u00eda<\/p>\n<p class=\"x_ydp2af13059yiv5629115408MsoNormal\" style=\"text-align: center;\" align=\"center\">Toma de decision ocupacional y los pensamientos disfuncionales: Aplicaci\u00f3n de la teor\u00eda CIP a trav\u00e9s de actividades psicoeducativas para estudiantes de escuela superior<\/p>\n<p class=\"x_ydp2af13059yiv5629115408MsoNormal\" style=\"text-align: center;\" align=\"center\">Dra. Carmen Rosado Pacheco<\/p>\n<p class=\"x_ydp2af13059yiv5629115408MsoNormal\" style=\"text-align: center;\" align=\"center\">Fecha: 30 de abril de 2024 a las 10:00am<\/p>\n<p style=\"text-align: center;\">Sala 570- Fac. Educaci\u00f3n<\/p>\n<p class=\"x_ydp2af13059yiv5629115408MsoNormal\" align=\"center\">_____________________________________________________<\/p>\n<p style=\"text-align: center;\"><strong><span style=\"color: #008000;\">Defensa de tesis<\/span><br \/>\n<\/strong><\/p>\n<p style=\"text-align: center;\">Jes\u00fas F. Aponte Rodr\u00edguez<\/p>\n<p style=\"text-align: center;\">\u00c1rea de Ciencias del Ejercicio<\/p>\n<p class=\"x_ydp2af13059yiv5629115408MsoNormal\" style=\"text-align: center;\" align=\"center\">Respuestas Fisi\u00f3logicas en Pruebas de Esfuerzo M\u00e1ximo en Atletas Semi-fondistas: Comparaci\u00f3n de Protocolos<\/p>\n<p class=\"x_ydp2af13059yiv5629115408MsoNormal\" style=\"text-align: center;\" align=\"center\">Dra. Farah A. Ram\u00edrez Marrero<\/p>\n<p class=\"x_ydp2af13059yiv5629115408MsoNormal\" style=\"text-align: center;\" align=\"center\">Fecha: 29 de abril de 2024 a las 5:00pm<\/p>\n<p style=\"text-align: center;\">Teams<\/p>\n<p style=\"text-align: center;\">Enlace: https:\/\/teams.microsoft.com\/l\/meetup-join\/19%3ameeting_Y2ExZjhkZTctZWQzZS00N2JhLTlkZGUtYjFmZGNmZmUwMjRh%40thread.v2\/0?context=%7b%22Tid%22%3a%220dfa5dc0-036f-4615-99e4-94af822f2b84%22%2c%22Oid%22%3a%22c4d02eb8-8cd1-44ab-a7d6-9355dfdf177a%22%7d<\/p>\n<p style=\"text-align: center;\">Meeting ID: 221 335 309 062<\/p>\n<p style=\"text-align: center;\">Passcode: yYd5Am<\/p>\n<p class=\"x_ydp2af13059yiv5629115408MsoNormal\" align=\"center\">_____________________________________________________<\/p>\n<p style=\"text-align: center;\"><strong><span style=\"color: #0000ff;\">Presentaci\u00f3n de propuesta de tesis<\/span><br \/>\n<\/strong><\/p>\n<p style=\"text-align: center;\">Kiara Hern\u00e1ndez Clavell<\/p>\n<p style=\"text-align: center;\">\u00c1rea de Ciencias del Ejercicio<\/p>\n<p class=\"x_ydp2af13059yiv5629115408MsoNormal\" style=\"text-align: center;\" align=\"center\">Perfil de aptitud f\u00edsica en adultos con diagn\u00f3stico de esquezofrenia internados en un hospital psiqui\u00e1trico<\/p>\n<p class=\"x_ydp2af13059yiv5629115408MsoNormal\" style=\"text-align: center;\" align=\"center\">Dra.Luc\u00eda del R. Mart\u00ednez<\/p>\n<p class=\"x_ydp2af13059yiv5629115408MsoNormal\" style=\"text-align: center;\" align=\"center\">Fecha: 26 de abril de 2024 a las 5:30pm<\/p>\n<p style=\"text-align: center;\">Sala CBS 305<\/p>\n<p class=\"x_ydp2af13059yiv5629115408MsoNormal\" align=\"center\">_____________________________________________________<\/p>\n<p style=\"text-align: center;\"><strong><span style=\"color: #0000ff;\">Presentaci\u00f3n de propuesta de proyecto<\/span><br \/>\n<\/strong><\/p>\n<p style=\"text-align: center;\">Jeanelys Roque Castro<\/p>\n<p style=\"text-align: center;\">\u00c1rea de Consejer\u00eda Profesional<\/p>\n<p class=\"x_ydp2af13059yiv5629115408MsoNormal\" style=\"text-align: center;\" align=\"center\">Educando sobre la gordofobia: Actividades psicoeducativas grupales para el desarrollo de una imagen corporal saludable en mujeres adolescentes<\/p>\n<p class=\"x_ydp2af13059yiv5629115408MsoNormal\" style=\"text-align: center;\" align=\"center\">Dra. Carmen Rosado Pacheco<\/p>\n<p class=\"x_ydp2af13059yiv5629115408MsoNormal\" style=\"text-align: center;\" align=\"center\">Fecha: 25 de abril de 2024 a la 1:30pm<\/p>\n<p style=\"text-align: center;\">Google Meet<\/p>\n<p style=\"text-align: center;\">Enlace: meet.google.com\/yvy-sttp-xrw<\/p>\n<p style=\"text-align: center;\">Unirse por tel\u00e9fono: PR +1 787-333-6333<\/p>\n<p style=\"text-align: center;\">Pin: 215 115 202 6746#<\/p>\n<p class=\"x_ydp2af13059yiv5629115408MsoNormal\" align=\"center\">_____________________________________________________<\/p>\n<p style=\"text-align: center;\"><strong><span style=\"color: #008000;\">Defensa de tesis<\/span><br \/>\n<\/strong><\/p>\n<p style=\"text-align: center;\">Gina E. Mart\u00ednez Grau<\/p>\n<p style=\"text-align: center;\">\u00c1rea de Ciencias del Ejercicio, Sub-especialidad en Fisiolog\u00eda<\/p>\n<p class=\"x_ydp2af13059yiv5629115408MsoNormal\" style=\"text-align: center;\" align=\"center\">Actividad F\u00edsica y Tiempo Sedentario en Residentes de Medicina durante Rotaciones Nocturnas en Programa de Guardias<\/p>\n<p class=\"x_ydp2af13059yiv5629115408MsoNormal\" style=\"text-align: center;\" align=\"center\">Dra. Farah A. Ram\u00edrez Marrero<\/p>\n<p class=\"x_ydp2af13059yiv5629115408MsoNormal\" style=\"text-align: center;\" align=\"center\">Fecha: 22 de abril de 2024 a las 5:00pm<\/p>\n<p style=\"text-align: center;\">Teams<\/p>\n<p style=\"text-align: center;\">Meeting ID: 213 370 476 992<\/p>\n<p style=\"text-align: center;\">Passcode: Jdfaqu<\/p>\n<p class=\"x_ydp2af13059yiv5629115408MsoNormal\" align=\"center\">_____________________________________________________<\/p>\n<p style=\"text-align: center;\"><strong><span style=\"color: #0000ff;\">Presentaci\u00f3n de propuesta de disertaci\u00f3n<\/span><br \/>\n<\/strong><\/p>\n<p style=\"text-align: center;\">Jos\u00e9 \u00c1ngel Cordero Mercado<\/p>\n<p style=\"text-align: center;\">\u00c1rea de Curr\u00edculo y Ense\u00f1anza, Sub-especialidad en Historia<\/p>\n<p class=\"x_ydp2af13059yiv5629115408MsoNormal\" style=\"text-align: center;\" align=\"center\">Hacia la inclusi\u00f3n did\u00e1ctica de temas religiosos en los cursos de Historia y Estudios Sociales: Una propuesta de cambios curriculares<\/p>\n<p class=\"x_ydp2af13059yiv5629115408MsoNormal\" style=\"text-align: center;\" align=\"center\">Dr. Reinaldo Berr\u00edos<\/p>\n<p class=\"x_ydp2af13059yiv5629115408MsoNormal\" style=\"text-align: center;\" align=\"center\">Fecha: 22 de abril de 2024 a las 4:00pm<\/p>\n<p style=\"text-align: center;\">Sala\u00a0 570- Fac. Educaci\u00f3n<\/p>\n<p class=\"x_ydp2af13059yiv5629115408MsoNormal\" align=\"center\">_____________________________________________________<\/p>\n<p style=\"text-align: center;\"><strong><span style=\"color: #008000;\">Defensa de disertaci\u00f3n<\/span><br \/>\n<\/strong><\/p>\n<p style=\"text-align: center;\">Fiorelys Mendoza Morales<\/p>\n<p style=\"text-align: center;\">\u00c1rea de Curriculo y Ense\u00f1anza, Sub-especialidad en TESL<\/p>\n<p class=\"x_ydp2af13059yiv5629115408MsoNormal\" style=\"text-align: center;\" align=\"center\">Investigating the English Re\/cerification Journey for Puerto Rican Teachers: Lessons from an Accelerated Program<\/p>\n<p class=\"x_ydp2af13059yiv5629115408MsoNormal\" style=\"text-align: center;\" align=\"center\">Dr. Kevin Carroll<\/p>\n<p class=\"x_ydp2af13059yiv5629115408MsoNormal\" style=\"text-align: center;\" align=\"center\">Fecha: 19 de abril de 2024 a la 1:00pm<\/p>\n<p align=\"center\">Join Zoom Meeting<\/p>\n<p style=\"text-align: center;\">https:\/\/us02web.zoom.us\/j\/84500577443?pwd=NWtMZE84dm55RFdWbFMvWlFzeEZxZz09<\/p>\n<p style=\"text-align: center;\">Meeting ID: 845 0057 7443<\/p>\n<p style=\"text-align: center;\">Passcode: 787787<\/p>\n<p class=\"x_ydp2af13059yiv5629115408MsoNormal\" align=\"center\">_____________________________________________________<\/p>\n<p style=\"text-align: center;\"><strong><span style=\"color: #008000;\">Defensa de disertaci\u00f3n<\/span><br \/>\n<\/strong><\/p>\n<p style=\"text-align: center;\">Zulma I. Serrano Arroyo<\/p>\n<p style=\"text-align: center;\">\u00c1rea de Orientaci\u00f3n y Consejer\u00eda<\/p>\n<p class=\"x_ydp2af13059yiv5629115408MsoNormal\" style=\"text-align: center;\" align=\"center\">Las relaciones con las familias de origen de las parejas con hijos<\/p>\n<p class=\"x_ydp2af13059yiv5629115408MsoNormal\" style=\"text-align: center;\" align=\"center\">Dra. Rosy Ferm\u00e1ndez<\/p>\n<p class=\"x_ydp2af13059yiv5629115408MsoNormal\" style=\"text-align: center;\" align=\"center\">Fecha: 17 de abril de 2024 a las 3:30pm<\/p>\n<p style=\"text-align: center;\">Sala\u00a0 &#8211; Fac. Educaci\u00f3n<\/p>\n<p class=\"x_ydp2af13059yiv5629115408MsoNormal\" align=\"center\">_____________________________________________________<\/p>\n<p style=\"text-align: center;\"><strong><span style=\"color: #008000;\">Defensa de disertaci\u00f3n<\/span><br \/>\n<\/strong><\/p>\n<p style=\"text-align: center;\">Jos\u00e9 M\u00e1rquez Gomilla<\/p>\n<p style=\"text-align: center;\">\u00c1rea de Curr\u00edculo y Ense\u00f1anza, Sub-especialidad en TDEC<\/p>\n<p class=\"x_ydp2af13059yiv5629115408MsoNormal\" style=\"text-align: center;\" align=\"center\">La creaci\u00f3n de podcasts a trav\u00e9s de pr\u00e1cticas democr\u00e1ticas en la sala de clases: Desafios y logros del aprendizaje colaborativo, cr\u00edtico y divergente<\/p>\n<p class=\"x_ydp2af13059yiv5629115408MsoNormal\" style=\"text-align: center;\" align=\"center\">Dra. Gladys R. Capella Noya<\/p>\n<p class=\"x_ydp2af13059yiv5629115408MsoNormal\" style=\"text-align: center;\" align=\"center\">Fecha: 16 de abril de 2024 a las 5:00pm<\/p>\n<p style=\"text-align: center;\">Sala 314 &#8211; Fac. Educaci\u00f3n<\/p>\n<p class=\"x_ydp2af13059yiv5629115408MsoNormal\" align=\"center\">_____________________________________________________<\/p>\n<p style=\"text-align: center;\"><strong><span style=\"color: #008000;\">Defensa de disertaci\u00f3n<\/span><br \/>\n<\/strong><\/p>\n<p style=\"text-align: center;\">Clarimar Echevarr\u00eda P\u00e9rez<\/p>\n<p style=\"text-align: center;\">\u00c1rea de Curr\u00edculo y Ense\u00f1anza, Sub-especialidad en Eduaci\u00f3n Matem\u00e1tica<\/p>\n<p class=\"x_ydp2af13059yiv5629115408MsoNormal\" style=\"text-align: center;\" align=\"center\">Ambientes de aprendizaje inclusivo para estudiantes con dislexia y otros problemas de aprendizaje matem\u00e1tico: Una gu\u00eda curricular para la formaci\u00f3n de los candidatos a maestros en Matem\u00e1ticas<\/p>\n<p class=\"x_ydp2af13059yiv5629115408MsoNormal\" style=\"text-align: center;\" align=\"center\">Dr. Juan P. V\u00e1zquez<\/p>\n<p class=\"x_ydp2af13059yiv5629115408MsoNormal\" style=\"text-align: center;\" align=\"center\">Fecha: 16 de abril de 2024 a las 3:30pm<\/p>\n<p style=\"text-align: center;\">Sala 570 &#8211; Fac. Educaci\u00f3n<\/p>\n<p class=\"x_ydp2af13059yiv5629115408MsoNormal\" align=\"center\">_____________________________________________________<\/p>\n<p style=\"text-align: center;\"><strong><span style=\"color: #008000;\">Defensa de tesis<\/span><br \/>\n<\/strong><\/p>\n<p style=\"text-align: center;\">Kevin Melecio<\/p>\n<p style=\"text-align: center;\">\u00c1rea de Investigaci\u00f3n y Evaluaci\u00f3n Educativa<\/p>\n<p class=\"x_ydp2af13059yiv5629115408MsoNormal\" style=\"text-align: center;\" align=\"center\">La autoeficacia y las experiencias de estudiantes doctorales en relaci\u00f3n con el examen de grado<\/p>\n<p class=\"x_ydp2af13059yiv5629115408MsoNormal\" style=\"text-align: center;\" align=\"center\">Dr. V\u00edctor Bonilla<\/p>\n<p class=\"x_ydp2af13059yiv5629115408MsoNormal\" style=\"text-align: center;\" align=\"center\">Fecha: 8 de abril de 2024 a las 10:00am<\/p>\n<p class=\"x_ydp2af13059yiv5629115408MsoNormal\" style=\"text-align: center;\" align=\"center\">Join Zoom Meeting<\/p>\n<p>https:\/\/us02web.zoom.us\/j\/89013835308?pwd=K1oybitzV2hBWFBuOVZRU1NseWc0Zz09&#038;from=addon<\/p>\n<p style=\"text-align: center;\">Meeting ID: 890 1383 5308<\/p>\n<p style=\"text-align: center;\">Passcode: 406101<\/p>\n<p class=\"x_ydp2af13059yiv5629115408MsoNormal\" align=\"center\">_____________________________________________________<\/p>\n<p style=\"text-align: center;\"><strong><span style=\"color: #008000;\">Defensa de proyecto<\/span><br \/>\n<\/strong><\/p>\n<p style=\"text-align: center;\">Jorge D\u00edaz Gonz\u00e1lez<\/p>\n<p style=\"text-align: center;\">\u00c1rea de Consejer\u00eda Profesional<\/p>\n<p class=\"x_ydp2af13059yiv5629115408MsoNormal\" style=\"text-align: center;\" align=\"center\">Teor\u00edas, Conceptos, T\u00e9cnicas y Estrategias en la Consejeria: Un diccionario profesional en la disciplina<\/p>\n<p class=\"x_ydp2af13059yiv5629115408MsoNormal\" style=\"text-align: center;\" align=\"center\">Dra. Carmen Rosado Pacheco<\/p>\n<p class=\"x_ydp2af13059yiv5629115408MsoNormal\" style=\"text-align: center;\" align=\"center\">Fecha: 2 de abril de 2024 a las 4:00pm<\/p>\n<p style=\"text-align: center;\">Sala 314 &#8211; Fac. de Educaci\u00f3n<\/p>\n<p style=\"text-align: center;\">_____________________________________________________<\/p>\n<p><span style=\"color: #ff0000;\"><strong>marzo 2024<\/strong><\/span><\/p>\n<p style=\"text-align: center;\"><strong><span style=\"color: #008000;\">Defensa\u00a0de disertaci\u00f3n<\/span><br \/>\n<\/strong><\/p>\n<p style=\"text-align: center;\">Johani Ortiz \u00c1lvarez<\/p>\n<p style=\"text-align: center;\">\u00c1rea de\u00a0Curr\u00edculo y Ense\u00f1anza, Sub-especialidad Tecnolog\u00eda del Aprendizaje<\/p>\n<p class=\"x_ydp2af13059yiv5629115408MsoNormal\" style=\"text-align: center;\" align=\"center\">Percepci\u00f3n del estudiantado graduado respecto al Mobile Learning como estrategia educativa en una instituci\u00f3n de educaci\u00f3n superior<\/p>\n<p class=\"x_ydp2af13059yiv5629115408MsoNormal\" style=\"text-align: center;\" align=\"center\">Dr. V\u00edctor Bonilla<\/p>\n<p class=\"x_ydp2af13059yiv5629115408MsoNormal\" style=\"text-align: center;\" align=\"center\">Fecha: 26 de marzo de 2024 a las 5:00pm<\/p>\n<p class=\"x_ydp2af13059yiv5629115408MsoNormal\" style=\"text-align: center;\" align=\"center\">Join Zoom Meeting<\/p>\n<p style=\"text-align: center;\">https:\/\/us02web.zoom.us\/j\/85053754153?pwd=YmpySTRmU0hCVmVkT2pFUFFGOUNsZz09&#038;from=addon<\/p>\n<p style=\"text-align: center;\">Meeting ID: 850 5375 4153<\/p>\n<p style=\"text-align: center;\">Passcode: 403631<\/p>\n<p class=\"x_ydp2af13059yiv5629115408MsoNormal\" align=\"center\">_____________________________________________________<\/p>\n<p><span style=\"color: #ff0000;\"><strong>febrero 2024<\/strong><\/span><\/p>\n<p style=\"text-align: center;\"><strong><span style=\"color: #0000ff;\">Presentaci\u00f3n de propuesta de disertaci\u00f3n<\/span><br \/>\n<\/strong><\/p>\n<p style=\"text-align: center;\">Eddie E. Rodr\u00edguez V\u00e1zquez<\/p>\n<p style=\"text-align: center;\">\u00c1rea de Teor\u00eda y Curr\u00edculo<\/p>\n<p class=\"x_ydp2af13059yiv5629115408MsoNormal\" style=\"text-align: center;\" align=\"center\">Actividad f\u00edsica, ejercicio y COVID-19 en adultos mayores de 21 a\u00f1os de Puerto Rico<\/p>\n<p class=\"x_ydp2af13059yiv5629115408MsoNormal\" style=\"text-align: center;\" align=\"center\">Dr. Jos\u00e9 Vicente<\/p>\n<p class=\"x_ydp2af13059yiv5629115408MsoNormal\" style=\"text-align: center;\" align=\"center\">Fecha: 28 de febrero de 2024 a la 3:00pm<\/p>\n<p class=\"x_ydp2af13059yiv5629115408MsoNormal\" style=\"text-align: center;\" align=\"center\">Complejo Deportivo<\/p>\n<p class=\"x_ydp2af13059yiv5629115408MsoNormal\" align=\"center\">_____________________________________________________<\/p>\n<p style=\"text-align: center;\"><strong><span style=\"color: #0000ff;\">Presentaci\u00f3n de propuesta de disertaci\u00f3n<\/span><br \/>\n<\/strong><\/p>\n<p style=\"text-align: center;\">Karilyn Ramos Delgado<\/p>\n<p style=\"text-align: center;\">\u00c1rea de\u00a0Curr\u00edculo y Ense\u00f1anza, Sub-especialidad TESL<\/p>\n<p class=\"x_ydp2af13059yiv5629115408MsoNormal\" style=\"text-align: center;\" align=\"center\">The Role of the Resource Room for Ninth Grade Special Education Students Diagnosed with a Specific Learning Disability: Implications for English in Puerto Rico<\/p>\n<p class=\"x_ydp2af13059yiv5629115408MsoNormal\" style=\"text-align: center;\" align=\"center\">Dr. Kevin Carroll<\/p>\n<p class=\"x_ydp2af13059yiv5629115408MsoNormal\" style=\"text-align: center;\" align=\"center\">Fecha: 27 de febrero de 2024 a la 9:00am<\/p>\n<p class=\"x_ydp2af13059yiv5629115408MsoNormal\" style=\"text-align: center;\" align=\"center\">Join Zoom Meeting<\/p>\n<p style=\"text-align: center;\">https:\/\/us02web.zoom.us\/j\/81430081886?pwd=bEExS1NTMjhlOFJ5YjEzMDNBMDRHUT09\\<\/p>\n<p style=\"text-align: center;\">Meeting ID: 814 3008 1886<\/p>\n<p style=\"text-align: center;\">Passcode: 313313<\/p>\n<p class=\"x_ydp2af13059yiv5629115408MsoNormal\" align=\"center\">_____________________________________________________<\/p>\n<p style=\"text-align: center;\"><strong><span style=\"color: #0000ff;\">Presentaci\u00f3n de propuesta de disertaci\u00f3n<\/span><br \/>\n<\/strong><\/p>\n<p style=\"text-align: center;\">Mary Blanco V\u00e1zquez<\/p>\n<p style=\"text-align: center;\">\u00c1rea de Curr\u00edculo y Ense\u00f1anza, Sub-especialidad Ense\u00f1anza de Ingl\u00e9s como Segundo Idioma<\/p>\n<p class=\"x_ydp2af13059yiv5629115408MsoNormal\" style=\"text-align: center;\" align=\"center\">Students Experiences Regarding Learning English As A Second Language In The Public School System Of Puerto Rico: A Phenomenological Study<\/p>\n<p class=\"x_ydp2af13059yiv5629115408MsoNormal\" style=\"text-align: center;\" align=\"center\">Dr. Kevin Carroll<\/p>\n<p class=\"x_ydp2af13059yiv5629115408MsoNormal\" style=\"text-align: center;\" align=\"center\">Fecha: 9 de febrero de 2024 a la 1:00pm<\/p>\n<p class=\"x_ydp2af13059yiv5629115408MsoNormal\" style=\"text-align: center;\" align=\"center\">Join Zoom Meeting<\/p>\n<p style=\"text-align: center;\">https:\/\/us02web.zoom.us\/j\/89746404487?pwd=d2JnT3 FTbkJKYUhUbFFWMmh5a2JtZz09<\/p>\n<p style=\"text-align: center;\">Meeting ID: 897 4640 4487<\/p>\n<p style=\"text-align: center;\">Passcode: 313313<\/p>\n<p class=\"x_ydp2af13059yiv5629115408MsoNormal\" align=\"center\">_____________________________________________________<\/p>\n<p><span style=\"color: #ff0000;\"><strong>diciembre 2023<\/strong><\/span><\/p>\n<p style=\"text-align: center;\"><strong><span style=\"color: #0000ff;\">Presentaci\u00f3n de propuesta de disertaci\u00f3n<\/span><\/strong><\/p>\n<p style=\"text-align: center;\">Yency Choque Dextre<\/p>\n<p style=\"text-align: center;\">\u00c1rea de Curr\u00edculo y Ense\u00f1anza, sub-especialidad en Matem\u00e1tica<\/p>\n<p style=\"text-align: center;\">Modelo estad\u00edstico de clasificaci\u00f3n y predicci\u00f3n en tres etapas para determinar los factores del rendimiento matem\u00e1tico de estudio Internacional TIMSS 2019<\/p>\n<p class=\"x_ydp2af13059yiv5629115408MsoNormal\" style=\"text-align: center;\" align=\"center\">Dr. Omar Hern\u00e1ndez Rodr\u00edguez<\/p>\n<p class=\"x_ydp2af13059yiv5629115408MsoNormal\" style=\"text-align: center;\" align=\"center\">Fecha: 14 de diciembre de 2023 a las 3:00pm<\/p>\n<p class=\"x_ydp2af13059yiv5629115408MsoNormal\" style=\"text-align: center;\" align=\"center\">Sala 570- Fac. de Educaci\u00f3n<\/p>\n<p class=\"x_ydp2af13059yiv5629115408MsoNormal\" align=\"center\">_____________________________________________________<\/p>\n<p style=\"text-align: center;\"><strong><span style=\"color: #0000ff;\">Presentaci\u00f3n de propuesta de disertaci\u00f3n<\/span><\/strong><\/p>\n<p style=\"text-align: center;\">William Mu\u00f1iz Rivera<\/p>\n<p style=\"text-align: center;\">\u00c1rea de Curr\u00edculo y Ense\u00f1anza, sub-especialidad en Tecnolog\u00eda del Aprendizaje<\/p>\n<p style=\"text-align: center;\">Retos del docente ante la integraci\u00f3n de la tecnolog\u00eda en los cursos presenciales durante la Pandemia del COVID-19 en la Universidad de Puerto Rico en Aguadilla<\/p>\n<p class=\"x_ydp2af13059yiv5629115408MsoNormal\" style=\"text-align: center;\" align=\"center\">Dra. Claudia X. Alvarez Romero<\/p>\n<p class=\"x_ydp2af13059yiv5629115408MsoNormal\" style=\"text-align: center;\" align=\"center\">Fecha: 14 de diciembre de 2023 a las 10:00am<\/p>\n<p class=\"x_ydp2af13059yiv5629115408MsoNormal\" style=\"text-align: center;\" align=\"center\">Join Zoom Meeting<\/p>\n<p style=\"text-align: center;\">https:\/\/us02web.zoom.us\/j\/81916175467?pwd=QnB6TUxKZll2ZmRmZFcwNEJUOTJKUT09<\/p>\n<p style=\"text-align: center;\">Meeting ID: 819 1617 5467<\/p>\n<p style=\"text-align: center;\">Passcode: 026034<\/p>\n<p class=\"x_ydp2af13059yiv5629115408MsoNormal\" align=\"center\">_____________________________________________________<\/p>\n<p style=\"text-align: center;\"><strong><span style=\"color: #0000ff;\">Presentaci\u00f3n de propuesta de disertaci\u00f3n<\/span><\/strong><\/p>\n<p style=\"text-align: center;\">Marjorie M. Maisonet Rivera<\/p>\n<p style=\"text-align: center;\">\u00c1rea de Liderazgo en Organizaciones Educativas<\/p>\n<p style=\"text-align: center;\">Responsabilidad social universitaria: Experiencias de l\u00edderes educativos en instituciones de educaci\u00f3n superior sobre la pertinencia social de la oferta acad\u00e9mica y su relaci\u00f3n con el mercado laboral<\/p>\n<p class=\"x_ydp2af13059yiv5629115408MsoNormal\" style=\"text-align: center;\" align=\"center\">Dra. Mar\u00eda de los \u00c1ngeles Ortiz<\/p>\n<p class=\"x_ydp2af13059yiv5629115408MsoNormal\" style=\"text-align: center;\" align=\"center\">Fecha: 13 de diciembre de 2023 a las 4:00pm<\/p>\n<p class=\"x_ydp2af13059yiv5629115408MsoNormal\" style=\"text-align: center;\" align=\"center\">Microsoft Teams meeting<\/p>\n<p class=\"x_ydp2af13059yiv5629115408MsoNormal\" style=\"text-align: center;\" align=\"center\">Meeting ID:\u00a0260 851 956 384<\/p>\n<p class=\"x_ydp2af13059yiv5629115408MsoNormal\" style=\"text-align: center;\" align=\"center\">Passcode:\u00a0F9BJDk<\/p>\n<p class=\"x_ydp2af13059yiv5629115408MsoNormal\" align=\"center\">_____________________________________________________<\/p>\n<p style=\"text-align: center;\"><strong><span style=\"color: #0000ff;\">Presentaci\u00f3n de propuesta de disertaci\u00f3n<\/span><\/strong><\/p>\n<p style=\"text-align: center;\">Pedro de Jes\u00fas<\/p>\n<p style=\"text-align: center;\">\u00c1rea de Curr\u00edculo y Ense\u00f1anza, sub-especialidad en Historia y Estudios Sociales<\/p>\n<p style=\"text-align: center;\">Consecuencias de la legislaci\u00f3n educativa federal y estatal en el Programa de Estudios Sociales del Departamento de Educacion de Puerto Rico entre los a\u00f1os 1965 y 2023<\/p>\n<p class=\"x_ydp2af13059yiv5629115408MsoNormal\" style=\"text-align: center;\" align=\"center\">Dra. Mar\u00eda del Carmen Zorrilla<\/p>\n<p class=\"x_ydp2af13059yiv5629115408MsoNormal\" style=\"text-align: center;\" align=\"center\">Fecha: 11 de diciembre de 2023 a las 5:00pm<\/p>\n<p class=\"x_ydp2af13059yiv5629115408MsoNormal\" style=\"text-align: center;\" align=\"center\">Sala 570- Fac. de Educaci\u00f3n<\/p>\n<p class=\"x_ydp2af13059yiv5629115408MsoNormal\" align=\"center\">_____________________________________________________<\/p>\n<p style=\"text-align: center;\"><strong><span style=\"color: #0000ff;\">Presentaci\u00f3n de propuesta de disertaci\u00f3n<\/span><\/strong><\/p>\n<p style=\"text-align: center;\">Alex Casiano<\/p>\n<p style=\"text-align: center;\">\u00c1rea de Liderazgo en Organizaciones Educativas<\/p>\n<p style=\"text-align: center;\">La experiencia de los l\u00edderes educarivos y la facultad en los procesos de acreditaci\u00f3n en las instituciones de educaci\u00f3n superior en Puerto Rico: Un estudio de caso m\u00faltiple sobre las mejores pr\u00e1cticas<\/p>\n<p class=\"x_ydp2af13059yiv5629115408MsoNormal\" style=\"text-align: center;\" align=\"center\">Dra. Mar\u00eda de los \u00c1ngeles Ortiz<\/p>\n<p class=\"x_ydp2af13059yiv5629115408MsoNormal\" style=\"text-align: center;\" align=\"center\">Fecha: 11 de diciembre de 2023 a las 11:00am<\/p>\n<p class=\"x_ydp2af13059yiv5629115408MsoNormal\" style=\"text-align: center;\" align=\"center\">Join Zoom Meeting<\/p>\n<p style=\"text-align: center;\">https:\/\/us02web.zoom.us\/j\/86808589879?pwd=RWNqUVo3Q0cydVZ1cXArMkwyeFJoQT09<\/p>\n<p style=\"text-align: center;\">Meeting ID: 868 0858 9879<\/p>\n<p style=\"text-align: center;\">Passcode: 249368<\/p>\n<p class=\"x_ydp2af13059yiv5629115408MsoNormal\" align=\"center\">_____________________________________________________<\/p>\n<p style=\"text-align: center;\"><strong><span style=\"color: #0000ff;\">Presentaci\u00f3n de propuesta de disertaci\u00f3n<\/span><\/strong><\/p>\n<p style=\"text-align: center;\">Nicolle Rodr\u00edguez Mercado<\/p>\n<p style=\"text-align: center;\">\u00c1rea de Curr\u00edculo y Ense\u00f1anza, Sub-especialidad en Teor\u00eda, Dise\u00f1o y Evaluaci\u00f3n de Curr\u00edculo<\/p>\n<p style=\"text-align: center;\">Desarrollo de u curso acerca de la etapa de edad avanzada combinando la salud f\u00edsica y mental en terapia ocupacional<\/p>\n<p class=\"x_ydp2af13059yiv5629115408MsoNormal\" style=\"text-align: center;\" align=\"center\">Dr. Victor E. Bonilla<\/p>\n<p class=\"x_ydp2af13059yiv5629115408MsoNormal\" style=\"text-align: center;\" align=\"center\">Fecha: 8 de diciembre de 2023 a las 3:00pm<\/p>\n<p class=\"x_ydp2af13059yiv5629115408MsoNormal\" style=\"text-align: center;\" align=\"center\">Join Zoom Meeting<\/p>\n<p style=\"text-align: center;\">https:\/\/us02web.zoom.us\/j\/81042823093?pwd=ZWFiejh6L0JJQzc4K2t2d1UrWUFWdz09&#038;from=addon<\/p>\n<p style=\"text-align: center;\">Meeting ID: 810 4282 3093<\/p>\n<p style=\"text-align: center;\">Passcode: 498449<\/p>\n<p class=\"x_ydp2af13059yiv5629115408MsoNormal\" align=\"center\">_____________________________________________________<\/p>\n<p style=\"text-align: center;\"><strong><span style=\"color: #0000ff;\">Presentaci\u00f3n de propuesta de disertaci\u00f3n<\/span><\/strong><\/p>\n<p style=\"text-align: center;\">Alexandra Tub\u00e9ns La Salle<\/p>\n<p style=\"text-align: center;\">\u00c1rea de Curr\u00edculo y Ense\u00f1anza, Sub-especialidad en Tecnolog\u00eda del Aprendizaje<\/p>\n<p style=\"text-align: center;\">Contingencia tecnol\u00f3gica en la experiencia cl\u00ednica educativa en tiempos de pandemia del COVID-19<\/p>\n<p class=\"x_ydp2af13059yiv5629115408MsoNormal\" style=\"text-align: center;\" align=\"center\">Dr. Juan P. V\u00e1zquez<\/p>\n<p class=\"x_ydp2af13059yiv5629115408MsoNormal\" style=\"text-align: center;\" align=\"center\">Fecha: 7 de diciembre de 2023 a las 3:00pm<\/p>\n<p class=\"x_ydp2af13059yiv5629115408MsoNormal\" style=\"text-align: center;\" align=\"center\">Join Zoom Meeting<\/p>\n<p style=\"text-align: center;\">https:\/\/us02web.zoom.us\/j\/81183400344?pwd=SnR4N2J5NmNUaHVySE5KbURGdmN3QT09<\/p>\n<p style=\"text-align: center;\">Meeting ID: 811 8340 0344<\/p>\n<p style=\"text-align: center;\">Passcode: 290484<\/p>\n<p class=\"x_ydp2af13059yiv5629115408MsoNormal\" align=\"center\">_____________________________________________________<\/p>\n<p style=\"text-align: center;\"><strong><span style=\"color: #008000;\">Defensa\u00a0de disertaci\u00f3n<\/span><br \/>\n<\/strong><\/p>\n<p style=\"text-align: center;\">Rosa E. Mej\u00edas Cepero<\/p>\n<p style=\"text-align: center;\">\u00c1rea de\u00a0Curr\u00edculo y Ense\u00f1anza, Sub-especialidad Tecnolog\u00eda del Aprendizaje<\/p>\n<p class=\"x_ydp2af13059yiv5629115408MsoNormal\" style=\"text-align: center;\" align=\"center\">Los Teleproyectores en las redes virtuales de aprendizaje, las gestiones de apoyo a la docencia y el desarrollo de competencias de comunicaci\u00f3n para el Siglo XXI<\/p>\n<p class=\"x_ydp2af13059yiv5629115408MsoNormal\" style=\"text-align: center;\" align=\"center\">Dra. Enid Figueroa Roque<\/p>\n<p class=\"x_ydp2af13059yiv5629115408MsoNormal\" style=\"text-align: center;\" align=\"center\">Fecha: 7 de diciembre de 2023 a las 1:00pm<\/p>\n<p class=\"x_ydp2af13059yiv5629115408MsoNormal\" style=\"text-align: center;\" align=\"center\">Join Zoom Meeting<\/p>\n<p style=\"text-align: center;\">https:\/\/us02web.zoom.us\/j\/87341635436?pwd=WS9UUFpDSGZOU3dvZk1EdW9TNGc3Zz09<\/p>\n<p style=\"text-align: center;\">Meeting ID: 837 4163 5436<\/p>\n<p style=\"text-align: center;\">Passcode: 010550<\/p>\n<p class=\"x_ydp2af13059yiv5629115408MsoNormal\" align=\"center\">_____________________________________________________<\/p>\n<p style=\"text-align: center;\"><strong><span style=\"color: #008000;\">Defensa\u00a0de disertaci\u00f3n<\/span><br \/>\n<\/strong><\/p>\n<p style=\"text-align: center;\">Wilma I. Suazo Andreu<\/p>\n<p style=\"text-align: center;\">\u00c1rea de\u00a0Curr\u00edculo y Ense\u00f1anza, Tecnolog\u00eda del Aprendizaje<\/p>\n<p class=\"x_ydp2af13059yiv5629115408MsoNormal\" style=\"text-align: center;\" align=\"center\">Perspectiva de los maestros que utilizan el juego digital como recurso educativo: Un estudio de caso<\/p>\n<p class=\"x_ydp2af13059yiv5629115408MsoNormal\" style=\"text-align: center;\" align=\"center\">Dra. Carmen Pacheco Sepulveda<\/p>\n<p class=\"x_ydp2af13059yiv5629115408MsoNormal\" style=\"text-align: center;\" align=\"center\">Fecha: 6 de diciembre de 2023 a las 4:00pm<\/p>\n<p class=\"x_ydp2af13059yiv5629115408MsoNormal\" style=\"text-align: center;\" align=\"center\">Microsoft Teams meeting<\/p>\n<p style=\"text-align: center;\">Meeting ID: 261 691 568 194<\/p>\n<p style=\"text-align: center;\">Passcode: VXkvvD<\/p>\n<p class=\"x_ydp2af13059yiv5629115408MsoNormal\" align=\"center\">_____________________________________________________<\/p>\n<p style=\"text-align: center;\"><strong><span style=\"color: #0000ff;\">Presentaci\u00f3n de propuesta de disertaci\u00f3n<\/span><\/strong><\/p>\n<p style=\"text-align: center;\">Annelis Rivera M\u00e1rquez<\/p>\n<p style=\"text-align: center;\">\u00c1rea de Curr\u00edculo y Ense\u00f1anza, Sub-especialidad en Tecnolog\u00eda del Aprendizaje<\/p>\n<p style=\"text-align: center;\">Percepciones de futuros maestros de las aplicaciones m\u00f3viles en el proceso de ense\u00f1anza-aprendizaje<\/p>\n<p class=\"x_ydp2af13059yiv5629115408MsoNormal\" style=\"text-align: center;\" align=\"center\">Dr. Victor E. Bonilla<\/p>\n<p class=\"x_ydp2af13059yiv5629115408MsoNormal\" style=\"text-align: center;\" align=\"center\">Fecha: 6 de diciembre de 2023 a las 3:00pm<\/p>\n<p class=\"x_ydp2af13059yiv5629115408MsoNormal\" style=\"text-align: center;\" align=\"center\">Join Zoom Meeting<\/p>\n<p style=\"text-align: center;\">https:\/\/us02web.zoom.us\/j\/89342907357?pwd=bjVQTWRPclk0WGhOQm1ya0hqdHp2dz09&#038;from=addon<\/p>\n<p style=\"text-align: center;\">Meeting ID: 893 4290 7357<\/p>\n<p style=\"text-align: center;\">Passcode: 501782<\/p>\n<p class=\"x_ydp2af13059yiv5629115408MsoNormal\" align=\"center\">_____________________________________________________<\/p>\n<p style=\"text-align: center;\"><strong><span style=\"color: #008000;\">Defensa\u00a0de disertaci\u00f3n<\/span><br \/>\n<\/strong><\/p>\n<p style=\"text-align: center;\">Rub\u00e9n A. Ocasio D\u00edaz<\/p>\n<p style=\"text-align: center;\">\u00c1rea de\u00a0Curr\u00edculo y Ense\u00f1anza, Sub-especialidad Tecnolog\u00eda del Aprendizaje<\/p>\n<p class=\"x_ydp2af13059yiv5629115408MsoNormal\" style=\"text-align: center;\" align=\"center\">El cambio de la educaci\u00f3n presencial a la virtual en el contexto de la emergencia ocasionada por la pandemia: Estudio de caso de un centro preescolar en Puerto Rico<\/p>\n<p class=\"x_ydp2af13059yiv5629115408MsoNormal\" style=\"text-align: center;\" align=\"center\">Dra. Enid Figueroa Roque<\/p>\n<p class=\"x_ydp2af13059yiv5629115408MsoNormal\" style=\"text-align: center;\" align=\"center\">Fecha: 6 de diciembre de 2023 a las 2:30pm<\/p>\n<p class=\"x_ydp2af13059yiv5629115408MsoNormal\" style=\"text-align: center;\" align=\"center\">Join Zoom Meeting<\/p>\n<p style=\"text-align: center;\">https:\/\/us02web.zoom.us\/j\/83360820362?pwd=Y2NKR3hQZ3FTMEdNdWtDZktHYXJvZz09<\/p>\n<p style=\"text-align: center;\">Meeting ID: 833 6082 0362<\/p>\n<p style=\"text-align: center;\">Passcode: 933107<\/p>\n<p class=\"x_ydp2af13059yiv5629115408MsoNormal\" align=\"center\">_____________________________________________________<\/p>\n<p style=\"text-align: center;\"><strong><span style=\"color: #0000ff;\">Presentaci\u00f3n de propuesta de disertaci\u00f3n<\/span><br \/>\n<\/strong><\/p>\n<p style=\"text-align: center;\">Leonor M. Rivera Rosa<\/p>\n<p style=\"text-align: center;\">\u00c1rea de\u00a0Curr\u00edculo y Ense\u00f1anza, Tecnolog\u00eda del Aprendizaje<\/p>\n<p class=\"x_ydp2af13059yiv5629115408MsoNormal\" style=\"text-align: center;\" align=\"center\">La integraci\u00f3n de la simulaci\u00f3n virtual como estrategia instruccional por la facultad de un programa subgraduado de enfermer\u00eda<\/p>\n<p class=\"x_ydp2af13059yiv5629115408MsoNormal\" style=\"text-align: center;\" align=\"center\">Dr. Juan P. V\u00e1zquez<\/p>\n<p class=\"x_ydp2af13059yiv5629115408MsoNormal\" style=\"text-align: center;\" align=\"center\">Fecha: 6 de diciembre de 2023 a las 2:00pm<\/p>\n<p class=\"x_ydp2af13059yiv5629115408MsoNormal\" style=\"text-align: center;\" align=\"center\">Join Zoom Meeting<\/p>\n<p style=\"text-align: center;\">https:\/\/us02web.zoom.us\/j\/83610273144?pwd=dHBRZitYaSt2clFLRThxcnQrNVMydz09<\/p>\n<p style=\"text-align: center;\">Meeting ID: 836 1027 3144<\/p>\n<p style=\"text-align: center;\">Passcode: 016677<\/p>\n<p class=\"x_ydp2af13059yiv5629115408MsoNormal\" align=\"center\">_____________________________________________________<\/p>\n<p style=\"text-align: center;\"><strong><span style=\"color: #0000ff;\">Presentaci\u00f3n de propuesta de disertaci\u00f3n<\/span><\/strong><\/p>\n<p style=\"text-align: center;\">Jeannette Milland Vigio<\/p>\n<p style=\"text-align: center;\">\u00c1rea de Curr\u00edculo y Ense\u00f1anza, Sub-especialidad Tecnolog\u00eda del Aprendizaje<\/p>\n<p style=\"text-align: center;\">Experiencias de docentes en un curso con enfoque STEM utilizando simuladores para la ense\u00f1anza de rob\u00f3tica<\/p>\n<p class=\"x_ydp2af13059yiv5629115408MsoNormal\" style=\"text-align: center;\" align=\"center\">Dr. Victor E. Bonilla<\/p>\n<p class=\"x_ydp2af13059yiv5629115408MsoNormal\" style=\"text-align: center;\" align=\"center\">Fecha: 6 de diciembre de 2023 a las 11:00am<\/p>\n<p class=\"x_ydp2af13059yiv5629115408MsoNormal\" style=\"text-align: center;\" align=\"center\">Join Zoom Meeting<\/p>\n<p style=\"text-align: center;\">https:\/\/us02web.zoom.us\/j\/82449401513?pwd=ZzJnNHlwcDZvRFVjZ05sN1R1RUtzZz09&#038;from=addon<\/p>\n<p style=\"text-align: center;\">Meeting ID: 824 4940 1513<\/p>\n<p style=\"text-align: center;\">Passcode: 080550<\/p>\n<p class=\"x_ydp2af13059yiv5629115408MsoNormal\" align=\"center\">_____________________________________________________<\/p>\n<p style=\"text-align: center;\"><strong><span style=\"color: #0000ff;\">Presentaci\u00f3n de propuesta de disertaci\u00f3n<\/span><br \/>\n<\/strong><\/p>\n<p style=\"text-align: center;\">Aleja Quintana Mojica<\/p>\n<p style=\"text-align: center;\">\u00c1rea de Liderazgo en Organizaciones Educativas<\/p>\n<p style=\"text-align: center;\">Estrategias de los directores de escuelas para mejorar el desempe\u00f1o de los maestros Baby Boomers, X y Milenarios<\/p>\n<p class=\"x_ydp2af13059yiv5629115408MsoNormal\" style=\"text-align: center;\" align=\"center\">Dra. Alicia S. Monta\u00f1ez Garc\u00eda<\/p>\n<p class=\"x_ydp2af13059yiv5629115408MsoNormal\" style=\"text-align: center;\" align=\"center\">Fecha: 6 de diciembre de 2023 a las 10:00am<\/p>\n<p class=\"x_ydp2af13059yiv5629115408MsoNormal\" style=\"text-align: center;\" align=\"center\">Join Zoom Meeting<\/p>\n<p style=\"text-align: center;\">https:\/\/us02web.zoom.us\/j\/87020357278?pwd=SUZQbzdZQU42NGJjUU1XbG9mOG5XQT09<\/p>\n<p style=\"text-align: center;\">Meeting ID: 870 2035 7278<\/p>\n<p style=\"text-align: center;\">Passcode: 347224<\/p>\n<p class=\"x_ydp2af13059yiv5629115408MsoNormal\" align=\"center\">_____________________________________________________<\/p>\n<p style=\"text-align: center;\"><strong><span style=\"color: #0000ff;\">Presentaci\u00f3n de\u00a0propuesta de tesis<\/span><br \/>\n<\/strong><\/p>\n<p style=\"text-align: center;\">Kiara Cruz P\u00e9rez<\/p>\n<p style=\"text-align: center;\">\u00c1rea de Investigaci\u00f3n y Evaluaci\u00f3n Educativa<\/p>\n<p class=\"x_ydp2af13059yiv5629115408MsoNormal\" style=\"text-align: center;\" align=\"center\">The experiences of pre-service English teachers evaluating student learning during their virtual or hybrid teaching field experiences<\/p>\n<p class=\"x_ydp2af13059yiv5629115408MsoNormal\" style=\"text-align: center;\" align=\"center\">Dra. Mar\u00eda Medina D\u00edaz<\/p>\n<p class=\"x_ydp2af13059yiv5629115408MsoNormal\" style=\"text-align: center;\" align=\"center\">Fecha: 5 de Diciembre de 2023 a las 5:30pm<\/p>\n<p class=\"x_ydp2af13059yiv5629115408MsoNormal\" style=\"text-align: center;\" align=\"center\">Sala 570- Fac. de Educaci\u00f3n<\/p>\n<div style=\"text-align: center;\"><\/div>\n<p class=\"x_ydp2af13059yiv5629115408MsoNormal\" align=\"center\">_____________________________________________________<\/p>\n<p style=\"text-align: center;\"><strong><span style=\"color: #008000;\">Defensa\u00a0de disertaci\u00f3n<\/span><br \/>\n<\/strong><\/p>\n<p style=\"text-align: center;\">Yerelis Crespo Gin\u00e9s<\/p>\n<p style=\"text-align: center;\">\u00c1rea de\u00a0Curr\u00edculo y Ense\u00f1anza, Sub-especialidad TdA<\/p>\n<p class=\"x_ydp2af13059yiv5629115408MsoNormal\" style=\"text-align: center;\" align=\"center\">La literacidad digital de las coordinadoras de aval\u00fao de los sectores p\u00fablicos y privados: Un estudio de caso<\/p>\n<p class=\"x_ydp2af13059yiv5629115408MsoNormal\" style=\"text-align: center;\" align=\"center\">Dr. Victor E. Bonilla<\/p>\n<p class=\"x_ydp2af13059yiv5629115408MsoNormal\" style=\"text-align: center;\" align=\"center\">Fecha: 5 de diciembre de 2023 a las 1:30pm<\/p>\n<p class=\"x_ydp2af13059yiv5629115408MsoNormal\" style=\"text-align: center;\" align=\"center\">Join Zoom Meeting<\/p>\n<p style=\"text-align: center;\">https:\/\/us02web.zoom.us\/j\/89288112960?pwd=czVDaWdFVEU4SEtuTEN2L1dZWXFDQT09&#038;from=addon<\/p>\n<p style=\"text-align: center;\">Meeting ID: 892 8811 2960<\/p>\n<p style=\"text-align: center;\">Passcode: 373627<\/p>\n<p class=\"x_ydp2af13059yiv5629115408MsoNormal\" align=\"center\">_____________________________________________________<\/p>\n<p style=\"text-align: center;\"><strong><span style=\"color: #0000ff;\">Presentaci\u00f3n de propuesta de disertaci\u00f3n<\/span><br \/>\n<\/strong><\/p>\n<p style=\"text-align: center;\">Mar\u00eda E. Rosario<\/p>\n<p style=\"text-align: center;\">\u00c1rea de Liderazgo en Organizaciones Educativas<\/p>\n<p style=\"text-align: center;\">Escuelas con entornos de pobreza como espacio de inclusi\u00f3n: Nuevo paradigma para el liderazgo educativo en Puerto Rico<\/p>\n<p class=\"x_ydp2af13059yiv5629115408MsoNormal\" style=\"text-align: center;\" align=\"center\">Dr. Juan\u00a0R. Rodr\u00edguez Rivera<\/p>\n<p class=\"x_ydp2af13059yiv5629115408MsoNormal\" style=\"text-align: center;\" align=\"center\">Fecha: 5 de diciembre de 2023 a las 10:00am<\/p>\n<p class=\"x_ydp2af13059yiv5629115408MsoNormal\" style=\"text-align: center;\" align=\"center\">Join Zoom Meeting<\/p>\n<p style=\"text-align: center;\">https:\/\/us02web.zoom.us\/j\/87472760784?pwd=ZjNoMmhvVXkvSVUxRUt3WUNOUnNpQT09<\/p>\n<p style=\"text-align: center;\">Meeting ID: 874 7276 0784<\/p>\n<p style=\"text-align: center;\">Passcode: 177580<\/p>\n<p class=\"x_ydp2af13059yiv5629115408MsoNormal\" align=\"center\">_____________________________________________________<\/p>\n<p style=\"text-align: center;\"><strong><span style=\"color: #008000;\">Defensa\u00a0de disertaci\u00f3n<\/span><br \/>\n<\/strong><\/p>\n<p style=\"text-align: center;\">Adaliz Rosario Rodr\u00edguez<\/p>\n<p style=\"text-align: center;\">\u00c1rea de Curr\u00edculo y Ense\u00f1anza en Matem\u00e1ticas<\/p>\n<p class=\"x_ydp2af13059yiv5629115408MsoNormal\" style=\"text-align: center;\" align=\"center\">Percepci\u00f3n de los maestros acerca de los procesos de pensamiento de los estudiantes cuando resuelven problemas de C\u00e1lculo en la modalidad de educaci\u00f3n a distancia<\/p>\n<p class=\"x_ydp2af13059yiv5629115408MsoNormal\" style=\"text-align: center;\" align=\"center\">Dra. Ana Helvia Quintero Rivera<\/p>\n<p class=\"x_ydp2af13059yiv5629115408MsoNormal\" style=\"text-align: center;\" align=\"center\">Fecha: 4 de diciembre de 2023 a las 3:00pm<\/p>\n<p class=\"x_ydp2af13059yiv5629115408MsoNormal\" style=\"text-align: center;\" align=\"center\">Sala 570- Fac. de Educaci\u00f3n<\/p>\n<p class=\"x_ydp2af13059yiv5629115408MsoNormal\" align=\"center\">_____________________________________________________<\/p>\n<p style=\"text-align: center;\"><strong><span style=\"color: #0000ff;\">Presentaci\u00f3n de propuesta de disertaci\u00f3n<\/span><\/strong><\/p>\n<p style=\"text-align: center;\">\u00c1ngel E. P\u00e9rez Vega<\/p>\n<p style=\"text-align: center;\">\u00c1rea de Liderazgo en Organizaciones Educativas<\/p>\n<p style=\"text-align: center;\">Significados y experiencias respecto al aprendizaje y la praxis de las dimensiones del neuroliderazgo en estudiantes de internado en liderazgo educativo de una universidad p\u00fablica<\/p>\n<p class=\"x_ydp2af13059yiv5629115408MsoNormal\" style=\"text-align: center;\" align=\"center\">Dra. Maria de los \u00c1ngeles Ortiz<\/p>\n<p class=\"x_ydp2af13059yiv5629115408MsoNormal\" style=\"text-align: center;\" align=\"center\">Fecha: 4 de diciembre de 2023 a las 1:00pm<\/p>\n<p class=\"x_ydp2af13059yiv5629115408MsoNormal\" style=\"text-align: center;\" align=\"center\">Join Zoom Meeting<\/p>\n<p style=\"text-align: center;\">https:\/\/us02web.zoom.us\/j\/89824631207?pwd=cGtwTlBFYXhCd09SZWM0RzBJaWx1UT09<\/p>\n<p style=\"text-align: center;\">Meeting ID: 898 2463 1207<\/p>\n<p style=\"text-align: center;\">Passcode: 295507<\/p>\n<p class=\"x_ydp2af13059yiv5629115408MsoNormal\" align=\"center\">_____________________________________________________<\/p>\n<p style=\"text-align: center;\"><strong><span style=\"color: #008000;\">Defensa\u00a0de disertaci\u00f3n<\/span><br \/>\n<\/strong><\/p>\n<p style=\"text-align: center;\">Ivette Irizarry Santiago<\/p>\n<p style=\"text-align: center;\">\u00c1rea de Liderazgo en Organizaciones Educativas<\/p>\n<p class=\"x_ydp2af13059yiv5629115408MsoNormal\" style=\"text-align: center;\" align=\"center\">Liderazgo y poder de una mujer en escenarios dominados por hombres: Una historia de vida<\/p>\n<p class=\"x_ydp2af13059yiv5629115408MsoNormal\" style=\"text-align: center;\" align=\"center\">Dra. Alicia S. Monta\u00f1ez Garc\u00eda<\/p>\n<p class=\"x_ydp2af13059yiv5629115408MsoNormal\" style=\"text-align: center;\" align=\"center\">Fecha: 1 de diciembre de 2023 a las 10:30am<\/p>\n<p class=\"x_ydp2af13059yiv5629115408MsoNormal\" style=\"text-align: center;\" align=\"center\">Sala 570- Fac. de Educaci\u00f3n<\/p>\n<p class=\"x_ydp2af13059yiv5629115408MsoNormal\" align=\"center\">_____________________________________________________<\/p>\n<p><span style=\"color: #ff0000;\"><strong>noviembre 2023<\/strong><\/span><\/p>\n<p style=\"text-align: center;\"><strong><span style=\"color: #0000ff;\">Presentaci\u00f3n de propuesta de disertaci\u00f3n<\/span><br \/>\n<\/strong><\/p>\n<p style=\"text-align: center;\">Dafne A. Jim\u00e9nez Tirado<\/p>\n<p style=\"text-align: center;\">\u00c1rea de Liderazgo en Organizaciones Educativas<\/p>\n<p class=\"x_ydp2af13059yiv5629115408MsoNormal\" style=\"text-align: center;\" align=\"center\">Estrategias para una cultura inclusiva en las escuelas especializadas &#8211; Magneto ocupacional de Bellas Artes de San Juan<\/p>\n<p class=\"x_ydp2af13059yiv5629115408MsoNormal\" style=\"text-align: center;\" align=\"center\">Dra. Alicia S. Monta\u00f1ez<\/p>\n<p class=\"x_ydp2af13059yiv5629115408MsoNormal\" style=\"text-align: center;\" align=\"center\">Fecha: 30 de noviembre de 2023 a las 4:00pm<\/p>\n<p class=\"x_ydp2af13059yiv5629115408MsoNormal\" style=\"text-align: center;\" align=\"center\">Sala 570- Fac. de Educaci\u00f3n<\/p>\n<p class=\"x_ydp2af13059yiv5629115408MsoNormal\" align=\"center\">_____________________________________________________<\/p>\n<p style=\"text-align: center;\"><strong><span style=\"color: #0000ff;\">Presentaci\u00f3n de propuesta de disertaci\u00f3n<\/span><br \/>\n<\/strong><\/p>\n<p style=\"text-align: center;\">Pur\u00edsima Centeno Alay\u00f3n<\/p>\n<p style=\"text-align: center;\">\u00c1rea de Curr\u00edculo y Ense\u00f1anza; Tecnolog\u00eda del Aprendizaje<\/p>\n<p class=\"x_ydp2af13059yiv5629115408MsoNormal\" style=\"text-align: center;\" align=\"center\">El desarrollo de destrezas de informaci\u00f3n en modalidades en l\u00ednea en la educaci\u00f3n superior<\/p>\n<p class=\"x_ydp2af13059yiv5629115408MsoNormal\" style=\"text-align: center;\" align=\"center\">Dr. Juan Pablo V\u00e1zquez<\/p>\n<p class=\"x_ydp2af13059yiv5629115408MsoNormal\" style=\"text-align: center;\" align=\"center\">Fecha: 28 de noviembre de 2023 a las 11:00am<\/p>\n<p class=\"x_ydp2af13059yiv5629115408MsoNormal\" style=\"text-align: center;\" align=\"center\">Join Zoom Meeting<\/p>\n<p style=\"text-align: center;\">https:\/\/us02web.zoom.us\/j\/82536288540?pwd=S1pJRHZUVUNtTXQzenVyS1ZRQkJ3QT09<\/p>\n<p style=\"text-align: center;\">Meeting ID: 825 3628 8540<\/p>\n<p style=\"text-align: center;\">Passcode: 406657<\/p>\n<p class=\"x_ydp2af13059yiv5629115408MsoNormal\" align=\"center\">_____________________________________________________<\/p>\n<p style=\"text-align: center;\"><strong><span style=\"color: #0000ff;\">Presentaci\u00f3n de propuesta de disertaci\u00f3n<\/span><\/strong><\/p>\n<p style=\"text-align: center;\">Yazm\u00edn M\u00e9ndez Bonet<\/p>\n<p style=\"text-align: center;\">\u00c1rea de\u00a0Curr\u00edculo y Ense\u00f1anza; Tecnolog\u00eda de la Ense\u00f1anza<\/p>\n<p class=\"x_ydp2af13059yiv5629115408MsoNormal\" style=\"text-align: center;\" align=\"center\">El desarrollo de destrezas de alfabetizaci\u00f3n digital en las familias para el apoyo en la realizaci\u00f3n de tareas escolares que requieren el uso de las TIC<\/p>\n<p class=\"x_ydp2af13059yiv5629115408MsoNormal\" style=\"text-align: center;\" align=\"center\">Dr. Juan Pablo V\u00e1zquez<\/p>\n<p class=\"x_ydp2af13059yiv5629115408MsoNormal\" style=\"text-align: center;\" align=\"center\">Fecha: 22 de noviembre de 2023 a las 3:30pm<\/p>\n<p class=\"x_ydp2af13059yiv5629115408MsoNormal\" style=\"text-align: center;\" align=\"center\">Join Zoom Meeting<\/p>\n<p style=\"text-align: center;\">https:\/\/us02web.zoom.us\/j\/86867100354?pwd=eTZ0TjRNRE9icnBpVzVRcnpqYmdWZz09<\/p>\n<p style=\"text-align: center;\">Meeting ID: 868 6710 0354<\/p>\n<p style=\"text-align: center;\">Passcode: 567613<\/p>\n<p class=\"x_ydp2af13059yiv5629115408MsoNormal\" style=\"text-align: center;\" align=\"center\">_____________________________________________________<\/p>\n<p style=\"text-align: center;\"><strong><span style=\"color: #0000ff;\">Presentaci\u00f3n de propuesta de disertaci\u00f3n<\/span><br \/>\n<\/strong><\/p>\n<p style=\"text-align: center;\">Evelyn V\u00e1zquez Matos<\/p>\n<p style=\"text-align: center;\">\u00c1rea de\u00a0Orientaci\u00f3n y Consejer\u00eda<\/p>\n<p class=\"x_ydp2af13059yiv5629115408MsoNormal\" style=\"text-align: center;\" align=\"center\">Los servicios de consejer\u00eda en una instituci\u00f3n de educaci\u00f3n postsecundaria y su contribuci\u00f3n a la persistencia del estudiante universitario: Estudio de Caso<\/p>\n<p class=\"x_ydp2af13059yiv5629115408MsoNormal\" style=\"text-align: center;\" align=\"center\">Dr. Ariel Agosto Cepeda<\/p>\n<p class=\"x_ydp2af13059yiv5629115408MsoNormal\" style=\"text-align: center;\" align=\"center\">Fecha: 14 de noviembre de 2023 a las 5:30pm<\/p>\n<p class=\"x_ydp2af13059yiv5629115408MsoNormal\" style=\"text-align: center;\" align=\"center\">Join Zoom Meeting<\/p>\n<p style=\"text-align: center;\">https:\/\/us02web.zoom.us\/j\/81321465703?pwd=aXlBcjY1QVNlK2NHdDB6SmpXRFN1dz09<\/p>\n<p style=\"text-align: center;\">Meeting ID: 813 2146 5703<\/p>\n<p style=\"text-align: center;\">Passcode: 230108<\/p>\n<p class=\"x_ydp2af13059yiv5629115408MsoNormal\" style=\"text-align: center;\" align=\"center\">_____________________________________________________<\/p>\n<p style=\"text-align: center;\"><strong><span style=\"color: #0000ff;\">Presentaci\u00f3n de propuesta de disertaci\u00f3n<\/span><\/strong><\/p>\n<p style=\"text-align: center;\">An\u00edbal L\u00f3pez Correa<\/p>\n<p style=\"text-align: center;\">\u00c1rea de Curr\u00edculo y Ense\u00f1anza TDEC<\/p>\n<p class=\"x_ydp2af13059yiv5629115408MsoNormal\" style=\"text-align: center;\" align=\"center\">Abordaje de m\u00e9todos mixtos ante crisis educativas: Tejiendo redes entre la miner\u00eda de datos educativos y las voces estudiantiles universitarias<\/p>\n<p class=\"x_ydp2af13059yiv5629115408MsoNormal\" style=\"text-align: center;\" align=\"center\">Dra. Claudia \u00c1lvarez<\/p>\n<p class=\"x_ydp2af13059yiv5629115408MsoNormal\" style=\"text-align: center;\" align=\"center\">Fecha: 13 de noviembre de 2023 a las\u00a03:00pm<\/p>\n<p class=\"x_ydp2af13059yiv5629115408MsoNormal\" style=\"text-align: center;\" align=\"center\">Sala 570- Fac. de Educaci\u00f3n<\/p>\n<p class=\"x_ydp2af13059yiv5629115408MsoNormal\" style=\"text-align: center;\" align=\"center\">_____________________________________________________<\/p>\n<p style=\"text-align: center;\"><strong><span style=\"color: #0000ff;\">Presentaci\u00f3n de\u00a0proyecto de tesis<\/span><br \/>\n<\/strong><\/p>\n<p style=\"text-align: center;\">Melanie M. Monta\u00f1ez Santana<\/p>\n<p style=\"text-align: center;\">\u00c1rea de\u00a0Orientaci\u00f3n y Consejer\u00eda<\/p>\n<p class=\"x_ydp2af13059yiv5629115408MsoNormal\" style=\"text-align: center;\" align=\"center\">AEl videojuego &#8220;GRIS&#8221; como recurso terape\u00fatico para facilitar el duelo en j\u00f3venes adultos: Un manual de capacitaci\u00f3n para los consejeros profesionales<\/p>\n<p class=\"x_ydp2af13059yiv5629115408MsoNormal\" style=\"text-align: center;\" align=\"center\">Dra. Marta Rodr\u00edguez Col\u00f3n<\/p>\n<p class=\"x_ydp2af13059yiv5629115408MsoNormal\" style=\"text-align: center;\" align=\"center\">Fecha: 7 de noviembre de 2023 a las 2:30pm<\/p>\n<div style=\"text-align: center;\">Join Zoom Meeting<\/div>\n<div style=\"text-align: center;\">https:\/\/us02web.zoom.us\/j\/84199507624?pwd=RSt1L2svMVZuSVllcXZHZXcwTy9OUT09<\/div>\n<div style=\"text-align: center;\"><\/div>\n<div style=\"text-align: center;\">Meeting ID: 841 9950 7624<\/div>\n<div style=\"text-align: center;\">Passcode: 539498<\/div>\n<p class=\"x_ydp2af13059yiv5629115408MsoNormal\" align=\"center\">_____________________________________________________<\/p>\n<p style=\"text-align: center;\"><strong><span style=\"color: #008000;\">Defensa\u00a0de disertaci\u00f3n<\/span><br \/>\n<\/strong><\/p>\n<p style=\"text-align: center;\">Eliud Gerena L\u00f3pez<\/p>\n<p style=\"text-align: center;\">\u00c1rea de\u00a0Curr\u00edculo y Ense\u00f1anza<\/p>\n<p class=\"x_ydp2af13059yiv5629115408MsoNormal\" style=\"text-align: center;\" align=\"center\">La planificaci\u00f3n de iniciativas de integraci\u00f3n de tecnolog\u00edas en la educaci\u00f3n: Una investigaci\u00f3n hist\u00f3rica<\/p>\n<p class=\"x_ydp2af13059yiv5629115408MsoNormal\" style=\"text-align: center;\" align=\"center\">Dr. Joseph Carroll Miranda<\/p>\n<p class=\"x_ydp2af13059yiv5629115408MsoNormal\" style=\"text-align: center;\" align=\"center\">Fecha: 6 de noviembre de 2023 a las 8:00am<\/p>\n<p class=\"x_ydp2af13059yiv5629115408MsoNormal\" style=\"text-align: center;\" align=\"center\">Sala 570- Fac. de Educaci\u00f3n<\/p>\n<p class=\"x_ydp2af13059yiv5629115408MsoNormal\" style=\"text-align: center;\" align=\"center\">_____________________________________________________<\/p>\n<p style=\"text-align: center;\"><strong><span style=\"color: #008000;\">Defensa\u00a0de disertaci\u00f3n<\/span><br \/>\n<\/strong><\/p>\n<p style=\"text-align: center;\">Ivelisse D\u00e1vila Rivera<\/p>\n<p style=\"text-align: center;\">\u00c1rea de Liderazgo en Organizaciones Educativas<\/p>\n<p class=\"x_ydp2af13059yiv5629115408MsoNormal\" style=\"text-align: center;\" align=\"center\">La planificaci\u00f3n como instrumento para lograr el cambio y la innovaci\u00f3n educativa: Un estudio cualitativo exploratorio<\/p>\n<p class=\"x_ydp2af13059yiv5629115408MsoNormal\" style=\"text-align: center;\" align=\"center\">Dr. Juan Pablo V\u00e1zquez P\u00e9rez<\/p>\n<p class=\"x_ydp2af13059yiv5629115408MsoNormal\" style=\"text-align: center;\" align=\"center\">Fecha: 2 de noviembre de 2023 a las\u00a03:00pm<\/p>\n<p class=\"x_ydp2af13059yiv5629115408MsoNormal\" style=\"text-align: center;\" align=\"center\">Sala 570- Fac. de Educaci\u00f3n<\/p>\n<p class=\"x_ydp2af13059yiv5629115408MsoNormal\" style=\"text-align: center;\" align=\"center\">_____________________________________________________<\/p>\n<p style=\"text-align: center;\"><span style=\"color: #99cc00;\"><strong><span style=\"color: #0000ff;\">Presentaci\u00f3n de propuesta de disertaci\u00f3n<\/span><br \/>\n<\/strong><\/span><\/p>\n<p style=\"text-align: center;\">Mabel Cruz Alequ\u00edn<\/p>\n<p style=\"text-align: center;\">\u00c1rea de Curr\u00edculo Y Ense\u00f1anza- TDEC<\/p>\n<p class=\"x_ydp2af13059yiv5629115408MsoNormal\" align=\"center\">Jornada pedag\u00f3gica: Explorando la cuidad como escenario y recurso educativo junto a una maestra y sus estudiantes<\/p>\n<p class=\"x_ydp2af13059yiv5629115408MsoNormal\" align=\"center\">Dra. Gladys Capella Noya<\/p>\n<p class=\"x_ydp2af13059yiv5629115408MsoNormal\" align=\"center\">Fecha: 13 de noviembre de 2023 a las 11:00 a<span style=\"text-decoration: underline;\"><span lang=\"ES-PR\">m<\/span><\/span><\/p>\n<p class=\"x_ydp2af13059yiv5629115408MsoNormal\" align=\"center\">Sala 368- Fac. de Educaci\u00f3n<\/p>\n<p class=\"x_ydp2af13059yiv5629115408MsoNormal\" align=\"center\">_____________________________________________<\/p>\n<p style=\"text-align: center;\"><span style=\"color: #99cc00;\"><strong><span style=\"color: #0000ff;\">Presentaci\u00f3n de propuesta proyecto creativo<\/span><br \/>\n<\/strong><\/span><\/p>\n<p style=\"text-align: center;\"><u>Xiomara Gonz\u00e1lez Gonz\u00e1lez <\/u><\/p>\n<p style=\"text-align: center;\">\u00c1rea de Orientaci\u00f3n y Consejer\u00eda<\/p>\n<p class=\"x_ydp2af13059yiv5629115408MsoNormal\" align=\"center\"><strong>Reconocimiento y manejo del burnout en pastores desde la perspectiva de la consejer\u00eda<\/strong><\/p>\n<p class=\"x_ydp2af13059yiv5629115408MsoNormal\" align=\"center\">Dra.\u00a0Carmen Rosado<\/p>\n<p class=\"x_ydp2af13059yiv5629115408MsoNormal\" align=\"center\">Fecha: 7 de noviembre de 2023 a las 2<span style=\"text-decoration: underline;\"><span lang=\"ES-PR\">:30 pm<\/span><\/span><\/p>\n<p class=\"x_ydp2af13059yiv5629115408MsoNormal\" align=\"center\">Virtual:\u00a0https:\/\/meet.google.com\/hgn-rhxq-vvp?hs=224<\/p>\n<p class=\"x_ydp2af13059yiv5629115408MsoNormal\" align=\"center\">________________________________________________<\/p>\n<p><span style=\"color: #ff0000;\"><strong>octubre 2023<\/strong><\/span><\/p>\n<p style=\"text-align: center;\"><span style=\"color: #99cc00;\"><strong><span style=\"color: #0000ff;\">Presentaci\u00f3n de propuesta de disertaci\u00f3n<\/span><br \/>\n<\/strong><\/span><\/p>\n<p style=\"text-align: center;\">Gregorio V\u00e1zquez M\u00e9ndez<\/p>\n<p style=\"text-align: center;\">\u00c1rea de Curr\u00edculo Y Ense\u00f1anza- Espa\u00f1ol<\/p>\n<p class=\"x_ydp2af13059yiv5629115408MsoNormal\" align=\"center\">El conocimiento ling\u00fc\u00edstico-pedag\u00f3gico de los maestros de espa\u00f1ol acerca de las habilidades ling\u00fc\u00edsticas<\/p>\n<p class=\"x_ydp2af13059yiv5629115408MsoNormal\" align=\"center\">de sus estudiantes biling\u00fces en escuelas puertorrique\u00f1as de inmersi\u00f3n del ingl\u00e9s: un estudio mixto<\/p>\n<p class=\"x_ydp2af13059yiv5629115408MsoNormal\" align=\"center\">Dra. Rosa Guzzardo<\/p>\n<p class=\"x_ydp2af13059yiv5629115408MsoNormal\" align=\"center\">Fecha: 31 de octubre de 2023 a las 4:00 p<span style=\"text-decoration: underline;\"><span lang=\"ES-PR\">m<\/span><\/span><\/p>\n<p class=\"x_ydp2af13059yiv5629115408MsoNormal\" align=\"center\">Sala 206- Fac. de Educaci\u00f3n<\/p>\n<p class=\"x_ydp2af13059yiv5629115408MsoNormal\" align=\"center\">_____________________________________________________________________________________________<\/p>\n<p style=\"text-align: center;\"><span style=\"color: #99cc00;\"><strong><span style=\"color: #339966;\">Defensa\u00a0 de Proyecto Creativo<\/span><br \/>\n<\/strong><\/span><\/p>\n<p style=\"text-align: center;\">Rebecca C. Santiago Salcedo<\/p>\n<p style=\"text-align: center;\">\u00c1rea de Orientaci\u00f3n y Consejer\u00eda<\/p>\n<p class=\"x_ydp2af13059yiv5629115408MsoNormal\" align=\"center\"><strong>Al contacto con la naturaleza, un camino para el bienestar: Manual de adiestramiento en EcoWellness para consejeros escolares<\/strong><\/p>\n<p class=\"x_ydp2af13059yiv5629115408MsoNormal\" align=\"center\">Dra.\u00a0Carmen Rosado<\/p>\n<p class=\"x_ydp2af13059yiv5629115408MsoNormal\" align=\"center\">Fecha: 19 de octubre de 2023 a las 9<span style=\"text-decoration: underline;\"><span lang=\"ES-PR\">:30 am<\/span><\/span><\/p>\n<p class=\"x_ydp2af13059yiv5629115408MsoNormal\" align=\"center\">Sala 314- Fac. de Educaci\u00f3n<\/p>\n<p class=\"x_ydp2af13059yiv5629115408MsoNormal\" align=\"center\">________________________________________________<\/p>\n<p style=\"text-align: center;\">Ver listado de defensas de 2019 a 2023<\/p>\n","protected":false},"excerpt":{"rendered":"<p>Invitaci\u00f3n al p\u00fablico en general de defensas de propuestas y trabajos finales de tesis, proyectos y disertaciones de la Facultad de Educaci\u00f3n UPRRP MAYO 2026 Defensa de disertaci\u00f3n Francia Cabrera Pi\u00f1a \u00c1rea de Curr\u00edculo y Ense\u00f1anza &#8211; Tecnolog\u00eda del Aprendizaje &hellip; <a href=\"https:\/\/ege.uprrp.edu\/?page_id=5545\">Continue reading <span class=\"meta-nav\">&rarr;<\/span><\/a><\/p>\n","protected":false},"author":2,"featured_media":0,"parent":0,"menu_order":0,"comment_status":"closed","ping_status":"closed","template":"","meta":{"footnotes":""},"class_list":["post-5545","page","type-page","status-publish","hentry"],"jetpack_sharing_enabled":true,"jetpack_shortlink":"https:\/\/wp.me\/PdrNFQ-1rr","_links":{"self":[{"href":"https:\/\/ege.uprrp.edu\/index.php?rest_route=\/wp\/v2\/pages\/5545","targetHints":{"allow":["GET"]}}],"collection":[{"href":"https:\/\/ege.uprrp.edu\/index.php?rest_route=\/wp\/v2\/pages"}],"about":[{"href":"https:\/\/ege.uprrp.edu\/index.php?rest_route=\/wp\/v2\/types\/page"}],"author":[{"embeddable":true,"href":"https:\/\/ege.uprrp.edu\/index.php?rest_route=\/wp\/v2\/users\/2"}],"replies":[{"embeddable":true,"href":"https:\/\/ege.uprrp.edu\/index.php?rest_route=%2Fwp%2Fv2%2Fcomments&post=5545"}],"version-history":[{"count":471,"href":"https:\/\/ege.uprrp.edu\/index.php?rest_route=\/wp\/v2\/pages\/5545\/revisions"}],"predecessor-version":[{"id":8708,"href":"https:\/\/ege.uprrp.edu\/index.php?rest_route=\/wp\/v2\/pages\/5545\/revisions\/8708"}],"wp:attachment":[{"href":"https:\/\/ege.uprrp.edu\/index.php?rest_route=%2Fwp%2Fv2%2Fmedia&parent=5545"}],"curies":[{"name":"wp","href":"https:\/\/api.w.org\/{rel}","templated":true}]}}